{"id":10090,"date":"2026-04-15T13:49:30","date_gmt":"2026-04-15T11:49:30","guid":{"rendered":"https:\/\/teszt.s152.mediacenter.hu\/egyuttfejlodunk\/?page_id=10090"},"modified":"2026-06-12T12:32:07","modified_gmt":"2026-06-12T10:32:07","slug":"top-top-plusz","status":"publish","type":"page","link":"https:\/\/egyuttfejlodunk.hu\/?page_id=10090","title":{"rendered":"TOP &#8211; VEKOP &#8211; TOP Plusz"},"content":{"rendered":"\t\t<div data-elementor-type=\"wp-page\" data-elementor-id=\"10090\" class=\"elementor elementor-10090\" data-elementor-post-type=\"page\">\n\t\t\t\t<div class=\"elementor-element elementor-element-e04b32a e-flex e-con-boxed e-con e-parent\" data-id=\"e04b32a\" data-element_type=\"container\" data-e-type=\"container\" data-settings=\"{&quot;background_background&quot;:&quot;gradient&quot;}\">\n\t\t\t\t\t<div class=\"e-con-inner\">\n\t\t\t\t<div class=\"elementor-element elementor-element-ed2dcc0 elementor-widget elementor-widget-heading\" data-id=\"ed2dcc0\" data-element_type=\"widget\" data-e-type=\"widget\" data-widget_type=\"heading.default\">\n\t\t\t\t\t<h2 class=\"elementor-heading-title elementor-size-default\">TOP &#8211; VEKOP &#8211; TOP Plusz<\/h2>\t\t\t\t<\/div>\n\t\t\t\t\t<\/div>\n\t\t\t\t<\/div>\n\t\t<div class=\"elementor-element elementor-element-63f7d91d e-flex e-con-boxed e-con e-parent\" data-id=\"63f7d91d\" data-element_type=\"container\" data-e-type=\"container\">\n\t\t\t\t\t<div class=\"e-con-inner\">\n\t\t\t\t<div class=\"elementor-element elementor-element-466c50b3 elementor-grid-3 elementor-grid-tablet-2 elementor-grid-mobile-1 elementor-posts--thumbnail-top elementor-card-shadow-yes elementor-posts__hover-gradient elementor-widget elementor-widget-posts\" data-id=\"466c50b3\" data-element_type=\"widget\" data-e-type=\"widget\" data-settings=\"{&quot;pagination_type&quot;:&quot;numbers&quot;,&quot;cards_columns&quot;:&quot;3&quot;,&quot;cards_columns_tablet&quot;:&quot;2&quot;,&quot;cards_columns_mobile&quot;:&quot;1&quot;,&quot;cards_row_gap&quot;:{&quot;unit&quot;:&quot;px&quot;,&quot;size&quot;:35,&quot;sizes&quot;:[]},&quot;cards_row_gap_tablet&quot;:{&quot;unit&quot;:&quot;px&quot;,&quot;size&quot;:&quot;&quot;,&quot;sizes&quot;:[]},&quot;cards_row_gap_mobile&quot;:{&quot;unit&quot;:&quot;px&quot;,&quot;size&quot;:&quot;&quot;,&quot;sizes&quot;:[]}}\" data-widget_type=\"posts.cards\">\n\t\t\t\t<div class=\"elementor-widget-container\">\n\t\t\t\t\t\t\t<div class=\"elementor-posts-container elementor-posts elementor-posts--skin-cards elementor-grid\" role=\"list\">\n\t\t\t\t<article class=\"elementor-post elementor-grid-item post-12202 post type-post status-publish format-standard has-post-thumbnail hentry category-top-hu tag-eselyteremtes tag-fejlesztes tag-gondoskodo-tarsadalom megye-tolna-megye\" role=\"listitem\">\n\t\t\t<div class=\"elementor-post__card\">\n\t\t\t\t<a class=\"elementor-post__thumbnail__link\" href=\"https:\/\/egyuttfejlodunk.hu\/?p=12202\" tabindex=\"-1\" ><div class=\"elementor-post__thumbnail\"><img fetchpriority=\"high\" decoding=\"async\" width=\"640\" height=\"231\" src=\"https:\/\/egyuttfejlodunk.hu\/wp-content\/uploads\/2026\/08\/DSC_0020-1-640x231.jpg\" class=\"attachment-medium size-medium wp-image-12232\" alt=\"\" srcset=\"https:\/\/egyuttfejlodunk.hu\/wp-content\/uploads\/2026\/08\/DSC_0020-1-640x231.jpg 640w, https:\/\/egyuttfejlodunk.hu\/wp-content\/uploads\/2026\/08\/DSC_0020-1-1280x462.jpg 1280w, https:\/\/egyuttfejlodunk.hu\/wp-content\/uploads\/2026\/08\/DSC_0020-1-768x277.jpg 768w, https:\/\/egyuttfejlodunk.hu\/wp-content\/uploads\/2026\/08\/DSC_0020-1-1536x554.jpg 1536w, https:\/\/egyuttfejlodunk.hu\/wp-content\/uploads\/2026\/08\/DSC_0020-1-320x116.jpg 320w, https:\/\/egyuttfejlodunk.hu\/wp-content\/uploads\/2026\/08\/DSC_0020-1.jpg 1920w\" sizes=\"(max-width: 640px) 100vw, 640px\" \/><\/div><\/a>\n\t\t\t\t<div class=\"elementor-post__badge\">Top<\/div>\n\t\t\t\t<div class=\"elementor-post__text\">\n\t\t\t\t<h3 class=\"elementor-post__title\">\n\t\t\t<a href=\"https:\/\/egyuttfejlodunk.hu\/?p=12202\" >\n\t\t\t\tMancsokkal \u00e9p\u00edtett k\u00f6z\u00f6ss\u00e9g\t\t\t<\/a>\n\t\t<\/h3>\n\t\t\t\t<div class=\"elementor-post__excerpt\">\n\t\t\t<p>Amikor a tekintet, ami p\u00e1r perccel azel\u0151tt gyanakv\u00f3n pislogott az \u00f6r\u00f6kmozg\u00f3 sz\u0151rgomb\u00f3cra, f\u00e9lelemmel vegyes bizonytalans\u00e1ggal, hogy mit is kezdjen ezzel a n\u00e9gyl\u00e1b\u00fa, gyan\u00fasan nagy sz\u00e1j\u00fa, liheg\u0151, ny\u00e1ladz\u00f3, kajla f\u00fcl\u0171 l\u00e9nnyel, de f\u0151leg a kutya mit fog kezdeni vele, t\u00e9nyleg nem b\u00e1ntja-e majd, nem akarja-e esetleg megk\u00f3stolni, megkarmolni vagy \u00f6sszepiszkolni, ez a tekintet most kisimult, ahogy a g\u00f6nd\u00f6r bund\u00e1j\u00fa, nyakigl\u00e1b m\u00f3kamester elter\u00fclt \u00e9s hemperegni kezdett el\u0151tte a f\u00f6ld\u00f6n, \u00e9s amikor a barna kutyaszemek b\u00e1tor\u00edt\u00f3an \u00f6sszekacsintottak a<\/p>\n\t\t<\/div>\n\t\t\n\t\t<a class=\"elementor-post__read-more\" href=\"https:\/\/egyuttfejlodunk.hu\/?p=12202\" aria-label=\"Read more about Mancsokkal \u00e9p\u00edtett k\u00f6z\u00f6ss\u00e9g\" tabindex=\"-1\" >\n\t\t\tElolvasom \u00bb\t\t<\/a>\n\n\t\t\t\t<\/div>\n\t\t\t\t<div class=\"elementor-post__meta-data\">\n\t\t\t\t\t<span class=\"elementor-post-date\">\n\t\t\t28.08.2026\t\t<\/span>\n\t\t\t\t<\/div>\n\t\t\t\t\t<\/div>\n\t\t<\/article>\n\t\t\t\t<article class=\"elementor-post elementor-grid-item post-12162 post type-post status-publish format-standard has-post-thumbnail hentry category-top-hu tag-gazdasagfejlesztes-hu tag-szolgaltatasfejlesztes tag-varosfejlesztes megye-komarom-esztergom-megye\" role=\"listitem\">\n\t\t\t<div class=\"elementor-post__card\">\n\t\t\t\t<a class=\"elementor-post__thumbnail__link\" href=\"https:\/\/egyuttfejlodunk.hu\/?p=12162\" tabindex=\"-1\" ><div class=\"elementor-post__thumbnail\"><img decoding=\"async\" width=\"640\" height=\"427\" src=\"https:\/\/egyuttfejlodunk.hu\/wp-content\/uploads\/2026\/08\/P1203127-640x427.jpg\" class=\"attachment-medium size-medium wp-image-12163\" alt=\"\" srcset=\"https:\/\/egyuttfejlodunk.hu\/wp-content\/uploads\/2026\/08\/P1203127-640x427.jpg 640w, https:\/\/egyuttfejlodunk.hu\/wp-content\/uploads\/2026\/08\/P1203127-1280x853.jpg 1280w, https:\/\/egyuttfejlodunk.hu\/wp-content\/uploads\/2026\/08\/P1203127-768x512.jpg 768w, https:\/\/egyuttfejlodunk.hu\/wp-content\/uploads\/2026\/08\/P1203127-1536x1024.jpg 1536w, https:\/\/egyuttfejlodunk.hu\/wp-content\/uploads\/2026\/08\/P1203127-320x213.jpg 320w, https:\/\/egyuttfejlodunk.hu\/wp-content\/uploads\/2026\/08\/P1203127-1200x800.jpg 1200w, https:\/\/egyuttfejlodunk.hu\/wp-content\/uploads\/2026\/08\/P1203127-660x440.jpg 660w, https:\/\/egyuttfejlodunk.hu\/wp-content\/uploads\/2026\/08\/P1203127-330x220.jpg 330w, https:\/\/egyuttfejlodunk.hu\/wp-content\/uploads\/2026\/08\/P1203127.jpg 1920w\" sizes=\"(max-width: 640px) 100vw, 640px\" \/><\/div><\/a>\n\t\t\t\t<div class=\"elementor-post__badge\">Top<\/div>\n\t\t\t\t<div class=\"elementor-post__text\">\n\t\t\t\t<h3 class=\"elementor-post__title\">\n\t\t\t<a href=\"https:\/\/egyuttfejlodunk.hu\/?p=12162\" >\n\t\t\t\tHelyi \u00edzek \u00e9s termel\u0151k Tata \u00faj piac\u00e1n\t\t\t<\/a>\n\t\t<\/h3>\n\t\t\t\t<div class=\"elementor-post__excerpt\">\n\t\t\t<p>A helyi term\u00e9kek, term\u00e9nyek m\u00f6g\u00f6tt szem\u00e9lyes gondoskod\u00e1s \u00e1ll. Legyen sz\u00f3 csal\u00e1di gazdas\u00e1gban feldolgozott \u00e9lelmiszerekr\u0151l, gener\u00e1ci\u00f3kon \u00e1t\u00f6r\u00f6k\u00edtett receptek alapj\u00e1n k\u00e9sz\u00edtett finoms\u00e1gokr\u00f3l, vagy \u00e9ppen a k\u00f6zeli f\u00f6ldeken megtermelt alapanyagokr\u00f3l\u2026 Tata \u00faj piaca helyet ad minden itteni \u00e9s k\u00f6rny\u00e9kbeli f\u00f6ldi j\u00f3nak. A v\u00e1rosban egy uni\u00f3s projekt t\u00e1mogatta a t\u00e9rs\u00e9gi term\u00e9kek k\u00f6zvetlen piacra jut\u00e1s\u00e1nak infrastruktur\u00e1lis h\u00e1tter\u00e9t, hiszen a c\u00e9l a helyi gazdas\u00e1g er\u0151s\u00edt\u00e9se volt: k\u00f6nnyebb\u00e9 tenni az \u00e9rt\u00e9kes\u00edt\u00e9st a termel\u0151k sz\u00e1m\u00e1ra, mik\u00f6zben a lakoss\u00e1g k\u00f6zvetlen\u00fcl juthat hozz\u00e1 a k\u00f6rny\u00e9ken<\/p>\n\t\t<\/div>\n\t\t\n\t\t<a class=\"elementor-post__read-more\" href=\"https:\/\/egyuttfejlodunk.hu\/?p=12162\" aria-label=\"Read more about Helyi \u00edzek \u00e9s termel\u0151k Tata \u00faj piac\u00e1n\" tabindex=\"-1\" >\n\t\t\tElolvasom \u00bb\t\t<\/a>\n\n\t\t\t\t<\/div>\n\t\t\t\t<div class=\"elementor-post__meta-data\">\n\t\t\t\t\t<span class=\"elementor-post-date\">\n\t\t\t21.08.2026\t\t<\/span>\n\t\t\t\t<\/div>\n\t\t\t\t\t<\/div>\n\t\t<\/article>\n\t\t\t\t<article class=\"elementor-post elementor-grid-item post-12118 post type-post status-publish format-standard has-post-thumbnail hentry category-top-hu tag-energiahatekonysag tag-telepulesfejlesztes megye-somogy-megye\" role=\"listitem\">\n\t\t\t<div class=\"elementor-post__card\">\n\t\t\t\t<a class=\"elementor-post__thumbnail__link\" href=\"https:\/\/egyuttfejlodunk.hu\/?p=12118\" tabindex=\"-1\" ><div class=\"elementor-post__thumbnail\"><img decoding=\"async\" width=\"640\" height=\"315\" src=\"https:\/\/egyuttfejlodunk.hu\/wp-content\/uploads\/2026\/08\/TOP-3.2.1-16-SO1-2017-00027Kethely-kozseg-kozepuleteinek-energetikai-korszerusitese2-640x315.jpg\" class=\"attachment-medium size-medium wp-image-12119\" alt=\"\" srcset=\"https:\/\/egyuttfejlodunk.hu\/wp-content\/uploads\/2026\/08\/TOP-3.2.1-16-SO1-2017-00027Kethely-kozseg-kozepuleteinek-energetikai-korszerusitese2-640x315.jpg 640w, https:\/\/egyuttfejlodunk.hu\/wp-content\/uploads\/2026\/08\/TOP-3.2.1-16-SO1-2017-00027Kethely-kozseg-kozepuleteinek-energetikai-korszerusitese2-1280x629.jpg 1280w, https:\/\/egyuttfejlodunk.hu\/wp-content\/uploads\/2026\/08\/TOP-3.2.1-16-SO1-2017-00027Kethely-kozseg-kozepuleteinek-energetikai-korszerusitese2-768x378.jpg 768w, https:\/\/egyuttfejlodunk.hu\/wp-content\/uploads\/2026\/08\/TOP-3.2.1-16-SO1-2017-00027Kethely-kozseg-kozepuleteinek-energetikai-korszerusitese2-1536x755.jpg 1536w, https:\/\/egyuttfejlodunk.hu\/wp-content\/uploads\/2026\/08\/TOP-3.2.1-16-SO1-2017-00027Kethely-kozseg-kozepuleteinek-energetikai-korszerusitese2-320x157.jpg 320w, https:\/\/egyuttfejlodunk.hu\/wp-content\/uploads\/2026\/08\/TOP-3.2.1-16-SO1-2017-00027Kethely-kozseg-kozepuleteinek-energetikai-korszerusitese2.jpg 1920w\" sizes=\"(max-width: 640px) 100vw, 640px\" \/><\/div><\/a>\n\t\t\t\t<div class=\"elementor-post__badge\">Top<\/div>\n\t\t\t\t<div class=\"elementor-post__text\">\n\t\t\t\t<h3 class=\"elementor-post__title\">\n\t\t\t<a href=\"https:\/\/egyuttfejlodunk.hu\/?p=12118\" >\n\t\t\t\tKorszer\u0171bb iskola \u00e9s hivatal a mindennapok szolg\u00e1lat\u00e1ban\t\t\t<\/a>\n\t\t<\/h3>\n\t\t\t\t<div class=\"elementor-post__excerpt\">\n\t\t\t<p>Egy-egy telep\u00fcl\u00e9s mindennapi \u00e9let\u00e9nek meghat\u00e1roz\u00f3 helysz\u00edne az iskola \u00e9s az \u00f6nkorm\u00e1nyzat \u00e9p\u00fclete, a lak\u00f3k z\u00f6me el\u0151bb-ut\u00f3bb valamilyen c\u00e9lb\u00f3l \u00e9s szerepben megfordul ezeken az int\u00e9zm\u00e9nyekben. Nem mindegy teh\u00e1t, milyen k\u00f6rnyezet fogadja az ott dolgoz\u00f3kat, a tanul\u00f3kat, a pedag\u00f3gusokat vagy \u00e9pp az \u00fcgyeket int\u00e9z\u0151 \u00e1llampolg\u00e1rokat. K\u00e9thely k\u00f6zs\u00e9gben a K\u00f6z\u00f6s \u00d6nkorm\u00e1nyzati Hivatal \u00e9s a Sz\u00e9chenyi Istv\u00e1n \u00c1ltal\u00e1nos Iskola energetikai korszer\u0171s\u00edt\u00e9se az\u00e9rt v\u00e1lt \u00e9get\u0151en sz\u00fcks\u00e9gess\u00e9, mert az \u00e9p\u00fcletek m\u00e1r nem feleltek meg a hat\u00e1lyos energetikai el\u0151\u00edr\u00e1soknak. Az uni\u00f3s t\u00e1mogat\u00e1ssal<\/p>\n\t\t<\/div>\n\t\t\n\t\t<a class=\"elementor-post__read-more\" href=\"https:\/\/egyuttfejlodunk.hu\/?p=12118\" aria-label=\"Read more about Korszer\u0171bb iskola \u00e9s hivatal a mindennapok szolg\u00e1lat\u00e1ban\" tabindex=\"-1\" >\n\t\t\tElolvasom \u00bb\t\t<\/a>\n\n\t\t\t\t<\/div>\n\t\t\t\t<div class=\"elementor-post__meta-data\">\n\t\t\t\t\t<span class=\"elementor-post-date\">\n\t\t\t14.08.2026\t\t<\/span>\n\t\t\t\t<\/div>\n\t\t\t\t\t<\/div>\n\t\t<\/article>\n\t\t\t\t<article class=\"elementor-post elementor-grid-item post-12096 post type-post status-publish format-standard has-post-thumbnail hentry category-top-hu tag-intezmenyfejlesztes tag-kozossegepito-beruhazas megye-hajdu-bihar-megye\" role=\"listitem\">\n\t\t\t<div class=\"elementor-post__card\">\n\t\t\t\t<a class=\"elementor-post__thumbnail__link\" href=\"https:\/\/egyuttfejlodunk.hu\/?p=12096\" tabindex=\"-1\" ><div class=\"elementor-post__thumbnail\"><img loading=\"lazy\" decoding=\"async\" width=\"640\" height=\"328\" src=\"https:\/\/egyuttfejlodunk.hu\/wp-content\/uploads\/2026\/08\/P1023629-640x328.jpg\" class=\"attachment-medium size-medium wp-image-12097\" alt=\"\" srcset=\"https:\/\/egyuttfejlodunk.hu\/wp-content\/uploads\/2026\/08\/P1023629-640x328.jpg 640w, https:\/\/egyuttfejlodunk.hu\/wp-content\/uploads\/2026\/08\/P1023629-1280x657.jpg 1280w, https:\/\/egyuttfejlodunk.hu\/wp-content\/uploads\/2026\/08\/P1023629-768x394.jpg 768w, https:\/\/egyuttfejlodunk.hu\/wp-content\/uploads\/2026\/08\/P1023629-1536x788.jpg 1536w, https:\/\/egyuttfejlodunk.hu\/wp-content\/uploads\/2026\/08\/P1023629-320x164.jpg 320w, https:\/\/egyuttfejlodunk.hu\/wp-content\/uploads\/2026\/08\/P1023629.jpg 1920w\" sizes=\"(max-width: 640px) 100vw, 640px\" \/><\/div><\/a>\n\t\t\t\t<div class=\"elementor-post__badge\">Top<\/div>\n\t\t\t\t<div class=\"elementor-post__text\">\n\t\t\t\t<h3 class=\"elementor-post__title\">\n\t\t\t<a href=\"https:\/\/egyuttfejlodunk.hu\/?p=12096\" >\n\t\t\t\tA c\u00edvis k\u00f6z\u00f6ss\u00e9gek otthona\t\t\t<\/a>\n\t\t<\/h3>\n\t\t\t\t<div class=\"elementor-post__excerpt\">\n\t\t\t<p>A Debreceni M\u0171vel\u0151d\u00e9si K\u00f6zpont \u00e9s Ifj\u00fas\u00e1gi H\u00e1z tizenk\u00e9t egys\u00e9ggel m\u0171k\u00f6dik az orsz\u00e1g m\u00e1sodik legnagyobb v\u00e1ros\u00e1ban. K\u00f6z\u00fcl\u00fck az egyik a Csap\u00f3kerti K\u00f6z\u00f6ss\u00e9gi H\u00e1z, amely 1962-ben nyitotta meg kapuit, \u00e9s az\u00f3ta t\u00f6bb gener\u00e1ci\u00f3nak jelentette a helyi k\u00f6z\u00f6ss\u00e9gi \u00e9let f\u00e9szk\u00e9t. Debrecen Megyei Jog\u00fa V\u00e1ros \u00d6nkorm\u00e1nyzata eur\u00f3pai uni\u00f3s t\u00e1mogat\u00e1ssal fizikailag \u00e9s szellemileg is \u00fajj\u00e1var\u00e1zsolta a h\u00e1zat, l\u00e9trehozva itt a Debreceniek h\u00e1z\u00e1t. A Csap\u00f3kerti K\u00f6z\u00f6ss\u00e9gi H\u00e1z m\u00e1r kor\u00e1bban is fontos szerepet t\u00f6lt\u00f6tt be a v\u00e1rosr\u00e9sz \u00e9let\u00e9ben, de az id\u0151 nyomot<\/p>\n\t\t<\/div>\n\t\t\n\t\t<a class=\"elementor-post__read-more\" href=\"https:\/\/egyuttfejlodunk.hu\/?p=12096\" aria-label=\"Read more about A c\u00edvis k\u00f6z\u00f6ss\u00e9gek otthona\" tabindex=\"-1\" >\n\t\t\tElolvasom \u00bb\t\t<\/a>\n\n\t\t\t\t<\/div>\n\t\t\t\t<div class=\"elementor-post__meta-data\">\n\t\t\t\t\t<span class=\"elementor-post-date\">\n\t\t\t10.08.2026\t\t<\/span>\n\t\t\t\t<\/div>\n\t\t\t\t\t<\/div>\n\t\t<\/article>\n\t\t\t\t<article class=\"elementor-post elementor-grid-item post-12075 post type-post status-publish format-standard has-post-thumbnail hentry category-top-hu tag-kozossegepito-beruhazas tag-telepulesfejlesztes tag-varosfejlesztes megye-hajdu-bihar-megye\" role=\"listitem\">\n\t\t\t<div class=\"elementor-post__card\">\n\t\t\t\t<a class=\"elementor-post__thumbnail__link\" href=\"https:\/\/egyuttfejlodunk.hu\/?p=12075\" tabindex=\"-1\" ><div class=\"elementor-post__thumbnail\"><img loading=\"lazy\" decoding=\"async\" width=\"640\" height=\"415\" src=\"https:\/\/egyuttfejlodunk.hu\/wp-content\/uploads\/2026\/08\/TOP-7.1.1-16-H-ERFA-2019-00099Hajduboszormeny-varoskozpontjaban-Streetball-palya-kialakitasa2-640x415.jpg\" class=\"attachment-medium size-medium wp-image-12076\" alt=\"\" srcset=\"https:\/\/egyuttfejlodunk.hu\/wp-content\/uploads\/2026\/08\/TOP-7.1.1-16-H-ERFA-2019-00099Hajduboszormeny-varoskozpontjaban-Streetball-palya-kialakitasa2-640x415.jpg 640w, https:\/\/egyuttfejlodunk.hu\/wp-content\/uploads\/2026\/08\/TOP-7.1.1-16-H-ERFA-2019-00099Hajduboszormeny-varoskozpontjaban-Streetball-palya-kialakitasa2-1280x831.jpg 1280w, https:\/\/egyuttfejlodunk.hu\/wp-content\/uploads\/2026\/08\/TOP-7.1.1-16-H-ERFA-2019-00099Hajduboszormeny-varoskozpontjaban-Streetball-palya-kialakitasa2-768x498.jpg 768w, https:\/\/egyuttfejlodunk.hu\/wp-content\/uploads\/2026\/08\/TOP-7.1.1-16-H-ERFA-2019-00099Hajduboszormeny-varoskozpontjaban-Streetball-palya-kialakitasa2-1536x997.jpg 1536w, https:\/\/egyuttfejlodunk.hu\/wp-content\/uploads\/2026\/08\/TOP-7.1.1-16-H-ERFA-2019-00099Hajduboszormeny-varoskozpontjaban-Streetball-palya-kialakitasa2-320x208.jpg 320w, https:\/\/egyuttfejlodunk.hu\/wp-content\/uploads\/2026\/08\/TOP-7.1.1-16-H-ERFA-2019-00099Hajduboszormeny-varoskozpontjaban-Streetball-palya-kialakitasa2.jpg 1920w\" sizes=\"(max-width: 640px) 100vw, 640px\" \/><\/div><\/a>\n\t\t\t\t<div class=\"elementor-post__badge\">Top<\/div>\n\t\t\t\t<div class=\"elementor-post__text\">\n\t\t\t\t<h3 class=\"elementor-post__title\">\n\t\t\t<a href=\"https:\/\/egyuttfejlodunk.hu\/?p=12075\" >\n\t\t\t\tDobj kos\u00e1rra a boltba menet!\t\t\t<\/a>\n\t\t<\/h3>\n\t\t\t\t<div class=\"elementor-post__excerpt\">\n\t\t\t<p>Hajd\u00fab\u00f6sz\u00f6rm\u00e9ny k\u00f6z\u00f6s j\u00e1t\u00e9kra invit\u00e1lja a v\u00e1ros lak\u00f3it: \u00fajra streetball p\u00e1lya l\u00e9tes\u00fclt a Bocskai Istv\u00e1n t\u00e9ren. A beruh\u00e1z\u00e1s h\u00e1tter\u00e9ben egy r\u00e9g\u00f3ta megfogalmazott helyi ig\u00e9ny \u00e1llt. A f\u0151t\u00e9r kor\u00e1bbi \u00e1talak\u00edt\u00e1sa sor\u00e1n megsz\u0171nt az a streetball p\u00e1lya, amely a fiatalok addigi kedvelt tal\u00e1lkoz\u00f3helye volt. S b\u00e1r a t\u00e9r meg\u00fajult, a k\u00f6z\u00f6ss\u00e9gi \u00e9let szempontj\u00e1b\u00f3l nagyon hi\u00e1nyzott egy olyan helysz\u00edn, amely a sportot \u00e9s a szabadid\u0151s tev\u00e9kenys\u00e9geket a mindennapok r\u00e9sz\u00e9v\u00e9 tehette volna. A fejleszt\u00e9s ezt a hi\u00e1nyt p\u00f3tolja. Uni\u00f3s forr\u00e1s<\/p>\n\t\t<\/div>\n\t\t\n\t\t<a class=\"elementor-post__read-more\" href=\"https:\/\/egyuttfejlodunk.hu\/?p=12075\" aria-label=\"Read more about Dobj kos\u00e1rra a boltba menet!\" tabindex=\"-1\" >\n\t\t\tElolvasom \u00bb\t\t<\/a>\n\n\t\t\t\t<\/div>\n\t\t\t\t<div class=\"elementor-post__meta-data\">\n\t\t\t\t\t<span class=\"elementor-post-date\">\n\t\t\t05.08.2026\t\t<\/span>\n\t\t\t\t<\/div>\n\t\t\t\t\t<\/div>\n\t\t<\/article>\n\t\t\t\t<article class=\"elementor-post elementor-grid-item post-12008 post type-post status-publish format-standard has-post-thumbnail hentry category-top-hu tag-teruletfejlesztes tag-turisztikai-fejlesztes megye-komarom-esztergom-megye\" role=\"listitem\">\n\t\t\t<div class=\"elementor-post__card\">\n\t\t\t\t<a class=\"elementor-post__thumbnail__link\" href=\"https:\/\/egyuttfejlodunk.hu\/?p=12008\" tabindex=\"-1\" ><div class=\"elementor-post__thumbnail\"><img loading=\"lazy\" decoding=\"async\" width=\"640\" height=\"340\" src=\"https:\/\/egyuttfejlodunk.hu\/wp-content\/uploads\/2026\/08\/47-640x340.jpg\" class=\"attachment-medium size-medium wp-image-12009\" alt=\"\" srcset=\"https:\/\/egyuttfejlodunk.hu\/wp-content\/uploads\/2026\/08\/47-640x340.jpg 640w, https:\/\/egyuttfejlodunk.hu\/wp-content\/uploads\/2026\/08\/47-1280x681.jpg 1280w, https:\/\/egyuttfejlodunk.hu\/wp-content\/uploads\/2026\/08\/47-768x408.jpg 768w, https:\/\/egyuttfejlodunk.hu\/wp-content\/uploads\/2026\/08\/47-1536x817.jpg 1536w, https:\/\/egyuttfejlodunk.hu\/wp-content\/uploads\/2026\/08\/47-320x170.jpg 320w, https:\/\/egyuttfejlodunk.hu\/wp-content\/uploads\/2026\/08\/47.jpg 1920w\" sizes=\"(max-width: 640px) 100vw, 640px\" \/><\/div><\/a>\n\t\t\t\t<div class=\"elementor-post__badge\">Top<\/div>\n\t\t\t\t<div class=\"elementor-post__text\">\n\t\t\t\t<h3 class=\"elementor-post__title\">\n\t\t\t<a href=\"https:\/\/egyuttfejlodunk.hu\/?p=12008\" >\n\t\t\t\tL\u00e9pj be a Gerecse kapuj\u00e1n!\t\t\t<\/a>\n\t\t<\/h3>\n\t\t\t\t<div class=\"elementor-post__excerpt\">\n\t\t\t<p>Budapestt\u0151l aut\u00f3val mind\u00f6sszesen egy \u00f3r\u00e1nyira, Tatab\u00e1nya mellett a Gerecse lank\u00e1in \u00faj k\u00f6z\u00f6ss\u00e9gi t\u00e9r v\u00e1rja az ide \u00e9rkez\u0151ket. A Turul eml\u00e9km\u0171 szomsz\u00e9ds\u00e1g\u00e1ban elhelyezked\u0151 Gerecse Kapuja L\u00e1togat\u00f3k\u00f6zpont fest\u0151i sz\u00e9ps\u00e9g\u0171 term\u00e9szeti k\u00f6rnyezete rengeteg \u00e9lm\u00e9nyt \u00edg\u00e9r, az akt\u00edv kikapcsol\u00f3d\u00e1s k\u00fcl\u00f6n\u00f6sen v\u00e1ltozatos t\u00e1rh\u00e1z\u00e1t ny\u00fajtva.&nbsp; Ez az uni\u00f3s t\u00e1mogat\u00e1ssal megval\u00f3sult fejleszt\u00e9s kiemelked\u0151 fontoss\u00e1g\u00fa Tatab\u00e1nya turisztikai szempontj\u00e1b\u00f3l, kihaszn\u00e1lva a telep\u00fcl\u00e9s elhelyezked\u00e9s\u00e9t \u00e9s term\u00e9szeti adotts\u00e1gait, valamint a Gerecse \u00e9s a V\u00e9rtes var\u00e1zs\u00e1t, a Duna k\u00f6zels\u00e9g\u00e9t, a Turul-szobor \u00e9s Szelim-barlang egyedi jelleg\u00e9t. A K\u0151-hegyen<\/p>\n\t\t<\/div>\n\t\t\n\t\t<a class=\"elementor-post__read-more\" href=\"https:\/\/egyuttfejlodunk.hu\/?p=12008\" aria-label=\"Read more about L\u00e9pj be a Gerecse kapuj\u00e1n!\" tabindex=\"-1\" >\n\t\t\tElolvasom \u00bb\t\t<\/a>\n\n\t\t\t\t<\/div>\n\t\t\t\t<div class=\"elementor-post__meta-data\">\n\t\t\t\t\t<span class=\"elementor-post-date\">\n\t\t\t29.07.2026\t\t<\/span>\n\t\t\t\t<\/div>\n\t\t\t\t\t<\/div>\n\t\t<\/article>\n\t\t\t\t<article class=\"elementor-post elementor-grid-item post-11992 post type-post status-publish format-standard has-post-thumbnail hentry category-top-hu tag-foglalkoztatas tag-gazdasagfejlesztes-hu tag-gondoskodo-tarsadalom megye-nograd-megye\" role=\"listitem\">\n\t\t\t<div class=\"elementor-post__card\">\n\t\t\t\t<a class=\"elementor-post__thumbnail__link\" href=\"https:\/\/egyuttfejlodunk.hu\/?p=11992\" tabindex=\"-1\" ><div class=\"elementor-post__thumbnail\"><img loading=\"lazy\" decoding=\"async\" width=\"640\" height=\"414\" src=\"https:\/\/egyuttfejlodunk.hu\/wp-content\/uploads\/2026\/08\/TOP-5.1.2-15-NG1-2016-00002-Nogradi-Szabad-Vallalkozasi-Zona-helyi-foglalkoztatasi-paktum2-1-640x414.jpg\" class=\"attachment-medium size-medium wp-image-11993\" alt=\"\" srcset=\"https:\/\/egyuttfejlodunk.hu\/wp-content\/uploads\/2026\/08\/TOP-5.1.2-15-NG1-2016-00002-Nogradi-Szabad-Vallalkozasi-Zona-helyi-foglalkoztatasi-paktum2-1-640x414.jpg 640w, https:\/\/egyuttfejlodunk.hu\/wp-content\/uploads\/2026\/08\/TOP-5.1.2-15-NG1-2016-00002-Nogradi-Szabad-Vallalkozasi-Zona-helyi-foglalkoztatasi-paktum2-1-1280x828.jpg 1280w, https:\/\/egyuttfejlodunk.hu\/wp-content\/uploads\/2026\/08\/TOP-5.1.2-15-NG1-2016-00002-Nogradi-Szabad-Vallalkozasi-Zona-helyi-foglalkoztatasi-paktum2-1-768x497.jpg 768w, https:\/\/egyuttfejlodunk.hu\/wp-content\/uploads\/2026\/08\/TOP-5.1.2-15-NG1-2016-00002-Nogradi-Szabad-Vallalkozasi-Zona-helyi-foglalkoztatasi-paktum2-1-1536x994.jpg 1536w, https:\/\/egyuttfejlodunk.hu\/wp-content\/uploads\/2026\/08\/TOP-5.1.2-15-NG1-2016-00002-Nogradi-Szabad-Vallalkozasi-Zona-helyi-foglalkoztatasi-paktum2-1-320x207.jpg 320w, https:\/\/egyuttfejlodunk.hu\/wp-content\/uploads\/2026\/08\/TOP-5.1.2-15-NG1-2016-00002-Nogradi-Szabad-Vallalkozasi-Zona-helyi-foglalkoztatasi-paktum2-1.jpg 1920w\" sizes=\"(max-width: 640px) 100vw, 640px\" \/><\/div><\/a>\n\t\t\t\t<div class=\"elementor-post__badge\">Top<\/div>\n\t\t\t\t<div class=\"elementor-post__text\">\n\t\t\t\t<h3 class=\"elementor-post__title\">\n\t\t\t<a href=\"https:\/\/egyuttfejlodunk.hu\/?p=11992\" >\n\t\t\t\tT\u00f6bb mint egy projekt: igaz t\u00f6rt\u00e9netek N\u00f3gr\u00e1db\u00f3l\t\t\t<\/a>\n\t\t<\/h3>\n\t\t\t\t<div class=\"elementor-post__excerpt\">\n\t\t\t<p>Egy v\u00e1llalkoz\u00e1s, amely munkat\u00e1rsat keres, egy \u00e1ll\u00e1skeres\u0151, aki meg\u00e9lhet\u00e9st. Egy t\u00e9rs\u00e9g, ahol minden \u00faj lehet\u0151s\u00e9g jelent\u0151s\u00e9ggel b\u00edr. Hi\u00e1ba, a leg\u00e9rdekesebb t\u00f6rt\u00e9netek m\u00e9g mindig az emberekr\u0151l sz\u00f3lnak. Vannak olyan szavak, amelyek, legy\u00fcnk \u0151szint\u00e9k, nem kifejezetten arra sz\u00fclettek, hogy az ember pulzusa az egekbe sz\u00f6kj\u00f6n az izgatotts\u00e1gt\u00f3l. Els\u0151 olvas\u00e1sra a \u201efoglalkoztat\u00e1si paktum\u201d sz\u00f3kapcsolat is pont ilyen, pedig, ha kicsit f\u00e9lretoljuk a projektazonos\u00edt\u00f3k, operat\u00edv programok \u00e9s c\u00e9lcsoportok vil\u00e1g\u00e1t, nagyon is konkr\u00e9t emberi t\u00f6rt\u00e9neteket rajzol\u00f3dnak ki, amelyekben a munka,<\/p>\n\t\t<\/div>\n\t\t\n\t\t<a class=\"elementor-post__read-more\" href=\"https:\/\/egyuttfejlodunk.hu\/?p=11992\" aria-label=\"Read more about T\u00f6bb mint egy projekt: igaz t\u00f6rt\u00e9netek N\u00f3gr\u00e1db\u00f3l\" tabindex=\"-1\" >\n\t\t\tElolvasom \u00bb\t\t<\/a>\n\n\t\t\t\t<\/div>\n\t\t\t\t<div class=\"elementor-post__meta-data\">\n\t\t\t\t\t<span class=\"elementor-post-date\">\n\t\t\t24.07.2026\t\t<\/span>\n\t\t\t\t<\/div>\n\t\t\t\t\t<\/div>\n\t\t<\/article>\n\t\t\t\t<article class=\"elementor-post elementor-grid-item post-11961 post type-post status-publish format-standard has-post-thumbnail hentry category-top-hu tag-infrastrukturalis-fejlesztes tag-intezmenyfejlesztes tag-turisztikai-fejlesztes tag-varosfejlesztes megye-csongrad-csanad-megye\" role=\"listitem\">\n\t\t\t<div class=\"elementor-post__card\">\n\t\t\t\t<a class=\"elementor-post__thumbnail__link\" href=\"https:\/\/egyuttfejlodunk.hu\/?p=11961\" tabindex=\"-1\" ><div class=\"elementor-post__thumbnail\"><img loading=\"lazy\" decoding=\"async\" width=\"640\" height=\"338\" src=\"https:\/\/egyuttfejlodunk.hu\/wp-content\/uploads\/2026\/08\/vagott_1.3_arc.00_04_26_17.Still003-640x338.jpg\" class=\"attachment-medium size-medium wp-image-11962\" alt=\"\" srcset=\"https:\/\/egyuttfejlodunk.hu\/wp-content\/uploads\/2026\/08\/vagott_1.3_arc.00_04_26_17.Still003-640x338.jpg 640w, https:\/\/egyuttfejlodunk.hu\/wp-content\/uploads\/2026\/08\/vagott_1.3_arc.00_04_26_17.Still003-1280x676.jpg 1280w, https:\/\/egyuttfejlodunk.hu\/wp-content\/uploads\/2026\/08\/vagott_1.3_arc.00_04_26_17.Still003-768x406.jpg 768w, https:\/\/egyuttfejlodunk.hu\/wp-content\/uploads\/2026\/08\/vagott_1.3_arc.00_04_26_17.Still003-1536x811.jpg 1536w, https:\/\/egyuttfejlodunk.hu\/wp-content\/uploads\/2026\/08\/vagott_1.3_arc.00_04_26_17.Still003-320x169.jpg 320w, https:\/\/egyuttfejlodunk.hu\/wp-content\/uploads\/2026\/08\/vagott_1.3_arc.00_04_26_17.Still003.jpg 1920w\" sizes=\"(max-width: 640px) 100vw, 640px\" \/><\/div><\/a>\n\t\t\t\t<div class=\"elementor-post__badge\">Top<\/div>\n\t\t\t\t<div class=\"elementor-post__text\">\n\t\t\t\t<h3 class=\"elementor-post__title\">\n\t\t\t<a href=\"https:\/\/egyuttfejlodunk.hu\/?p=11961\" >\n\t\t\t\tAhol a film k\u00f6r\u00fclvesz\t\t\t<\/a>\n\t\t<\/h3>\n\t\t\t\t<div class=\"elementor-post__excerpt\">\n\t\t\t<p>Beleb\u00e1multam a c\u00e9lkeresztbe. Ugyanabba a c\u00e9lkeresztbe, amelyen kereszt\u00fcl Mike Vronsky figyelte a hegyek k\u00f6z\u00f6tt h\u00faz\u00f3d\u00f3 vadont A szarvasvad\u00e1sz legend\u00e1s jelenet\u00e9ben. M\u00e1r szinte \u00e9reztem a p\u00f3l\u00f3m al\u00e1 bek\u00fasz\u00f3 hideg erdei leveg\u0151t, amikor valami nem stimmelt. A feny\u0151k hely\u00e9n egy hatalmas, ragyog\u00f3 vet\u00edt\u0151v\u00e1szon jelent meg, k\u00f6r\u00fcl\u00f6ttem pedig egy sz\u00e1z\u00e9ves filmsz\u00ednh\u00e1z falai rajzol\u00f3dtak ki. Ekkor esett le, hogy nem Hollywoodban vagyok, hanem a szegedi Belv\u00e1rosi Mozi egyik leg\u00fajabb l\u00e1tv\u00e1nyoss\u00e1g\u00e1ban, az Id\u0151g\u00e9p nev\u0171 virtu\u00e1lis install\u00e1ci\u00f3ban. A Napf\u00e9ny v\u00e1ros\u00e1nak klasszikus<\/p>\n\t\t<\/div>\n\t\t\n\t\t<a class=\"elementor-post__read-more\" href=\"https:\/\/egyuttfejlodunk.hu\/?p=11961\" aria-label=\"Read more about Ahol a film k\u00f6r\u00fclvesz\" tabindex=\"-1\" >\n\t\t\tElolvasom \u00bb\t\t<\/a>\n\n\t\t\t\t<\/div>\n\t\t\t\t<div class=\"elementor-post__meta-data\">\n\t\t\t\t\t<span class=\"elementor-post-date\">\n\t\t\t17.07.2026\t\t<\/span>\n\t\t\t\t<\/div>\n\t\t\t\t\t<\/div>\n\t\t<\/article>\n\t\t\t\t<article class=\"elementor-post elementor-grid-item post-11864 post type-post status-publish format-standard has-post-thumbnail hentry category-top-hu tag-gazdasagfejlesztes-hu tag-telepulesfejlesztes tag-varosfejlesztes megye-fejer-megye\" role=\"listitem\">\n\t\t\t<div class=\"elementor-post__card\">\n\t\t\t\t<a class=\"elementor-post__thumbnail__link\" href=\"https:\/\/egyuttfejlodunk.hu\/?p=11864\" tabindex=\"-1\" ><div class=\"elementor-post__thumbnail\"><img loading=\"lazy\" decoding=\"async\" width=\"640\" height=\"332\" src=\"https:\/\/egyuttfejlodunk.hu\/wp-content\/uploads\/2026\/08\/TOP-2.1.1-15-FE1-2016-00004-Barnamezos-teruletek-rehabilitacioja-Mor-Varosaban-640x332.jpg\" class=\"attachment-medium size-medium wp-image-11865\" alt=\"\" srcset=\"https:\/\/egyuttfejlodunk.hu\/wp-content\/uploads\/2026\/08\/TOP-2.1.1-15-FE1-2016-00004-Barnamezos-teruletek-rehabilitacioja-Mor-Varosaban-640x332.jpg 640w, https:\/\/egyuttfejlodunk.hu\/wp-content\/uploads\/2026\/08\/TOP-2.1.1-15-FE1-2016-00004-Barnamezos-teruletek-rehabilitacioja-Mor-Varosaban-1280x664.jpg 1280w, https:\/\/egyuttfejlodunk.hu\/wp-content\/uploads\/2026\/08\/TOP-2.1.1-15-FE1-2016-00004-Barnamezos-teruletek-rehabilitacioja-Mor-Varosaban-768x398.jpg 768w, https:\/\/egyuttfejlodunk.hu\/wp-content\/uploads\/2026\/08\/TOP-2.1.1-15-FE1-2016-00004-Barnamezos-teruletek-rehabilitacioja-Mor-Varosaban-1536x797.jpg 1536w, https:\/\/egyuttfejlodunk.hu\/wp-content\/uploads\/2026\/08\/TOP-2.1.1-15-FE1-2016-00004-Barnamezos-teruletek-rehabilitacioja-Mor-Varosaban-320x166.jpg 320w, https:\/\/egyuttfejlodunk.hu\/wp-content\/uploads\/2026\/08\/TOP-2.1.1-15-FE1-2016-00004-Barnamezos-teruletek-rehabilitacioja-Mor-Varosaban.jpg 1920w\" sizes=\"(max-width: 640px) 100vw, 640px\" \/><\/div><\/a>\n\t\t\t\t<div class=\"elementor-post__badge\">Top<\/div>\n\t\t\t\t<div class=\"elementor-post__text\">\n\t\t\t\t<h3 class=\"elementor-post__title\">\n\t\t\t<a href=\"https:\/\/egyuttfejlodunk.hu\/?p=11864\" >\n\t\t\t\tR\u00e9gi ter\u00fcletb\u0151l \u00faj \u00e9rt\u00e9k M\u00f3ron\t\t\t<\/a>\n\t\t<\/h3>\n\t\t\t\t<div class=\"elementor-post__excerpt\">\n\t\t\t<p>Az orsz\u00e1gban szinte minden v\u00e1rosnak vannak olyan r\u00e9szei, amelyek az id\u0151 m\u00fal\u00e1s\u00e1val fokozatosan elvesz\u00edtett\u00e9k gazdas\u00e1gi, turisztikai vagy k\u00f6z\u00f6ss\u00e9gi jelent\u0151s\u00e9g\u00fcket. Ez al\u00f3l M\u00f3r sem volt kiv\u00e9tel. Azonban a telep\u00fcl\u00e9s egyik kor\u00e1bban alulhasznos\u00edtott ter\u00fclete ma m\u00e1r korszer\u0171, fenntarthat\u00f3 v\u00e1rosr\u00e9szk\u00e9nt v\u00e1rja a helyieket \u00e9s az ide \u00e9rkez\u0151ket. M\u00f3r neve sokaknak a borvid\u00e9ket \u00e9s a t\u00f6rt\u00e9nelmi l\u00e1tnival\u00f3kat id\u00e9zi, de az els\u0151 benyom\u00e1st gyakran maga a telep\u00fcl\u00e9s hangulata, rendezetts\u00e9ge adja. Az uni\u00f3s t\u00e1mogat\u00e1sb\u00f3l megval\u00f3sult projekt egy olyan v\u00e1rosr\u00e9szt \u00e9rintett, amely<\/p>\n\t\t<\/div>\n\t\t\n\t\t<a class=\"elementor-post__read-more\" href=\"https:\/\/egyuttfejlodunk.hu\/?p=11864\" aria-label=\"Read more about R\u00e9gi ter\u00fcletb\u0151l \u00faj \u00e9rt\u00e9k M\u00f3ron\" tabindex=\"-1\" >\n\t\t\tElolvasom \u00bb\t\t<\/a>\n\n\t\t\t\t<\/div>\n\t\t\t\t<div class=\"elementor-post__meta-data\">\n\t\t\t\t\t<span class=\"elementor-post-date\">\n\t\t\t03.07.2026\t\t<\/span>\n\t\t\t\t<\/div>\n\t\t\t\t\t<\/div>\n\t\t<\/article>\n\t\t\t\t<article class=\"elementor-post elementor-grid-item post-11821 post type-post status-publish format-standard has-post-thumbnail hentry category-top-hu tag-kozossegepito-beruhazas tag-telepulesfejlesztes tag-varosfejlesztes megye-tolna-megye\" role=\"listitem\">\n\t\t\t<div class=\"elementor-post__card\">\n\t\t\t\t<a class=\"elementor-post__thumbnail__link\" href=\"https:\/\/egyuttfejlodunk.hu\/?p=11821\" tabindex=\"-1\" ><div class=\"elementor-post__thumbnail\"><img loading=\"lazy\" decoding=\"async\" width=\"640\" height=\"345\" src=\"https:\/\/egyuttfejlodunk.hu\/wp-content\/uploads\/2026\/08\/Generaciok_Parkja_04m-640x345.jpg\" class=\"attachment-medium size-medium wp-image-11822\" alt=\"\" srcset=\"https:\/\/egyuttfejlodunk.hu\/wp-content\/uploads\/2026\/08\/Generaciok_Parkja_04m-640x345.jpg 640w, https:\/\/egyuttfejlodunk.hu\/wp-content\/uploads\/2026\/08\/Generaciok_Parkja_04m-1280x690.jpg 1280w, https:\/\/egyuttfejlodunk.hu\/wp-content\/uploads\/2026\/08\/Generaciok_Parkja_04m-768x414.jpg 768w, https:\/\/egyuttfejlodunk.hu\/wp-content\/uploads\/2026\/08\/Generaciok_Parkja_04m-1536x828.jpg 1536w, https:\/\/egyuttfejlodunk.hu\/wp-content\/uploads\/2026\/08\/Generaciok_Parkja_04m-320x173.jpg 320w, https:\/\/egyuttfejlodunk.hu\/wp-content\/uploads\/2026\/08\/Generaciok_Parkja_04m.jpg 1920w\" sizes=\"(max-width: 640px) 100vw, 640px\" \/><\/div><\/a>\n\t\t\t\t<div class=\"elementor-post__badge\">Top<\/div>\n\t\t\t\t<div class=\"elementor-post__text\">\n\t\t\t\t<h3 class=\"elementor-post__title\">\n\t\t\t<a href=\"https:\/\/egyuttfejlodunk.hu\/?p=11821\" >\n\t\t\t\tNemzed\u00e9kek tal\u00e1lkoz\u00e1sa\t\t\t<\/a>\n\t\t<\/h3>\n\t\t\t\t<div class=\"elementor-post__excerpt\">\n\t\t\t<p>Szeksz\u00e1rdon, a Bar\u00e1ts\u00e1g utc\u00e1ban \u00faj k\u00f6z\u00f6ss\u00e9gi t\u00e9r sz\u00fcletett. A Gener\u00e1ci\u00f3k Parkja nev\u00e9hez h\u0171en a k\u00fcl\u00f6nb\u00f6z\u0151 \u00e9letkor\u00fa v\u00e1roslak\u00f3k tal\u00e1lkoz\u00e1s\u00e1nak, kikapcsol\u00f3d\u00e1s\u00e1nak \u00e9s k\u00f6z\u00f6s \u00e9lm\u00e9nyeinek ad otthont, egyszerre k\u00edn\u00e1l lehet\u0151s\u00e9get j\u00e1t\u00e9kra, mozg\u00e1sra, pihen\u00e9sre, k\u00f6z\u00f6ss\u00e9gi egy\u00fcttl\u00e9tre \u00e9s tartalmas szabadid\u0151s programokra. Az uni\u00f3s t\u00e1mogat\u00e1s\u00fa fejleszt\u00e9s \u2013 melyet h\u00edvhatunk ak\u00e1r XXI. sz\u00e1zadi, ultramodern j\u00e1tsz\u00f3t\u00e9rnek is \u2013 t\u00f6bb mint 3300 n\u00e9gyzetm\u00e9teres szabadt\u00e9ri k\u00f6z\u00f6ss\u00e9gi ter\u00fclettel, valamint egy 250 n\u00e9gyzetm\u00e9teres fedett r\u00e9sszel v\u00e1rja a l\u00e1togat\u00f3kat. A park kialak\u00edt\u00e1sakor a tervez\u0151k \u00e9s a megval\u00f3s\u00edt\u00f3k kiemelt<\/p>\n\t\t<\/div>\n\t\t\n\t\t<a class=\"elementor-post__read-more\" href=\"https:\/\/egyuttfejlodunk.hu\/?p=11821\" aria-label=\"Read more about Nemzed\u00e9kek tal\u00e1lkoz\u00e1sa\" tabindex=\"-1\" >\n\t\t\tElolvasom \u00bb\t\t<\/a>\n\n\t\t\t\t<\/div>\n\t\t\t\t<div class=\"elementor-post__meta-data\">\n\t\t\t\t\t<span class=\"elementor-post-date\">\n\t\t\t24.06.2026\t\t<\/span>\n\t\t\t\t<\/div>\n\t\t\t\t\t<\/div>\n\t\t<\/article>\n\t\t\t\t<article class=\"elementor-post elementor-grid-item post-11734 post type-post status-publish format-standard has-post-thumbnail hentry category-top-hu tag-szolgaltatasfejlesztes tag-turisztikai-fejlesztes tag-turizmus-hu megye-borsod-abauj-zemplen-megye\" role=\"listitem\">\n\t\t\t<div class=\"elementor-post__card\">\n\t\t\t\t<a class=\"elementor-post__thumbnail__link\" href=\"https:\/\/egyuttfejlodunk.hu\/?p=11734\" tabindex=\"-1\" ><div class=\"elementor-post__thumbnail\"><img loading=\"lazy\" decoding=\"async\" width=\"640\" height=\"275\" src=\"https:\/\/egyuttfejlodunk.hu\/wp-content\/uploads\/2026\/06\/Tengerszem-dron-1-640x275.jpg\" class=\"attachment-medium size-medium wp-image-11804\" alt=\"\" srcset=\"https:\/\/egyuttfejlodunk.hu\/wp-content\/uploads\/2026\/06\/Tengerszem-dron-1-640x275.jpg 640w, https:\/\/egyuttfejlodunk.hu\/wp-content\/uploads\/2026\/06\/Tengerszem-dron-1-1280x551.jpg 1280w, https:\/\/egyuttfejlodunk.hu\/wp-content\/uploads\/2026\/06\/Tengerszem-dron-1-768x330.jpg 768w, https:\/\/egyuttfejlodunk.hu\/wp-content\/uploads\/2026\/06\/Tengerszem-dron-1-1536x661.jpg 1536w, https:\/\/egyuttfejlodunk.hu\/wp-content\/uploads\/2026\/06\/Tengerszem-dron-1-320x138.jpg 320w, https:\/\/egyuttfejlodunk.hu\/wp-content\/uploads\/2026\/06\/Tengerszem-dron-1.jpg 1920w\" sizes=\"(max-width: 640px) 100vw, 640px\" \/><\/div><\/a>\n\t\t\t\t<div class=\"elementor-post__badge\">Top<\/div>\n\t\t\t\t<div class=\"elementor-post__text\">\n\t\t\t\t<h3 class=\"elementor-post__title\">\n\t\t\t<a href=\"https:\/\/egyuttfejlodunk.hu\/?p=11734\" >\n\t\t\t\tAhol a term\u00e9szet \u00e9s a turizmus egy malomban \u0151r\u00f6lnek\t\t\t<\/a>\n\t\t<\/h3>\n\t\t\t\t<div class=\"elementor-post__excerpt\">\n\t\t\t<p>Mi k\u00f6ze a friss keny\u00e9rnek egy b\u00e9k\u00e9s tavacsk\u00e1hoz? Azt gondolhatn\u00e1nk, hogy semmi, de igaz, ami igaz, \u00e9vsz\u00e1zadokon \u00e1t zakatoltak Eur\u00f3pa-szerte olyan malmok, amelyek \u0151rl\u0151k\u00f6ve ugyanabb\u00f3l a csendes zempl\u00e9ni hegyoldalb\u00f3l sz\u00e1rmazott. S\u00e1rospatak hat\u00e1r\u00e1ban termelt\u00e9k ki ezt a k\u00fcl\u00f6nleges vulk\u00e1ni k\u00f6vet. Amikor pedig a b\u00e1ny\u00e1szat v\u00e9get \u00e9rt, a term\u00e9szet visszafoglalta a ter\u00fcletet: a b\u00e1nya m\u00e9lyed\u00e9s\u00e9t v\u00edz t\u00f6lt\u00f6tte fel, \u00e9s megsz\u00fcletett Magyarorsz\u00e1g egyik legk\u00fcl\u00f6nlegesebb t\u00e1jk\u00e9pi l\u00e1tv\u00e1nyoss\u00e1ga, a Megyer-hegyi Tengerszem. A k\u00fcl\u00f6nleges adotts\u00e1g\u00fa t\u00f3 teh\u00e1t az ember \u00e9s term\u00e9szet<\/p>\n\t\t<\/div>\n\t\t\n\t\t<a class=\"elementor-post__read-more\" href=\"https:\/\/egyuttfejlodunk.hu\/?p=11734\" aria-label=\"Read more about Ahol a term\u00e9szet \u00e9s a turizmus egy malomban \u0151r\u00f6lnek\" tabindex=\"-1\" >\n\t\t\tElolvasom \u00bb\t\t<\/a>\n\n\t\t\t\t<\/div>\n\t\t\t\t<div class=\"elementor-post__meta-data\">\n\t\t\t\t\t<span class=\"elementor-post-date\">\n\t\t\t17.06.2026\t\t<\/span>\n\t\t\t\t<\/div>\n\t\t\t\t\t<\/div>\n\t\t<\/article>\n\t\t\t\t<article class=\"elementor-post elementor-grid-item post-11708 post type-post status-publish format-standard has-post-thumbnail hentry category-vekop-hu tag-gondoskodo-tarsadalom tag-szocialisellatas-hu tag-telepulesfejlesztes megye-pest-varmegye\" role=\"listitem\">\n\t\t\t<div class=\"elementor-post__card\">\n\t\t\t\t<a class=\"elementor-post__thumbnail__link\" href=\"https:\/\/egyuttfejlodunk.hu\/?p=11708\" tabindex=\"-1\" ><div class=\"elementor-post__thumbnail\"><img loading=\"lazy\" decoding=\"async\" width=\"640\" height=\"351\" src=\"https:\/\/egyuttfejlodunk.hu\/wp-content\/uploads\/2026\/06\/VEKOP-6.1.1-15-PT1-2016-00049Vecses-Varos-bolcsode-epitese-es-eszkozbeszerzes-1-640x351.jpg\" class=\"attachment-medium size-medium wp-image-11709\" alt=\"\" srcset=\"https:\/\/egyuttfejlodunk.hu\/wp-content\/uploads\/2026\/06\/VEKOP-6.1.1-15-PT1-2016-00049Vecses-Varos-bolcsode-epitese-es-eszkozbeszerzes-1-640x351.jpg 640w, https:\/\/egyuttfejlodunk.hu\/wp-content\/uploads\/2026\/06\/VEKOP-6.1.1-15-PT1-2016-00049Vecses-Varos-bolcsode-epitese-es-eszkozbeszerzes-1-1280x702.jpg 1280w, https:\/\/egyuttfejlodunk.hu\/wp-content\/uploads\/2026\/06\/VEKOP-6.1.1-15-PT1-2016-00049Vecses-Varos-bolcsode-epitese-es-eszkozbeszerzes-1-768x421.jpg 768w, https:\/\/egyuttfejlodunk.hu\/wp-content\/uploads\/2026\/06\/VEKOP-6.1.1-15-PT1-2016-00049Vecses-Varos-bolcsode-epitese-es-eszkozbeszerzes-1-1536x843.jpg 1536w, https:\/\/egyuttfejlodunk.hu\/wp-content\/uploads\/2026\/06\/VEKOP-6.1.1-15-PT1-2016-00049Vecses-Varos-bolcsode-epitese-es-eszkozbeszerzes-1-320x176.jpg 320w, https:\/\/egyuttfejlodunk.hu\/wp-content\/uploads\/2026\/06\/VEKOP-6.1.1-15-PT1-2016-00049Vecses-Varos-bolcsode-epitese-es-eszkozbeszerzes-1.jpg 1600w\" sizes=\"(max-width: 640px) 100vw, 640px\" \/><\/div><\/a>\n\t\t\t\t<div class=\"elementor-post__badge\">Vekop<\/div>\n\t\t\t\t<div class=\"elementor-post__text\">\n\t\t\t\t<h3 class=\"elementor-post__title\">\n\t\t\t<a href=\"https:\/\/egyuttfejlodunk.hu\/?p=11708\" >\n\t\t\t\tUni\u00f3s forr\u00e1sb\u00f3l l\u00e9trej\u00f6tt b\u00f6lcs\u0151de seg\u00edti a vecs\u00e9si csal\u00e1dokat\t\t\t<\/a>\n\t\t<\/h3>\n\t\t\t\t<div class=\"elementor-post__excerpt\">\n\t\t\t<p>\u00d6r\u00f6mh\u00edr volt a vecs\u00e9si kisgyermekes csal\u00e1dok sz\u00e1m\u00e1ra, hogy a Sz\u00e9chenyi 2020 program keret\u00e9ben \u00faj b\u00f6lcs\u0151d\u00e9vel gazdagodott a telep\u00fcl\u00e9s, \u00e9rdemi megold\u00e1st k\u00edn\u00e1lva a t\u00e9rs\u00e9gben megn\u00f6vekedett ig\u00e9nyekre. A budapesti agglomer\u00e1ci\u00f3 d\u00e9lkeleti r\u00e9sz\u00e9n fekv\u0151 telep\u00fcl\u00e9s az elm\u00falt \u00e9vtizedekben jelent\u0151s n\u00e9pess\u00e9gn\u00f6veked\u00e9st mutatott, \u00e9s a kertv\u00e1rosias k\u00f6rnyezetbe k\u00f6lt\u00f6z\u0151 fiatal csal\u00e1dok kedvelt c\u00e9lpontj\u00e1v\u00e1 v\u00e1lt. A lak\u00f3parkok b\u0151v\u00fcl\u00e9s\u00e9vel a megl\u00e9v\u0151 infrastrukt\u00fara \u2013 k\u00fcl\u00f6n\u00f6sen a b\u00f6lcs\u0151dei f\u00e9r\u0151helyek sz\u00e1ma \u2013 m\u00e1r nem tudta kiel\u00e9g\u00edteni a megn\u00f6vekedett ig\u00e9nyeket, ez\u00e9rt \u00faj int\u00e9zm\u00e9nyre volt sz\u00fcks\u00e9g. A b\u00f6lcs\u0151dei<\/p>\n\t\t<\/div>\n\t\t\n\t\t<a class=\"elementor-post__read-more\" href=\"https:\/\/egyuttfejlodunk.hu\/?p=11708\" aria-label=\"Read more about Uni\u00f3s forr\u00e1sb\u00f3l l\u00e9trej\u00f6tt b\u00f6lcs\u0151de seg\u00edti a vecs\u00e9si csal\u00e1dokat\" tabindex=\"-1\" >\n\t\t\tElolvasom \u00bb\t\t<\/a>\n\n\t\t\t\t<\/div>\n\t\t\t\t<div class=\"elementor-post__meta-data\">\n\t\t\t\t\t<span class=\"elementor-post-date\">\n\t\t\t12.06.2026\t\t<\/span>\n\t\t\t\t<\/div>\n\t\t\t\t\t<\/div>\n\t\t<\/article>\n\t\t\t\t<\/div>\n\t\t\n\t\t\t\t<div class=\"e-load-more-anchor\" data-page=\"1\" data-max-page=\"13\" data-next-page=\"https:\/\/egyuttfejlodunk.hu\/index.php?rest_route=%2Fwp%2Fv2%2Fpages%2F10090&#038;paged=2\"><\/div>\n\t\t\t\t<nav class=\"elementor-pagination\" aria-label=\"Pagination\">\n\t\t\t<span aria-current=\"page\" class=\"page-numbers current\"><span class=\"elementor-screen-only\">Page<\/span>1<\/span>\n<a class=\"page-numbers\" href=\"https:\/\/egyuttfejlodunk.hu\/index.php\/?paged=2\"><span class=\"elementor-screen-only\">Page<\/span>2<\/a>\n<a class=\"page-numbers\" href=\"https:\/\/egyuttfejlodunk.hu\/index.php\/?paged=3\"><span class=\"elementor-screen-only\">Page<\/span>3<\/a>\n<span class=\"page-numbers dots\">&hellip;<\/span>\n<a class=\"page-numbers\" href=\"https:\/\/egyuttfejlodunk.hu\/index.php\/?paged=13\"><span class=\"elementor-screen-only\">Page<\/span>13<\/a>\t\t<\/nav>\n\t\t\t\t\t\t<\/div>\n\t\t\t\t<\/div>\n\t\t\t\t\t<\/div>\n\t\t\t\t<\/div>\n\t\t\t\t<\/div>\n\t\t","protected":false},"excerpt":{"rendered":"","protected":false},"author":30,"featured_media":0,"parent":0,"menu_order":0,"comment_status":"closed","ping_status":"closed","template":"elementor_header_footer","meta":{"_acf_changed":false,"ngg_post_thumbnail":0,"footnotes":""},"class_list":["post-10090","page","type-page","status-publish","hentry"],"acf":[],"yoast_head":"<!-- This site is optimized with the Yoast SEO Premium plugin v28.4 (Yoast SEO v28.4) - https:\/\/yoast.com\/product\/yoast-seo-premium-wordpress\/ -->\n<title>TOP - VEKOP - TOP Plusz - Egy\u00fctt fejl\u0151d\u00fcnk<\/title>\n<meta name=\"robots\" content=\"noindex, follow, max-snippet:-1, max-image-preview:large, max-video-preview:-1\" \/>\n<meta property=\"og:locale\" content=\"hu_HU\" \/>\n<meta property=\"og:type\" content=\"article\" \/>\n<meta property=\"og:title\" content=\"TOP - VEKOP - TOP Plusz\" \/>\n<meta property=\"og:url\" content=\"https:\/\/egyuttfejlodunk.hu\/?page_id=10090\" \/>\n<meta property=\"og:site_name\" content=\"Egy\u00fctt fejl\u0151d\u00fcnk\" \/>\n<meta property=\"article:modified_time\" content=\"2026-06-12T10:32:07+00:00\" \/>\n<meta name=\"twitter:card\" content=\"summary_large_image\" \/>\n<meta name=\"twitter:label1\" content=\"Becs\u00fclt olvas\u00e1si id\u0151\" \/>\n\t<meta name=\"twitter:data1\" content=\"10 perc\" \/>\n<script type=\"application\/ld+json\" class=\"yoast-schema-graph\">{\"@context\":\"https:\\\/\\\/schema.org\",\"@graph\":[{\"@type\":\"WebPage\",\"@id\":\"https:\\\/\\\/egyuttfejlodunk.hu\\\/?page_id=10090\",\"url\":\"https:\\\/\\\/egyuttfejlodunk.hu\\\/?page_id=10090\",\"name\":\"TOP - VEKOP - TOP Plusz - Egy\u00fctt fejl\u0151d\u00fcnk\",\"isPartOf\":{\"@id\":\"https:\\\/\\\/egyuttfejlodunk.hu\\\/#website\"},\"datePublished\":\"2026-04-15T11:49:30+00:00\",\"dateModified\":\"2026-06-12T10:32:07+00:00\",\"breadcrumb\":{\"@id\":\"https:\\\/\\\/egyuttfejlodunk.hu\\\/?page_id=10090#breadcrumb\"},\"inLanguage\":\"hu\",\"potentialAction\":[{\"@type\":\"ReadAction\",\"target\":[\"https:\\\/\\\/egyuttfejlodunk.hu\\\/?page_id=10090\"]}]},{\"@type\":\"BreadcrumbList\",\"@id\":\"https:\\\/\\\/egyuttfejlodunk.hu\\\/?page_id=10090#breadcrumb\",\"itemListElement\":[{\"@type\":\"ListItem\",\"position\":1,\"name\":\"Home\",\"item\":\"https:\\\/\\\/egyuttfejlodunk.hu\\\/\"},{\"@type\":\"ListItem\",\"position\":2,\"name\":\"TOP &#8211; VEKOP &#8211; TOP Plusz\"}]},{\"@type\":\"WebSite\",\"@id\":\"https:\\\/\\\/egyuttfejlodunk.hu\\\/#website\",\"url\":\"https:\\\/\\\/egyuttfejlodunk.hu\\\/\",\"name\":\"Egy\u00fctt fejl\u0151d\u00fcnk\",\"description\":\"\",\"publisher\":{\"@id\":\"https:\\\/\\\/egyuttfejlodunk.hu\\\/#organization\"},\"potentialAction\":[{\"@type\":\"SearchAction\",\"target\":{\"@type\":\"EntryPoint\",\"urlTemplate\":\"https:\\\/\\\/egyuttfejlodunk.hu\\\/?s={search_term_string}\"},\"query-input\":{\"@type\":\"PropertyValueSpecification\",\"valueRequired\":true,\"valueName\":\"search_term_string\"}}],\"inLanguage\":\"hu\"},{\"@type\":\"Organization\",\"@id\":\"https:\\\/\\\/egyuttfejlodunk.hu\\\/#organization\",\"name\":\"Egy\u00fctt fejl\u0151d\u00fcnk\",\"url\":\"https:\\\/\\\/egyuttfejlodunk.hu\\\/\",\"logo\":{\"@type\":\"ImageObject\",\"inLanguage\":\"hu\",\"@id\":\"https:\\\/\\\/egyuttfejlodunk.hu\\\/#\\\/schema\\\/logo\\\/image\\\/\",\"url\":\"https:\\\/\\\/egyuttfejlodunk.hu\\\/wp-content\\\/uploads\\\/2026\\\/04\\\/ujlogo.jpg\",\"contentUrl\":\"https:\\\/\\\/egyuttfejlodunk.hu\\\/wp-content\\\/uploads\\\/2026\\\/04\\\/ujlogo.jpg\",\"width\":350,\"height\":110,\"caption\":\"Egy\u00fctt fejl\u0151d\u00fcnk\"},\"image\":{\"@id\":\"https:\\\/\\\/egyuttfejlodunk.hu\\\/#\\\/schema\\\/logo\\\/image\\\/\"}}]}<\/script>\n<!-- \/ Yoast SEO Premium plugin. -->","yoast_head_json":{"title":"TOP - VEKOP - TOP Plusz - Egy\u00fctt fejl\u0151d\u00fcnk","robots":{"index":"noindex","follow":"follow","max-snippet":"max-snippet:-1","max-image-preview":"max-image-preview:large","max-video-preview":"max-video-preview:-1"},"og_locale":"hu_HU","og_type":"article","og_title":"TOP - VEKOP - TOP Plusz","og_url":"https:\/\/egyuttfejlodunk.hu\/?page_id=10090","og_site_name":"Egy\u00fctt fejl\u0151d\u00fcnk","article_modified_time":"2026-06-12T10:32:07+00:00","twitter_card":"summary_large_image","twitter_misc":{"Becs\u00fclt olvas\u00e1si id\u0151":"10 perc"},"schema":{"@context":"https:\/\/schema.org","@graph":[{"@type":"WebPage","@id":"https:\/\/egyuttfejlodunk.hu\/?page_id=10090","url":"https:\/\/egyuttfejlodunk.hu\/?page_id=10090","name":"TOP - VEKOP - TOP Plusz - Egy\u00fctt fejl\u0151d\u00fcnk","isPartOf":{"@id":"https:\/\/egyuttfejlodunk.hu\/#website"},"datePublished":"2026-04-15T11:49:30+00:00","dateModified":"2026-06-12T10:32:07+00:00","breadcrumb":{"@id":"https:\/\/egyuttfejlodunk.hu\/?page_id=10090#breadcrumb"},"inLanguage":"hu","potentialAction":[{"@type":"ReadAction","target":["https:\/\/egyuttfejlodunk.hu\/?page_id=10090"]}]},{"@type":"BreadcrumbList","@id":"https:\/\/egyuttfejlodunk.hu\/?page_id=10090#breadcrumb","itemListElement":[{"@type":"ListItem","position":1,"name":"Home","item":"https:\/\/egyuttfejlodunk.hu\/"},{"@type":"ListItem","position":2,"name":"TOP &#8211; VEKOP &#8211; TOP Plusz"}]},{"@type":"WebSite","@id":"https:\/\/egyuttfejlodunk.hu\/#website","url":"https:\/\/egyuttfejlodunk.hu\/","name":"Egy\u00fctt fejl\u0151d\u00fcnk","description":"","publisher":{"@id":"https:\/\/egyuttfejlodunk.hu\/#organization"},"potentialAction":[{"@type":"SearchAction","target":{"@type":"EntryPoint","urlTemplate":"https:\/\/egyuttfejlodunk.hu\/?s={search_term_string}"},"query-input":{"@type":"PropertyValueSpecification","valueRequired":true,"valueName":"search_term_string"}}],"inLanguage":"hu"},{"@type":"Organization","@id":"https:\/\/egyuttfejlodunk.hu\/#organization","name":"Egy\u00fctt fejl\u0151d\u00fcnk","url":"https:\/\/egyuttfejlodunk.hu\/","logo":{"@type":"ImageObject","inLanguage":"hu","@id":"https:\/\/egyuttfejlodunk.hu\/#\/schema\/logo\/image\/","url":"https:\/\/egyuttfejlodunk.hu\/wp-content\/uploads\/2026\/04\/ujlogo.jpg","contentUrl":"https:\/\/egyuttfejlodunk.hu\/wp-content\/uploads\/2026\/04\/ujlogo.jpg","width":350,"height":110,"caption":"Egy\u00fctt fejl\u0151d\u00fcnk"},"image":{"@id":"https:\/\/egyuttfejlodunk.hu\/#\/schema\/logo\/image\/"}}]}},"_links":{"self":[{"href":"https:\/\/egyuttfejlodunk.hu\/index.php?rest_route=\/wp\/v2\/pages\/10090","targetHints":{"allow":["GET"]}}],"collection":[{"href":"https:\/\/egyuttfejlodunk.hu\/index.php?rest_route=\/wp\/v2\/pages"}],"about":[{"href":"https:\/\/egyuttfejlodunk.hu\/index.php?rest_route=\/wp\/v2\/types\/page"}],"author":[{"embeddable":true,"href":"https:\/\/egyuttfejlodunk.hu\/index.php?rest_route=\/wp\/v2\/users\/30"}],"replies":[{"embeddable":true,"href":"https:\/\/egyuttfejlodunk.hu\/index.php?rest_route=%2Fwp%2Fv2%2Fcomments&post=10090"}],"version-history":[{"count":26,"href":"https:\/\/egyuttfejlodunk.hu\/index.php?rest_route=\/wp\/v2\/pages\/10090\/revisions"}],"predecessor-version":[{"id":11322,"href":"https:\/\/egyuttfejlodunk.hu\/index.php?rest_route=\/wp\/v2\/pages\/10090\/revisions\/11322"}],"wp:attachment":[{"href":"https:\/\/egyuttfejlodunk.hu\/index.php?rest_route=%2Fwp%2Fv2%2Fmedia&parent=10090"}],"curies":[{"name":"wp","href":"https:\/\/api.w.org\/{rel}","templated":true}]}}