{"id":10274,"date":"2026-04-15T15:46:49","date_gmt":"2026-04-15T13:46:49","guid":{"rendered":"https:\/\/teszt.s152.mediacenter.hu\/egyuttfejlodunk\/?page_id=10274"},"modified":"2026-06-12T12:43:37","modified_gmt":"2026-06-12T10:43:37","slug":"news","status":"publish","type":"page","link":"https:\/\/egyuttfejlodunk.hu\/?page_id=10274&lang=en","title":{"rendered":"NEWS"},"content":{"rendered":"\t\t<div data-elementor-type=\"wp-page\" data-elementor-id=\"10274\" class=\"elementor elementor-10274\" data-elementor-post-type=\"page\">\n\t\t\t\t<div class=\"elementor-element elementor-element-e63dc5e e-flex e-con-boxed e-con e-parent\" data-id=\"e63dc5e\" data-element_type=\"container\" data-e-type=\"container\" data-settings=\"{&quot;background_background&quot;:&quot;gradient&quot;}\">\n\t\t\t\t\t<div class=\"e-con-inner\">\n\t\t\t\t<div class=\"elementor-element elementor-element-9848085 elementor-widget elementor-widget-heading\" data-id=\"9848085\" data-element_type=\"widget\" data-e-type=\"widget\" data-widget_type=\"heading.default\">\n\t\t\t\t\t<h2 class=\"elementor-heading-title elementor-size-default\">NEWS<\/h2>\t\t\t\t<\/div>\n\t\t\t\t\t<\/div>\n\t\t\t\t<\/div>\n\t\t<div class=\"elementor-element elementor-element-a56485b e-flex e-con-boxed e-con e-parent\" data-id=\"a56485b\" data-element_type=\"container\" data-e-type=\"container\">\n\t\t\t\t\t<div class=\"e-con-inner\">\n\t\t\t\t<div class=\"elementor-element elementor-element-a380954 uael-equal__height-yes uael-post__filter-align-center uael-posts-thumbnail-ratio elementor-widget elementor-widget-uael-posts\" data-id=\"a380954\" data-element_type=\"widget\" data-e-type=\"widget\" data-settings=\"{&quot;classic_show_filters&quot;:&quot;yes&quot;,&quot;classic_slides_to_show&quot;:3,&quot;classic_slides_to_show_tablet&quot;:2,&quot;classic_slides_to_show_mobile&quot;:1}\" data-widget_type=\"uael-posts.classic\">\n\t\t\t\t<div class=\"elementor-widget-container\">\n\t\t\t\t\t\t\t<div class=\"uael-post__header\">\n\t\t\t\t\t<div class=\"uael-post__header-filters-wrap\">\n\t\t\t<ul class=\"uael-post__header-filters\" aria-label=\"Taxonomy Filter\">\n\t\t\t\t<li class=\"uael-post__header-filter uael-filter__current\" data-filter=\"*\">All<\/li>\n\t\t\t\t\t\t\t\t<li class=\"uael-post__header-filter\" data-filter=\".szechenyi-plusz-news-en\" tabindex=\"0\">sz\u00e9chenyi plusz news<\/li>\n\t\t\t\t\t\t\t\t<li class=\"uael-post__header-filter\" data-filter=\".szechenyi-plusz-osi-en\" tabindex=\"0\">Sz\u00e9chenyi plusz osi<\/li>\n\t\t\t\t\t\t\t<\/ul>\n\n\t\t\t\t\t<\/div>\n\t\t\t\t<\/div>\n\t\t<div class=\"uael-post__body\">\n\t\t\t\n\t\t\n\t\t<div class=\"uael-blog-terms-position-media uael-post-image-top uael-post-grid uael-posts\" data-query-type=\"custom\" data-structure=\"normal\" data-layout=\"\" data-page=\"10274\" data-skin=\"classic\" data-filter-default=\"All\" data-offset-top=\"30\" >\n\n\t\t\t\t\t\t\t<div class=\"uael-post-grid__inner uael-post__columns-3 uael-post__columns-tablet-2 uael-post__columns-mobile-1\">\n\t\t\t\n<div class=\"uael-post-wrapper szechenyi-plusz-osi-en  sz\u00e9chenyi-plusz-osi \">\n\t<div class=\"uael-post__bg-wrap uael-bg-wrap-disabled \">\n\n\t\t\t\t\n\t\t<div class=\"uael-post__inner-wrap uael-inner-wrap-disabled\">\n\n\t\t\n\t\t\t\n\t\t\t<div class=\"uael-post__content-wrap uael-content-wrap-disabled\">\n\t\t\t\t\t<h3 class=\"uael-post__title\">\n\n\t\t\n\t\t\t\t\t\t<a href=\"https:\/\/egyuttfejlodunk.hu\/?p=11941&amp;lang=en\" target=\"_self\">\n\t\t\t\tSports news: football takes centre stage\t\t\t<\/a>\n\n\t\t\t\t<\/h3>\n\t\t\t\t\t<div class=\"uael-post__meta-data\">\n\t\t\t\t\t<span class=\"uael-post__date\">\n\t\t\t\t\t\t\t\t\t\t\t\t\t\t\t\t\t\t\t\t\t\t\n\t\t\t14.07.2026\t\t<\/span>\n\t\t\t\t<\/div>\n\t\t\n\t\t<div class=\"uael-post__excerpt\">\n\t\t\tThis summer, football is worth following for more than just the World Cup. Important events are also taking place in Hungary\u2019s community sports scene. The ...\t\t<\/div>\n\n\t\t\t\t\t<a class=\"uael-post__read-more elementor-button\" href=\"https:\/\/egyuttfejlodunk.hu\/?p=11941&amp;lang=en\" target=\"_self\" aria-labelledby=\"uael-post-11941\">\n\t\t\t\t\t<span class=\"elementor-button-content-wrapper\">\n\t\t\t\t\t\t\t\t\t\t\t\t\t\t<span class=\"elementor-button-icon elementor-align-icon-left\">\n\n\t\t\t\t\t\t\t\t\t\n\t\t\t\t\t\t\t\t<\/span>\n\t\t\t\t\t\t\t\t\t\t\t\t\t\n\t\t\t\t\t\t<span class=\"elementor-button-text\" id=uael-post-11941>READ MORE \u00bb<\/span>\n\t\t\t\t\t<\/span>\n\t\t\t\t<\/a>\n\t\t\t\t\t\t<\/div>\n\t\t\t\n\t\t<\/div>\n\t\t\n\t<\/div>\n\n<\/div>\n\n<div class=\"uael-post-wrapper szechenyi-plusz-osi-en  sz\u00e9chenyi-plusz-osi \">\n\t<div class=\"uael-post__bg-wrap uael-bg-wrap-disabled \">\n\n\t\t\t\t\n\t\t<div class=\"uael-post__inner-wrap uael-inner-wrap-disabled\">\n\n\t\t\t\t<div class=\"uael-post__thumbnail\">\n\t\t\t\n\t\t\t<a href=\"https:\/\/egyuttfejlodunk.hu\/?p=11899&amp;lang=en\" target=\"_self\" title=\"Teachers\u2019 pay rise continues\"><img fetchpriority=\"high\" decoding=\"async\" width=\"1920\" height=\"1036\" src=\"https:\/\/egyuttfejlodunk.hu\/wp-content\/uploads\/2026\/08\/0_nyito_g_pexels.com_.jpg\" class=\"attachment-full size-full wp-image-11897\" alt=\"\" srcset=\"https:\/\/egyuttfejlodunk.hu\/wp-content\/uploads\/2026\/08\/0_nyito_g_pexels.com_.jpg 1920w, https:\/\/egyuttfejlodunk.hu\/wp-content\/uploads\/2026\/08\/0_nyito_g_pexels.com_-640x345.jpg 640w, https:\/\/egyuttfejlodunk.hu\/wp-content\/uploads\/2026\/08\/0_nyito_g_pexels.com_-1280x691.jpg 1280w, https:\/\/egyuttfejlodunk.hu\/wp-content\/uploads\/2026\/08\/0_nyito_g_pexels.com_-768x414.jpg 768w, https:\/\/egyuttfejlodunk.hu\/wp-content\/uploads\/2026\/08\/0_nyito_g_pexels.com_-1536x829.jpg 1536w, https:\/\/egyuttfejlodunk.hu\/wp-content\/uploads\/2026\/08\/0_nyito_g_pexels.com_-320x173.jpg 320w\" sizes=\"(max-width: 1920px) 100vw, 1920px\" \/><\/a>\n\t\t\t<span class=\"uael-post__terms\"><span class=\"uael-listing__terms-link\">Sz\u00e9chenyi plusz osi<\/span><\/span>\t\t<\/div>\n\t\t\n\t\t\t\n\t\t\t<div class=\"uael-post__content-wrap uael-content-wrap-disabled\">\n\t\t\t\t\t<h3 class=\"uael-post__title\">\n\n\t\t\n\t\t\t\t\t\t<a href=\"https:\/\/egyuttfejlodunk.hu\/?p=11899&amp;lang=en\" target=\"_self\">\n\t\t\t\tTeachers\u2019 pay rise continues\t\t\t<\/a>\n\n\t\t\t\t<\/h3>\n\t\t\t\t\t<div class=\"uael-post__meta-data\">\n\t\t\t\t\t<span class=\"uael-post__date\">\n\t\t\t\t\t\t\t\t\t\t\t\t\t\t\t\t\t\t\t\t\t\t\n\t\t\t09.07.2026\t\t<\/span>\n\t\t\t\t<\/div>\n\t\t\n\t\t<div class=\"uael-post__excerpt\">\n\t\t\tThe teachers\u2019 pay rise will continue in 2026, with funding from both Hungary and the European Union. Following several stages of pay increases, the average ...\t\t<\/div>\n\n\t\t\t\t\t<a class=\"uael-post__read-more elementor-button\" href=\"https:\/\/egyuttfejlodunk.hu\/?p=11899&amp;lang=en\" target=\"_self\" aria-labelledby=\"uael-post-11899\">\n\t\t\t\t\t<span class=\"elementor-button-content-wrapper\">\n\t\t\t\t\t\t\t\t\t\t\t\t\t\t<span class=\"elementor-button-icon elementor-align-icon-left\">\n\n\t\t\t\t\t\t\t\t\t\n\t\t\t\t\t\t\t\t<\/span>\n\t\t\t\t\t\t\t\t\t\t\t\t\t\n\t\t\t\t\t\t<span class=\"elementor-button-text\" id=uael-post-11899>READ MORE \u00bb<\/span>\n\t\t\t\t\t<\/span>\n\t\t\t\t<\/a>\n\t\t\t\t\t\t<\/div>\n\t\t\t\n\t\t<\/div>\n\t\t\n\t<\/div>\n\n<\/div>\n\n<div class=\"uael-post-wrapper szechenyi-plusz-osi-en  sz\u00e9chenyi-plusz-osi \">\n\t<div class=\"uael-post__bg-wrap uael-bg-wrap-disabled \">\n\n\t\t\t\t\n\t\t<div class=\"uael-post__inner-wrap uael-inner-wrap-disabled\">\n\n\t\t\t\t<div class=\"uael-post__thumbnail\">\n\t\t\t\n\t\t\t<a href=\"https:\/\/egyuttfejlodunk.hu\/?p=11888&amp;lang=en\" target=\"_self\" title=\"Youth Guarantee Plus: Istv\u00e1n is already building his future\"><img decoding=\"async\" width=\"960\" height=\"615\" src=\"https:\/\/egyuttfejlodunk.hu\/wp-content\/uploads\/2026\/08\/6a47942988b87035a7ca2e78.jpg\" class=\"attachment-full size-full wp-image-11886\" alt=\"\" srcset=\"https:\/\/egyuttfejlodunk.hu\/wp-content\/uploads\/2026\/08\/6a47942988b87035a7ca2e78.jpg 960w, https:\/\/egyuttfejlodunk.hu\/wp-content\/uploads\/2026\/08\/6a47942988b87035a7ca2e78-640x410.jpg 640w, https:\/\/egyuttfejlodunk.hu\/wp-content\/uploads\/2026\/08\/6a47942988b87035a7ca2e78-768x492.jpg 768w, https:\/\/egyuttfejlodunk.hu\/wp-content\/uploads\/2026\/08\/6a47942988b87035a7ca2e78-320x205.jpg 320w\" sizes=\"(max-width: 960px) 100vw, 960px\" \/><\/a>\n\t\t\t<span class=\"uael-post__terms\"><span class=\"uael-listing__terms-link\">Sz\u00e9chenyi plusz osi<\/span><\/span>\t\t<\/div>\n\t\t\n\t\t\t\n\t\t\t<div class=\"uael-post__content-wrap uael-content-wrap-disabled\">\n\t\t\t\t\t<h3 class=\"uael-post__title\">\n\n\t\t\n\t\t\t\t\t\t<a href=\"https:\/\/egyuttfejlodunk.hu\/?p=11888&amp;lang=en\" target=\"_self\">\n\t\t\t\tYouth Guarantee Plus: Istv\u00e1n is already building his future\t\t\t<\/a>\n\n\t\t\t\t<\/h3>\n\t\t\t\t\t<div class=\"uael-post__meta-data\">\n\t\t\t\t\t<span class=\"uael-post__date\">\n\t\t\t\t\t\t\t\t\t\t\t\t\t\t\t\t\t\t\t\t\t\t\n\t\t\t07.07.2026\t\t<\/span>\n\t\t\t\t<\/div>\n\t\t\n\t\t<div class=\"uael-post__excerpt\">\n\t\t\tTaking the first steps towards an independent life can be difficult for many young people. This is especially true for those leaving the child protection ...\t\t<\/div>\n\n\t\t\t\t\t<a class=\"uael-post__read-more elementor-button\" href=\"https:\/\/egyuttfejlodunk.hu\/?p=11888&amp;lang=en\" target=\"_self\" aria-labelledby=\"uael-post-11888\">\n\t\t\t\t\t<span class=\"elementor-button-content-wrapper\">\n\t\t\t\t\t\t\t\t\t\t\t\t\t\t<span class=\"elementor-button-icon elementor-align-icon-left\">\n\n\t\t\t\t\t\t\t\t\t\n\t\t\t\t\t\t\t\t<\/span>\n\t\t\t\t\t\t\t\t\t\t\t\t\t\n\t\t\t\t\t\t<span class=\"elementor-button-text\" id=uael-post-11888>READ MORE \u00bb<\/span>\n\t\t\t\t\t<\/span>\n\t\t\t\t<\/a>\n\t\t\t\t\t\t<\/div>\n\t\t\t\n\t\t<\/div>\n\t\t\n\t<\/div>\n\n<\/div>\n\n<div class=\"uael-post-wrapper szechenyi-plusz-osi-en  sz\u00e9chenyi-plusz-osi \">\n\t<div class=\"uael-post__bg-wrap uael-bg-wrap-disabled \">\n\n\t\t\t\t\n\t\t<div class=\"uael-post__inner-wrap uael-inner-wrap-disabled\">\n\n\t\t\t\t<div class=\"uael-post__thumbnail\">\n\t\t\t\n\t\t\t<a href=\"https:\/\/egyuttfejlodunk.hu\/?p=11819&amp;lang=en\" target=\"_self\" title=\"Support packages providing essential help to reach hundreds of thousands of people in need\"><img decoding=\"async\" width=\"1920\" height=\"1280\" src=\"https:\/\/egyuttfejlodunk.hu\/wp-content\/uploads\/2026\/08\/0ada43f1-ad5e-40a3-8fa2-ec5cf4cc95fd.jpg\" class=\"attachment-full size-full wp-image-11817\" alt=\"\" srcset=\"https:\/\/egyuttfejlodunk.hu\/wp-content\/uploads\/2026\/08\/0ada43f1-ad5e-40a3-8fa2-ec5cf4cc95fd.jpg 1920w, https:\/\/egyuttfejlodunk.hu\/wp-content\/uploads\/2026\/08\/0ada43f1-ad5e-40a3-8fa2-ec5cf4cc95fd-640x427.jpg 640w, https:\/\/egyuttfejlodunk.hu\/wp-content\/uploads\/2026\/08\/0ada43f1-ad5e-40a3-8fa2-ec5cf4cc95fd-1280x853.jpg 1280w, https:\/\/egyuttfejlodunk.hu\/wp-content\/uploads\/2026\/08\/0ada43f1-ad5e-40a3-8fa2-ec5cf4cc95fd-768x512.jpg 768w, https:\/\/egyuttfejlodunk.hu\/wp-content\/uploads\/2026\/08\/0ada43f1-ad5e-40a3-8fa2-ec5cf4cc95fd-1536x1024.jpg 1536w, https:\/\/egyuttfejlodunk.hu\/wp-content\/uploads\/2026\/08\/0ada43f1-ad5e-40a3-8fa2-ec5cf4cc95fd-320x213.jpg 320w, https:\/\/egyuttfejlodunk.hu\/wp-content\/uploads\/2026\/08\/0ada43f1-ad5e-40a3-8fa2-ec5cf4cc95fd-1200x800.jpg 1200w, https:\/\/egyuttfejlodunk.hu\/wp-content\/uploads\/2026\/08\/0ada43f1-ad5e-40a3-8fa2-ec5cf4cc95fd-660x440.jpg 660w, https:\/\/egyuttfejlodunk.hu\/wp-content\/uploads\/2026\/08\/0ada43f1-ad5e-40a3-8fa2-ec5cf4cc95fd-330x220.jpg 330w\" sizes=\"(max-width: 1920px) 100vw, 1920px\" \/><\/a>\n\t\t\t<span class=\"uael-post__terms\"><span class=\"uael-listing__terms-link\">Sz\u00e9chenyi plusz osi<\/span><\/span>\t\t<\/div>\n\t\t\n\t\t\t\n\t\t\t<div class=\"uael-post__content-wrap uael-content-wrap-disabled\">\n\t\t\t\t\t<h3 class=\"uael-post__title\">\n\n\t\t\n\t\t\t\t\t\t<a href=\"https:\/\/egyuttfejlodunk.hu\/?p=11819&amp;lang=en\" target=\"_self\">\n\t\t\t\tSupport packages providing essential help to reach hundreds of thousands of people in need\t\t\t<\/a>\n\n\t\t\t\t<\/h3>\n\t\t\t\t\t<div class=\"uael-post__meta-data\">\n\t\t\t\t\t<span class=\"uael-post__date\">\n\t\t\t\t\t\t\t\t\t\t\t\t\t\t\t\t\t\t\t\t\t\t\n\t\t\t23.06.2026\t\t<\/span>\n\t\t\t\t<\/div>\n\t\t\n\t\t<div class=\"uael-post__excerpt\">\n\t\t\tA nationwide programme has been launched to support socially disadvantaged people, expectant mothers, and families with children in beneficiary districts. The Directorate-General for Social Affairs ...\t\t<\/div>\n\n\t\t\t\t\t<a class=\"uael-post__read-more elementor-button\" href=\"https:\/\/egyuttfejlodunk.hu\/?p=11819&amp;lang=en\" target=\"_self\" aria-labelledby=\"uael-post-11819\">\n\t\t\t\t\t<span class=\"elementor-button-content-wrapper\">\n\t\t\t\t\t\t\t\t\t\t\t\t\t\t<span class=\"elementor-button-icon elementor-align-icon-left\">\n\n\t\t\t\t\t\t\t\t\t\n\t\t\t\t\t\t\t\t<\/span>\n\t\t\t\t\t\t\t\t\t\t\t\t\t\n\t\t\t\t\t\t<span class=\"elementor-button-text\" id=uael-post-11819>READ MORE \u00bb<\/span>\n\t\t\t\t\t<\/span>\n\t\t\t\t<\/a>\n\t\t\t\t\t\t<\/div>\n\t\t\t\n\t\t<\/div>\n\t\t\n\t<\/div>\n\n<\/div>\n\n<div class=\"uael-post-wrapper szechenyi-plusz-news-en  sz\u00e9chenyi-plusz-news \">\n\t<div class=\"uael-post__bg-wrap uael-bg-wrap-disabled \">\n\n\t\t\t\t\n\t\t<div class=\"uael-post__inner-wrap uael-inner-wrap-disabled\">\n\n\t\t\t\t<div class=\"uael-post__thumbnail\">\n\t\t\t\n\t\t\t<a href=\"https:\/\/egyuttfejlodunk.hu\/?p=11716&amp;lang=en\" target=\"_self\" title=\"Pillar Projects Helping People Gain Marketable Skills in Gy\u0151r-Moson-Sopron County\"><img loading=\"lazy\" decoding=\"async\" width=\"904\" height=\"455\" src=\"https:\/\/egyuttfejlodunk.hu\/wp-content\/uploads\/2026\/06\/6a202efc39d584d4d2127980-1.jpg\" class=\"attachment-full size-full wp-image-11714\" alt=\"\" srcset=\"https:\/\/egyuttfejlodunk.hu\/wp-content\/uploads\/2026\/06\/6a202efc39d584d4d2127980-1.jpg 904w, https:\/\/egyuttfejlodunk.hu\/wp-content\/uploads\/2026\/06\/6a202efc39d584d4d2127980-1-640x322.jpg 640w, https:\/\/egyuttfejlodunk.hu\/wp-content\/uploads\/2026\/06\/6a202efc39d584d4d2127980-1-768x387.jpg 768w, https:\/\/egyuttfejlodunk.hu\/wp-content\/uploads\/2026\/06\/6a202efc39d584d4d2127980-1-320x161.jpg 320w\" sizes=\"(max-width: 904px) 100vw, 904px\" \/><\/a>\n\t\t\t<span class=\"uael-post__terms\"><span class=\"uael-listing__terms-link\">sz\u00e9chenyi plusz news<\/span><\/span>\t\t<\/div>\n\t\t\n\t\t\t\n\t\t\t<div class=\"uael-post__content-wrap uael-content-wrap-disabled\">\n\t\t\t\t\t<h3 class=\"uael-post__title\">\n\n\t\t\n\t\t\t\t\t\t<a href=\"https:\/\/egyuttfejlodunk.hu\/?p=11716&amp;lang=en\" target=\"_self\">\n\t\t\t\tPillar Projects Helping People Gain Marketable Skills in Gy\u0151r-Moson-Sopron County\t\t\t<\/a>\n\n\t\t\t\t<\/h3>\n\t\t\t\t\t<div class=\"uael-post__meta-data\">\n\t\t\t\t\t<span class=\"uael-post__date\">\n\t\t\t\t\t\t\t\t\t\t\t\t\t\t\t\t\t\t\t\t\t\t\n\t\t\t12.06.2026\t\t<\/span>\n\t\t\t\t<\/div>\n\t\t\n\t\t<div class=\"uael-post__excerpt\">\n\t\t\tIn Gy\u0151r-Moson-Sopron County, thirteen participants have gained a new vocational qualification after successfully completing an 80-hour training course for food retail assistants. The course was ...\t\t<\/div>\n\n\t\t\t\t\t<a class=\"uael-post__read-more elementor-button\" href=\"https:\/\/egyuttfejlodunk.hu\/?p=11716&amp;lang=en\" target=\"_self\" aria-labelledby=\"uael-post-11716\">\n\t\t\t\t\t<span class=\"elementor-button-content-wrapper\">\n\t\t\t\t\t\t\t\t\t\t\t\t\t\t<span class=\"elementor-button-icon elementor-align-icon-left\">\n\n\t\t\t\t\t\t\t\t\t\n\t\t\t\t\t\t\t\t<\/span>\n\t\t\t\t\t\t\t\t\t\t\t\t\t\n\t\t\t\t\t\t<span class=\"elementor-button-text\" id=uael-post-11716>READ MORE \u00bb<\/span>\n\t\t\t\t\t<\/span>\n\t\t\t\t<\/a>\n\t\t\t\t\t\t<\/div>\n\t\t\t\n\t\t<\/div>\n\t\t\n\t<\/div>\n\n<\/div>\n\n<div class=\"uael-post-wrapper szechenyi-plusz-news-en  sz\u00e9chenyi-plusz-news \">\n\t<div class=\"uael-post__bg-wrap uael-bg-wrap-disabled \">\n\n\t\t\t\t\n\t\t<div class=\"uael-post__inner-wrap uael-inner-wrap-disabled\">\n\n\t\t\t\t<div class=\"uael-post__thumbnail\">\n\t\t\t\n\t\t\t<a href=\"https:\/\/egyuttfejlodunk.hu\/?p=11704&amp;lang=en\" target=\"_self\" title=\"REGIOSTARS 2026: the projects Hungary has entered this year\"><img loading=\"lazy\" decoding=\"async\" width=\"960\" height=\"540\" src=\"https:\/\/egyuttfejlodunk.hu\/wp-content\/uploads\/2026\/06\/6a1fd45139d584d4d2125496.jpg\" class=\"attachment-full size-full wp-image-11701\" alt=\"\" srcset=\"https:\/\/egyuttfejlodunk.hu\/wp-content\/uploads\/2026\/06\/6a1fd45139d584d4d2125496.jpg 960w, https:\/\/egyuttfejlodunk.hu\/wp-content\/uploads\/2026\/06\/6a1fd45139d584d4d2125496-640x360.jpg 640w, https:\/\/egyuttfejlodunk.hu\/wp-content\/uploads\/2026\/06\/6a1fd45139d584d4d2125496-768x432.jpg 768w, https:\/\/egyuttfejlodunk.hu\/wp-content\/uploads\/2026\/06\/6a1fd45139d584d4d2125496-320x180.jpg 320w\" sizes=\"(max-width: 960px) 100vw, 960px\" \/><\/a>\n\t\t\t<span class=\"uael-post__terms\"><span class=\"uael-listing__terms-link\">sz\u00e9chenyi plusz news<\/span><\/span>\t\t<\/div>\n\t\t\n\t\t\t\n\t\t\t<div class=\"uael-post__content-wrap uael-content-wrap-disabled\">\n\t\t\t\t\t<h3 class=\"uael-post__title\">\n\n\t\t\n\t\t\t\t\t\t<a href=\"https:\/\/egyuttfejlodunk.hu\/?p=11704&amp;lang=en\" target=\"_self\">\n\t\t\t\tREGIOSTARS 2026: the projects Hungary has entered this year\t\t\t<\/a>\n\n\t\t\t\t<\/h3>\n\t\t\t\t\t<div class=\"uael-post__meta-data\">\n\t\t\t\t\t<span class=\"uael-post__date\">\n\t\t\t\t\t\t\t\t\t\t\t\t\t\t\t\t\t\t\t\t\t\t\n\t\t\t11.06.2026\t\t<\/span>\n\t\t\t\t<\/div>\n\t\t\n\t\t<div class=\"uael-post__excerpt\">\n\t\t\tThis year, Hungary has once again entered several development projects in the REGIOSTARS competition, organised by the European Commission\u2019s Directorate-General for Regional and Urban Policy, ...\t\t<\/div>\n\n\t\t\t\t\t<a class=\"uael-post__read-more elementor-button\" href=\"https:\/\/egyuttfejlodunk.hu\/?p=11704&amp;lang=en\" target=\"_self\" aria-labelledby=\"uael-post-11704\">\n\t\t\t\t\t<span class=\"elementor-button-content-wrapper\">\n\t\t\t\t\t\t\t\t\t\t\t\t\t\t<span class=\"elementor-button-icon elementor-align-icon-left\">\n\n\t\t\t\t\t\t\t\t\t\n\t\t\t\t\t\t\t\t<\/span>\n\t\t\t\t\t\t\t\t\t\t\t\t\t\n\t\t\t\t\t\t<span class=\"elementor-button-text\" id=uael-post-11704>READ MORE \u00bb<\/span>\n\t\t\t\t\t<\/span>\n\t\t\t\t<\/a>\n\t\t\t\t\t\t<\/div>\n\t\t\t\n\t\t<\/div>\n\t\t\n\t<\/div>\n\n<\/div>\n\n<div class=\"uael-post-wrapper szechenyi-plusz-news-en  sz\u00e9chenyi-plusz-news \">\n\t<div class=\"uael-post__bg-wrap uael-bg-wrap-disabled \">\n\n\t\t\t\t\n\t\t<div class=\"uael-post__inner-wrap uael-inner-wrap-disabled\">\n\n\t\t\t\t<div class=\"uael-post__thumbnail\">\n\t\t\t\n\t\t\t<a href=\"https:\/\/egyuttfejlodunk.hu\/?p=11623&amp;lang=en\" target=\"_self\" title=\"This is how the EU communicates today\"><img loading=\"lazy\" decoding=\"async\" width=\"960\" height=\"540\" src=\"https:\/\/egyuttfejlodunk.hu\/wp-content\/uploads\/2026\/06\/6a06e1ae67b9a968c4f7447c.webp\" class=\"attachment-full size-full wp-image-11621\" alt=\"\" srcset=\"https:\/\/egyuttfejlodunk.hu\/wp-content\/uploads\/2026\/06\/6a06e1ae67b9a968c4f7447c.webp 960w, https:\/\/egyuttfejlodunk.hu\/wp-content\/uploads\/2026\/06\/6a06e1ae67b9a968c4f7447c-640x360.webp 640w, https:\/\/egyuttfejlodunk.hu\/wp-content\/uploads\/2026\/06\/6a06e1ae67b9a968c4f7447c-768x432.webp 768w, https:\/\/egyuttfejlodunk.hu\/wp-content\/uploads\/2026\/06\/6a06e1ae67b9a968c4f7447c-320x180.webp 320w\" sizes=\"(max-width: 960px) 100vw, 960px\" \/><\/a>\n\t\t\t<span class=\"uael-post__terms\"><span class=\"uael-listing__terms-link\">sz\u00e9chenyi plusz news<\/span><\/span>\t\t<\/div>\n\t\t\n\t\t\t\n\t\t\t<div class=\"uael-post__content-wrap uael-content-wrap-disabled\">\n\t\t\t\t\t<h3 class=\"uael-post__title\">\n\n\t\t\n\t\t\t\t\t\t<a href=\"https:\/\/egyuttfejlodunk.hu\/?p=11623&amp;lang=en\" target=\"_self\">\n\t\t\t\tThis is how the EU communicates today\t\t\t<\/a>\n\n\t\t\t\t<\/h3>\n\t\t\t\t\t<div class=\"uael-post__meta-data\">\n\t\t\t\t\t<span class=\"uael-post__date\">\n\t\t\t\t\t\t\t\t\t\t\t\t\t\t\t\t\t\t\t\t\t\t\n\t\t\t02.06.2026\t\t<\/span>\n\t\t\t\t<\/div>\n\t\t\n\t\t<div class=\"uael-post__excerpt\">\n\t\t\tActive citizen engagement and credible, accessible communication were at the heart of the 10th Inform EU event, held in Kalamata, Greece, in May 2026. Staff ...\t\t<\/div>\n\n\t\t\t\t\t<a class=\"uael-post__read-more elementor-button\" href=\"https:\/\/egyuttfejlodunk.hu\/?p=11623&amp;lang=en\" target=\"_self\" aria-labelledby=\"uael-post-11623\">\n\t\t\t\t\t<span class=\"elementor-button-content-wrapper\">\n\t\t\t\t\t\t\t\t\t\t\t\t\t\t<span class=\"elementor-button-icon elementor-align-icon-left\">\n\n\t\t\t\t\t\t\t\t\t\n\t\t\t\t\t\t\t\t<\/span>\n\t\t\t\t\t\t\t\t\t\t\t\t\t\n\t\t\t\t\t\t<span class=\"elementor-button-text\" id=uael-post-11623>READ MORE \u00bb<\/span>\n\t\t\t\t\t<\/span>\n\t\t\t\t<\/a>\n\t\t\t\t\t\t<\/div>\n\t\t\t\n\t\t<\/div>\n\t\t\n\t<\/div>\n\n<\/div>\n\n<div class=\"uael-post-wrapper szechenyi-plusz-osi-en  sz\u00e9chenyi-plusz-osi \">\n\t<div class=\"uael-post__bg-wrap uael-bg-wrap-disabled \">\n\n\t\t\t\t\n\t\t<div class=\"uael-post__inner-wrap uael-inner-wrap-disabled\">\n\n\t\t\t\t<div class=\"uael-post__thumbnail\">\n\t\t\t\n\t\t\t<a href=\"https:\/\/egyuttfejlodunk.hu\/?p=11546&amp;lang=en\" target=\"_self\" title=\"Pillar overview: what sustainable, liveable urban development looks like\"><img loading=\"lazy\" decoding=\"async\" width=\"1000\" height=\"512\" src=\"https:\/\/egyuttfejlodunk.hu\/wp-content\/uploads\/2026\/06\/shutterstock_2497171411-1.jpg\" class=\"attachment-full size-full wp-image-11544\" alt=\"\" srcset=\"https:\/\/egyuttfejlodunk.hu\/wp-content\/uploads\/2026\/06\/shutterstock_2497171411-1.jpg 1000w, https:\/\/egyuttfejlodunk.hu\/wp-content\/uploads\/2026\/06\/shutterstock_2497171411-1-640x328.jpg 640w, https:\/\/egyuttfejlodunk.hu\/wp-content\/uploads\/2026\/06\/shutterstock_2497171411-1-768x393.jpg 768w, https:\/\/egyuttfejlodunk.hu\/wp-content\/uploads\/2026\/06\/shutterstock_2497171411-1-320x164.jpg 320w\" sizes=\"(max-width: 1000px) 100vw, 1000px\" \/><\/a>\n\t\t\t<span class=\"uael-post__terms\"><span class=\"uael-listing__terms-link\">Sz\u00e9chenyi plusz osi<\/span><\/span>\t\t<\/div>\n\t\t\n\t\t\t\n\t\t\t<div class=\"uael-post__content-wrap uael-content-wrap-disabled\">\n\t\t\t\t\t<h3 class=\"uael-post__title\">\n\n\t\t\n\t\t\t\t\t\t<a href=\"https:\/\/egyuttfejlodunk.hu\/?p=11546&amp;lang=en\" target=\"_self\">\n\t\t\t\tPillar overview: what sustainable, liveable urban development looks like\t\t\t<\/a>\n\n\t\t\t\t<\/h3>\n\t\t\t\t\t<div class=\"uael-post__meta-data\">\n\t\t\t\t\t<span class=\"uael-post__date\">\n\t\t\t\t\t\t\t\t\t\t\t\t\t\t\t\t\t\t\t\t\t\t\n\t\t\t19.05.2026\t\t<\/span>\n\t\t\t\t<\/div>\n\t\t\n\t\t<div class=\"uael-post__excerpt\">\n\t\t\tOur news site regularly reports on EU co-funded projects that contribute to the development of Hungarian towns and cities through the Territorial and Settlement Development ...\t\t<\/div>\n\n\t\t\t\t\t<a class=\"uael-post__read-more elementor-button\" href=\"https:\/\/egyuttfejlodunk.hu\/?p=11546&amp;lang=en\" target=\"_self\" aria-labelledby=\"uael-post-11546\">\n\t\t\t\t\t<span class=\"elementor-button-content-wrapper\">\n\t\t\t\t\t\t\t\t\t\t\t\t\t\t<span class=\"elementor-button-icon elementor-align-icon-left\">\n\n\t\t\t\t\t\t\t\t\t\n\t\t\t\t\t\t\t\t<\/span>\n\t\t\t\t\t\t\t\t\t\t\t\t\t\n\t\t\t\t\t\t<span class=\"elementor-button-text\" id=uael-post-11546>READ MORE \u00bb<\/span>\n\t\t\t\t\t<\/span>\n\t\t\t\t<\/a>\n\t\t\t\t\t\t<\/div>\n\t\t\t\n\t\t<\/div>\n\t\t\n\t<\/div>\n\n<\/div>\n\n<div class=\"uael-post-wrapper szechenyi-plusz-news-en  sz\u00e9chenyi-plusz-news \">\n\t<div class=\"uael-post__bg-wrap uael-bg-wrap-disabled \">\n\n\t\t\t\t\n\t\t<div class=\"uael-post__inner-wrap uael-inner-wrap-disabled\">\n\n\t\t\t\t<div class=\"uael-post__thumbnail\">\n\t\t\t\n\t\t\t<a href=\"https:\/\/egyuttfejlodunk.hu\/?p=11513&amp;lang=en\" target=\"_self\" title=\"Europe Day: where community experience and development policy come together\"><img loading=\"lazy\" decoding=\"async\" width=\"1920\" height=\"1280\" src=\"https:\/\/egyuttfejlodunk.hu\/wp-content\/uploads\/2026\/06\/890842ac-4378-4037-aada-c3710f46af1b.jpg\" class=\"attachment-full size-full wp-image-11494\" alt=\"\" srcset=\"https:\/\/egyuttfejlodunk.hu\/wp-content\/uploads\/2026\/06\/890842ac-4378-4037-aada-c3710f46af1b.jpg 1920w, https:\/\/egyuttfejlodunk.hu\/wp-content\/uploads\/2026\/06\/890842ac-4378-4037-aada-c3710f46af1b-640x427.jpg 640w, https:\/\/egyuttfejlodunk.hu\/wp-content\/uploads\/2026\/06\/890842ac-4378-4037-aada-c3710f46af1b-1280x853.jpg 1280w, https:\/\/egyuttfejlodunk.hu\/wp-content\/uploads\/2026\/06\/890842ac-4378-4037-aada-c3710f46af1b-768x512.jpg 768w, https:\/\/egyuttfejlodunk.hu\/wp-content\/uploads\/2026\/06\/890842ac-4378-4037-aada-c3710f46af1b-1536x1024.jpg 1536w, https:\/\/egyuttfejlodunk.hu\/wp-content\/uploads\/2026\/06\/890842ac-4378-4037-aada-c3710f46af1b-320x213.jpg 320w, https:\/\/egyuttfejlodunk.hu\/wp-content\/uploads\/2026\/06\/890842ac-4378-4037-aada-c3710f46af1b-1200x800.jpg 1200w, https:\/\/egyuttfejlodunk.hu\/wp-content\/uploads\/2026\/06\/890842ac-4378-4037-aada-c3710f46af1b-660x440.jpg 660w, https:\/\/egyuttfejlodunk.hu\/wp-content\/uploads\/2026\/06\/890842ac-4378-4037-aada-c3710f46af1b-330x220.jpg 330w\" sizes=\"(max-width: 1920px) 100vw, 1920px\" \/><\/a>\n\t\t\t<span class=\"uael-post__terms\"><span class=\"uael-listing__terms-link\">sz\u00e9chenyi plusz news<\/span><\/span>\t\t<\/div>\n\t\t\n\t\t\t\n\t\t\t<div class=\"uael-post__content-wrap uael-content-wrap-disabled\">\n\t\t\t\t\t<h3 class=\"uael-post__title\">\n\n\t\t\n\t\t\t\t\t\t<a href=\"https:\/\/egyuttfejlodunk.hu\/?p=11513&amp;lang=en\" target=\"_self\">\n\t\t\t\tEurope Day: where community experience and development policy come together\t\t\t<\/a>\n\n\t\t\t\t<\/h3>\n\t\t\t\t\t<div class=\"uael-post__meta-data\">\n\t\t\t\t\t<span class=\"uael-post__date\">\n\t\t\t\t\t\t\t\t\t\t\t\t\t\t\t\t\t\t\t\t\t\t\n\t\t\t14.05.2026\t\t<\/span>\n\t\t\t\t<\/div>\n\t\t\n\t\t<div class=\"uael-post__excerpt\">\n\t\t\tOn 10 May, Budapest\u2019s Freedom Square once again filled with visitors for Europe Day \u2014 an event that, year after year, offers not only shared ...\t\t<\/div>\n\n\t\t\t\t\t<a class=\"uael-post__read-more elementor-button\" href=\"https:\/\/egyuttfejlodunk.hu\/?p=11513&amp;lang=en\" target=\"_self\" aria-labelledby=\"uael-post-11513\">\n\t\t\t\t\t<span class=\"elementor-button-content-wrapper\">\n\t\t\t\t\t\t\t\t\t\t\t\t\t\t<span class=\"elementor-button-icon elementor-align-icon-left\">\n\n\t\t\t\t\t\t\t\t\t\n\t\t\t\t\t\t\t\t<\/span>\n\t\t\t\t\t\t\t\t\t\t\t\t\t\n\t\t\t\t\t\t<span class=\"elementor-button-text\" id=uael-post-11513>READ MORE \u00bb<\/span>\n\t\t\t\t\t<\/span>\n\t\t\t\t<\/a>\n\t\t\t\t\t\t<\/div>\n\t\t\t\n\t\t<\/div>\n\t\t\n\t<\/div>\n\n<\/div>\n\n<div class=\"uael-post-wrapper szechenyi-plusz-osi-en  sz\u00e9chenyi-plusz-osi \">\n\t<div class=\"uael-post__bg-wrap uael-bg-wrap-disabled \">\n\n\t\t\t\t\n\t\t<div class=\"uael-post__inner-wrap uael-inner-wrap-disabled\">\n\n\t\t\t\t<div class=\"uael-post__thumbnail\">\n\t\t\t\n\t\t\t<a href=\"https:\/\/egyuttfejlodunk.hu\/?p=11394&amp;lang=en\" target=\"_self\" title=\"Youth Guarantee Plus succeeds in Baranya\"><img loading=\"lazy\" decoding=\"async\" width=\"1000\" height=\"568\" src=\"https:\/\/egyuttfejlodunk.hu\/wp-content\/uploads\/2026\/06\/shutterstock_2756575067-1.jpg\" class=\"attachment-full size-full wp-image-11392\" alt=\"\" srcset=\"https:\/\/egyuttfejlodunk.hu\/wp-content\/uploads\/2026\/06\/shutterstock_2756575067-1.jpg 1000w, https:\/\/egyuttfejlodunk.hu\/wp-content\/uploads\/2026\/06\/shutterstock_2756575067-1-640x364.jpg 640w, https:\/\/egyuttfejlodunk.hu\/wp-content\/uploads\/2026\/06\/shutterstock_2756575067-1-768x436.jpg 768w, https:\/\/egyuttfejlodunk.hu\/wp-content\/uploads\/2026\/06\/shutterstock_2756575067-1-320x182.jpg 320w\" sizes=\"(max-width: 1000px) 100vw, 1000px\" \/><\/a>\n\t\t\t<span class=\"uael-post__terms\"><span class=\"uael-listing__terms-link\">Sz\u00e9chenyi plusz osi<\/span><\/span>\t\t<\/div>\n\t\t\n\t\t\t\n\t\t\t<div class=\"uael-post__content-wrap uael-content-wrap-disabled\">\n\t\t\t\t\t<h3 class=\"uael-post__title\">\n\n\t\t\n\t\t\t\t\t\t<a href=\"https:\/\/egyuttfejlodunk.hu\/?p=11394&amp;lang=en\" target=\"_self\">\n\t\t\t\tYouth Guarantee Plus succeeds in Baranya\t\t\t<\/a>\n\n\t\t\t\t<\/h3>\n\t\t\t\t\t<div class=\"uael-post__meta-data\">\n\t\t\t\t\t<span class=\"uael-post__date\">\n\t\t\t\t\t\t\t\t\t\t\t\t\t\t\t\t\t\t\t\t\t\t\n\t\t\t23.04.2026\t\t<\/span>\n\t\t\t\t<\/div>\n\t\t\n\t\t<div class=\"uael-post__excerpt\">\n\t\t\tSupport for young people entering the labor market continues to gain momentum in Hungary. The Youth Guarantee Plus program is designed to ensure that young ...\t\t<\/div>\n\n\t\t\t\t\t<a class=\"uael-post__read-more elementor-button\" href=\"https:\/\/egyuttfejlodunk.hu\/?p=11394&amp;lang=en\" target=\"_self\" aria-labelledby=\"uael-post-11394\">\n\t\t\t\t\t<span class=\"elementor-button-content-wrapper\">\n\t\t\t\t\t\t\t\t\t\t\t\t\t\t<span class=\"elementor-button-icon elementor-align-icon-left\">\n\n\t\t\t\t\t\t\t\t\t\n\t\t\t\t\t\t\t\t<\/span>\n\t\t\t\t\t\t\t\t\t\t\t\t\t\n\t\t\t\t\t\t<span class=\"elementor-button-text\" id=uael-post-11394>READ MORE \u00bb<\/span>\n\t\t\t\t\t<\/span>\n\t\t\t\t<\/a>\n\t\t\t\t\t\t<\/div>\n\t\t\t\n\t\t<\/div>\n\t\t\n\t<\/div>\n\n<\/div>\n\n<div class=\"uael-post-wrapper szechenyi-plusz-osi-en  sz\u00e9chenyi-plusz-osi \">\n\t<div class=\"uael-post__bg-wrap uael-bg-wrap-disabled \">\n\n\t\t\t\t\n\t\t<div class=\"uael-post__inner-wrap uael-inner-wrap-disabled\">\n\n\t\t\t\t<div class=\"uael-post__thumbnail\">\n\t\t\t\n\t\t\t<a href=\"https:\/\/egyuttfejlodunk.hu\/?p=11378&amp;lang=en\" target=\"_self\" title=\"Road development is picking up speed across the country\"><img loading=\"lazy\" decoding=\"async\" width=\"1000\" height=\"444\" src=\"https:\/\/egyuttfejlodunk.hu\/wp-content\/uploads\/2026\/06\/shutterstock_2710759813.jpg\" class=\"attachment-full size-full wp-image-11376\" alt=\"\" srcset=\"https:\/\/egyuttfejlodunk.hu\/wp-content\/uploads\/2026\/06\/shutterstock_2710759813.jpg 1000w, https:\/\/egyuttfejlodunk.hu\/wp-content\/uploads\/2026\/06\/shutterstock_2710759813-640x284.jpg 640w, https:\/\/egyuttfejlodunk.hu\/wp-content\/uploads\/2026\/06\/shutterstock_2710759813-768x341.jpg 768w, https:\/\/egyuttfejlodunk.hu\/wp-content\/uploads\/2026\/06\/shutterstock_2710759813-320x142.jpg 320w\" sizes=\"(max-width: 1000px) 100vw, 1000px\" \/><\/a>\n\t\t\t<span class=\"uael-post__terms\"><span class=\"uael-listing__terms-link\">Sz\u00e9chenyi plusz osi<\/span><\/span>\t\t<\/div>\n\t\t\n\t\t\t\n\t\t\t<div class=\"uael-post__content-wrap uael-content-wrap-disabled\">\n\t\t\t\t\t<h3 class=\"uael-post__title\">\n\n\t\t\n\t\t\t\t\t\t<a href=\"https:\/\/egyuttfejlodunk.hu\/?p=11378&amp;lang=en\" target=\"_self\">\n\t\t\t\tRoad development is picking up speed across the country\t\t\t<\/a>\n\n\t\t\t\t<\/h3>\n\t\t\t\t\t<div class=\"uael-post__meta-data\">\n\t\t\t\t\t<span class=\"uael-post__date\">\n\t\t\t\t\t\t\t\t\t\t\t\t\t\t\t\t\t\t\t\t\t\t\n\t\t\t21.04.2026\t\t<\/span>\n\t\t\t\t<\/div>\n\t\t\n\t\t<div class=\"uael-post__excerpt\">\n\t\t\tGetting to work faster, traveling to school more safely, or reaching a doctor or nearby town more easily\u2014these are everyday needs. The Territorial and Settlement ...\t\t<\/div>\n\n\t\t\t\t\t<a class=\"uael-post__read-more elementor-button\" href=\"https:\/\/egyuttfejlodunk.hu\/?p=11378&amp;lang=en\" target=\"_self\" aria-labelledby=\"uael-post-11378\">\n\t\t\t\t\t<span class=\"elementor-button-content-wrapper\">\n\t\t\t\t\t\t\t\t\t\t\t\t\t\t<span class=\"elementor-button-icon elementor-align-icon-left\">\n\n\t\t\t\t\t\t\t\t\t\n\t\t\t\t\t\t\t\t<\/span>\n\t\t\t\t\t\t\t\t\t\t\t\t\t\n\t\t\t\t\t\t<span class=\"elementor-button-text\" id=uael-post-11378>READ MORE \u00bb<\/span>\n\t\t\t\t\t<\/span>\n\t\t\t\t<\/a>\n\t\t\t\t\t\t<\/div>\n\t\t\t\n\t\t<\/div>\n\t\t\n\t<\/div>\n\n<\/div>\n\n<div class=\"uael-post-wrapper szechenyi-plusz-osi-en  sz\u00e9chenyi-plusz-osi \">\n\t<div class=\"uael-post__bg-wrap uael-bg-wrap-disabled \">\n\n\t\t\t\t\n\t\t<div class=\"uael-post__inner-wrap uael-inner-wrap-disabled\">\n\n\t\t\t\t<div class=\"uael-post__thumbnail\">\n\t\t\t\n\t\t\t<a href=\"https:\/\/egyuttfejlodunk.hu\/?p=9879&amp;lang=en\" target=\"_self\" title=\"The latest pillar overview: strengthening communities, institutions, and the urban environment\"><img loading=\"lazy\" decoding=\"async\" width=\"1920\" height=\"1280\" src=\"https:\/\/egyuttfejlodunk.hu\/wp-content\/uploads\/2026\/03\/shutterstock_2576451385.jpg\" class=\"attachment-full size-full wp-image-9864\" alt=\"\" srcset=\"https:\/\/egyuttfejlodunk.hu\/wp-content\/uploads\/2026\/03\/shutterstock_2576451385.jpg 1920w, https:\/\/egyuttfejlodunk.hu\/wp-content\/uploads\/2026\/03\/shutterstock_2576451385-640x427.jpg 640w, https:\/\/egyuttfejlodunk.hu\/wp-content\/uploads\/2026\/03\/shutterstock_2576451385-1280x853.jpg 1280w, https:\/\/egyuttfejlodunk.hu\/wp-content\/uploads\/2026\/03\/shutterstock_2576451385-768x512.jpg 768w, https:\/\/egyuttfejlodunk.hu\/wp-content\/uploads\/2026\/03\/shutterstock_2576451385-1536x1024.jpg 1536w, https:\/\/egyuttfejlodunk.hu\/wp-content\/uploads\/2026\/03\/shutterstock_2576451385-320x213.jpg 320w, https:\/\/egyuttfejlodunk.hu\/wp-content\/uploads\/2026\/03\/shutterstock_2576451385-1200x800.jpg 1200w, https:\/\/egyuttfejlodunk.hu\/wp-content\/uploads\/2026\/03\/shutterstock_2576451385-660x440.jpg 660w, https:\/\/egyuttfejlodunk.hu\/wp-content\/uploads\/2026\/03\/shutterstock_2576451385-330x220.jpg 330w\" sizes=\"(max-width: 1920px) 100vw, 1920px\" \/><\/a>\n\t\t\t<span class=\"uael-post__terms\"><span class=\"uael-listing__terms-link\">Sz\u00e9chenyi plusz osi<\/span><\/span>\t\t<\/div>\n\t\t\n\t\t\t\n\t\t\t<div class=\"uael-post__content-wrap uael-content-wrap-disabled\">\n\t\t\t\t\t<h3 class=\"uael-post__title\">\n\n\t\t\n\t\t\t\t\t\t<a href=\"https:\/\/egyuttfejlodunk.hu\/?p=9879&amp;lang=en\" target=\"_self\">\n\t\t\t\tThe latest pillar overview: strengthening communities, institutions, and the urban environment\t\t\t<\/a>\n\n\t\t\t\t<\/h3>\n\t\t\t\t\t<div class=\"uael-post__meta-data\">\n\t\t\t\t\t<span class=\"uael-post__date\">\n\t\t\t\t\t\t\t\t\t\t\t\t\t\t\t\t\t\t\t\t\t\t\n\t\t\t05.03.2026\t\t<\/span>\n\t\t\t\t<\/div>\n\t\t\n\t\t<div class=\"uael-post__excerpt\">\n\t\t\tFor the second time this year, our website provides an overview of European Union co-funded projects that significantly contribute to achieving regional and local development ...\t\t<\/div>\n\n\t\t\t\t\t<a class=\"uael-post__read-more elementor-button\" href=\"https:\/\/egyuttfejlodunk.hu\/?p=9879&amp;lang=en\" target=\"_self\" aria-labelledby=\"uael-post-9879\">\n\t\t\t\t\t<span class=\"elementor-button-content-wrapper\">\n\t\t\t\t\t\t\t\t\t\t\t\t\t\t<span class=\"elementor-button-icon elementor-align-icon-left\">\n\n\t\t\t\t\t\t\t\t\t\n\t\t\t\t\t\t\t\t<\/span>\n\t\t\t\t\t\t\t\t\t\t\t\t\t\n\t\t\t\t\t\t<span class=\"elementor-button-text\" id=uael-post-9879>READ MORE \u00bb<\/span>\n\t\t\t\t\t<\/span>\n\t\t\t\t<\/a>\n\t\t\t\t\t\t<\/div>\n\t\t\t\n\t\t<\/div>\n\t\t\n\t<\/div>\n\n<\/div>\n\n<div class=\"uael-post-wrapper szechenyi-plusz-news-en  sz\u00e9chenyi-plusz-news \">\n\t<div class=\"uael-post__bg-wrap uael-bg-wrap-disabled \">\n\n\t\t\t\t\n\t\t<div class=\"uael-post__inner-wrap uael-inner-wrap-disabled\">\n\n\t\t\t\t<div class=\"uael-post__thumbnail\">\n\t\t\t\n\t\t\t<a href=\"https:\/\/egyuttfejlodunk.hu\/?p=9819&amp;lang=en\" target=\"_self\" title=\"New Videos Support the Effective Implementation of EU-Funded Projects\"><img loading=\"lazy\" decoding=\"async\" width=\"1920\" height=\"1013\" src=\"https:\/\/egyuttfejlodunk.hu\/wp-content\/uploads\/2026\/02\/shutterstock_2673708097.jpg\" class=\"attachment-full size-full wp-image-9814\" alt=\"\" srcset=\"https:\/\/egyuttfejlodunk.hu\/wp-content\/uploads\/2026\/02\/shutterstock_2673708097.jpg 1920w, https:\/\/egyuttfejlodunk.hu\/wp-content\/uploads\/2026\/02\/shutterstock_2673708097-640x338.jpg 640w, https:\/\/egyuttfejlodunk.hu\/wp-content\/uploads\/2026\/02\/shutterstock_2673708097-1280x675.jpg 1280w, https:\/\/egyuttfejlodunk.hu\/wp-content\/uploads\/2026\/02\/shutterstock_2673708097-768x405.jpg 768w, https:\/\/egyuttfejlodunk.hu\/wp-content\/uploads\/2026\/02\/shutterstock_2673708097-1536x810.jpg 1536w, https:\/\/egyuttfejlodunk.hu\/wp-content\/uploads\/2026\/02\/shutterstock_2673708097-320x169.jpg 320w\" sizes=\"(max-width: 1920px) 100vw, 1920px\" \/><\/a>\n\t\t\t<span class=\"uael-post__terms\"><span class=\"uael-listing__terms-link\">sz\u00e9chenyi plusz news<\/span><\/span>\t\t<\/div>\n\t\t\n\t\t\t\n\t\t\t<div class=\"uael-post__content-wrap uael-content-wrap-disabled\">\n\t\t\t\t\t<h3 class=\"uael-post__title\">\n\n\t\t\n\t\t\t\t\t\t<a href=\"https:\/\/egyuttfejlodunk.hu\/?p=9819&amp;lang=en\" target=\"_self\">\n\t\t\t\tNew Videos Support the Effective Implementation of EU-Funded Projects\t\t\t<\/a>\n\n\t\t\t\t<\/h3>\n\t\t\t\t\t<div class=\"uael-post__meta-data\">\n\t\t\t\t\t<span class=\"uael-post__date\">\n\t\t\t\t\t\t\t\t\t\t\t\t\t\t\t\t\t\t\t\t\t\t\n\t\t\t19.02.2026\t\t<\/span>\n\t\t\t\t<\/div>\n\t\t\n\t\t<div class=\"uael-post__excerpt\">\n\t\t\tNew content from the National Development Centre (NFK) video series is now available on the Egy\u00fctt Fejl\u0151d\u00fcnk YouTube channel, offering practical guidance to beneficiaries of ...\t\t<\/div>\n\n\t\t\t\t\t<a class=\"uael-post__read-more elementor-button\" href=\"https:\/\/egyuttfejlodunk.hu\/?p=9819&amp;lang=en\" target=\"_self\" aria-labelledby=\"uael-post-9819\">\n\t\t\t\t\t<span class=\"elementor-button-content-wrapper\">\n\t\t\t\t\t\t\t\t\t\t\t\t\t\t<span class=\"elementor-button-icon elementor-align-icon-left\">\n\n\t\t\t\t\t\t\t\t\t\n\t\t\t\t\t\t\t\t<\/span>\n\t\t\t\t\t\t\t\t\t\t\t\t\t\n\t\t\t\t\t\t<span class=\"elementor-button-text\" id=uael-post-9819>READ MORE \u00bb<\/span>\n\t\t\t\t\t<\/span>\n\t\t\t\t<\/a>\n\t\t\t\t\t\t<\/div>\n\t\t\t\n\t\t<\/div>\n\t\t\n\t<\/div>\n\n<\/div>\n\n<div class=\"uael-post-wrapper szechenyi-plusz-news-en  sz\u00e9chenyi-plusz-news \">\n\t<div class=\"uael-post__bg-wrap uael-bg-wrap-disabled \">\n\n\t\t\t\t\n\t\t<div class=\"uael-post__inner-wrap uael-inner-wrap-disabled\">\n\n\t\t\t\t<div class=\"uael-post__thumbnail\">\n\t\t\t\n\t\t\t<a href=\"https:\/\/egyuttfejlodunk.hu\/?p=9808&amp;lang=en\" target=\"_self\" title=\"EU Developments at the Miskolc Kocsonya Festival\"><img loading=\"lazy\" decoding=\"async\" width=\"1600\" height=\"848\" src=\"https:\/\/egyuttfejlodunk.hu\/wp-content\/uploads\/2026\/02\/86dfd986-804d-48f1-9a16-54087cfe0d19.jpg\" class=\"attachment-full size-full wp-image-9795\" alt=\"\" srcset=\"https:\/\/egyuttfejlodunk.hu\/wp-content\/uploads\/2026\/02\/86dfd986-804d-48f1-9a16-54087cfe0d19.jpg 1600w, https:\/\/egyuttfejlodunk.hu\/wp-content\/uploads\/2026\/02\/86dfd986-804d-48f1-9a16-54087cfe0d19-640x339.jpg 640w, https:\/\/egyuttfejlodunk.hu\/wp-content\/uploads\/2026\/02\/86dfd986-804d-48f1-9a16-54087cfe0d19-1280x678.jpg 1280w, https:\/\/egyuttfejlodunk.hu\/wp-content\/uploads\/2026\/02\/86dfd986-804d-48f1-9a16-54087cfe0d19-768x407.jpg 768w, https:\/\/egyuttfejlodunk.hu\/wp-content\/uploads\/2026\/02\/86dfd986-804d-48f1-9a16-54087cfe0d19-1536x814.jpg 1536w, https:\/\/egyuttfejlodunk.hu\/wp-content\/uploads\/2026\/02\/86dfd986-804d-48f1-9a16-54087cfe0d19-320x170.jpg 320w\" sizes=\"(max-width: 1600px) 100vw, 1600px\" \/><\/a>\n\t\t\t<span class=\"uael-post__terms\"><span class=\"uael-listing__terms-link\">sz\u00e9chenyi plusz news<\/span><\/span>\t\t<\/div>\n\t\t\n\t\t\t\n\t\t\t<div class=\"uael-post__content-wrap uael-content-wrap-disabled\">\n\t\t\t\t\t<h3 class=\"uael-post__title\">\n\n\t\t\n\t\t\t\t\t\t<a href=\"https:\/\/egyuttfejlodunk.hu\/?p=9808&amp;lang=en\" target=\"_self\">\n\t\t\t\tEU Developments at the Miskolc Kocsonya Festival\t\t\t<\/a>\n\n\t\t\t\t<\/h3>\n\t\t\t\t\t<div class=\"uael-post__meta-data\">\n\t\t\t\t\t<span class=\"uael-post__date\">\n\t\t\t\t\t\t\t\t\t\t\t\t\t\t\t\t\t\t\t\t\t\t\n\t\t\t18.02.2026\t\t<\/span>\n\t\t\t\t<\/div>\n\t\t\n\t\t<div class=\"uael-post__excerpt\">\n\t\t\tFrom February 6\u20138, 2026, the Kocsonya Festival\u2014known as the largest festival in the region\u2014was held in Miskolc. This year, alongside its renowned culinary and entertainment ...\t\t<\/div>\n\n\t\t\t\t\t<a class=\"uael-post__read-more elementor-button\" href=\"https:\/\/egyuttfejlodunk.hu\/?p=9808&amp;lang=en\" target=\"_self\" aria-labelledby=\"uael-post-9808\">\n\t\t\t\t\t<span class=\"elementor-button-content-wrapper\">\n\t\t\t\t\t\t\t\t\t\t\t\t\t\t<span class=\"elementor-button-icon elementor-align-icon-left\">\n\n\t\t\t\t\t\t\t\t\t\n\t\t\t\t\t\t\t\t<\/span>\n\t\t\t\t\t\t\t\t\t\t\t\t\t\n\t\t\t\t\t\t<span class=\"elementor-button-text\" id=uael-post-9808>READ MORE \u00bb<\/span>\n\t\t\t\t\t<\/span>\n\t\t\t\t<\/a>\n\t\t\t\t\t\t<\/div>\n\t\t\t\n\t\t<\/div>\n\t\t\n\t<\/div>\n\n<\/div>\n\n<div class=\"uael-post-wrapper szechenyi-plusz-osi-en  sz\u00e9chenyi-plusz-osi \">\n\t<div class=\"uael-post__bg-wrap uael-bg-wrap-disabled \">\n\n\t\t\t\t\n\t\t<div class=\"uael-post__inner-wrap uael-inner-wrap-disabled\">\n\n\t\t\t\t<div class=\"uael-post__thumbnail\">\n\t\t\t\n\t\t\t<a href=\"https:\/\/egyuttfejlodunk.hu\/?p=9711&amp;lang=en\" target=\"_self\" title=\"Launch of a New Human Resources Development Operational Programme Plus Pillar Project Supporting Early Childhood Development\"><img loading=\"lazy\" decoding=\"async\" width=\"999\" height=\"544\" src=\"https:\/\/egyuttfejlodunk.hu\/wp-content\/uploads\/2026\/01\/fbf3dca0-8350-4023-9096-55fd59729439.jpg\" class=\"attachment-full size-full wp-image-9705\" alt=\"\" srcset=\"https:\/\/egyuttfejlodunk.hu\/wp-content\/uploads\/2026\/01\/fbf3dca0-8350-4023-9096-55fd59729439.jpg 999w, https:\/\/egyuttfejlodunk.hu\/wp-content\/uploads\/2026\/01\/fbf3dca0-8350-4023-9096-55fd59729439-640x349.jpg 640w, https:\/\/egyuttfejlodunk.hu\/wp-content\/uploads\/2026\/01\/fbf3dca0-8350-4023-9096-55fd59729439-768x418.jpg 768w, https:\/\/egyuttfejlodunk.hu\/wp-content\/uploads\/2026\/01\/fbf3dca0-8350-4023-9096-55fd59729439-320x174.jpg 320w\" sizes=\"(max-width: 999px) 100vw, 999px\" \/><\/a>\n\t\t\t<span class=\"uael-post__terms\"><span class=\"uael-listing__terms-link\">Sz\u00e9chenyi plusz osi<\/span><\/span>\t\t<\/div>\n\t\t\n\t\t\t\n\t\t\t<div class=\"uael-post__content-wrap uael-content-wrap-disabled\">\n\t\t\t\t\t<h3 class=\"uael-post__title\">\n\n\t\t\n\t\t\t\t\t\t<a href=\"https:\/\/egyuttfejlodunk.hu\/?p=9711&amp;lang=en\" target=\"_self\">\n\t\t\t\tLaunch of a New Human Resources Development Operational Programme Plus Pillar Project Supporting Early Childhood Development\t\t\t<\/a>\n\n\t\t\t\t<\/h3>\n\t\t\t\t\t<div class=\"uael-post__meta-data\">\n\t\t\t\t\t<span class=\"uael-post__date\">\n\t\t\t\t\t\t\t\t\t\t\t\t\t\t\t\t\t\t\t\t\t\t\n\t\t\t29.01.2026\t\t<\/span>\n\t\t\t\t<\/div>\n\t\t\n\t\t<div class=\"uael-post__excerpt\">\n\t\t\tOn 10 December 2025, an EU co-financed project with a total budget of approximately HUF 7.3 billion was launched to support disadvantaged children of kindergarten ...\t\t<\/div>\n\n\t\t\t\t\t<a class=\"uael-post__read-more elementor-button\" href=\"https:\/\/egyuttfejlodunk.hu\/?p=9711&amp;lang=en\" target=\"_self\" aria-labelledby=\"uael-post-9711\">\n\t\t\t\t\t<span class=\"elementor-button-content-wrapper\">\n\t\t\t\t\t\t\t\t\t\t\t\t\t\t<span class=\"elementor-button-icon elementor-align-icon-left\">\n\n\t\t\t\t\t\t\t\t\t\n\t\t\t\t\t\t\t\t<\/span>\n\t\t\t\t\t\t\t\t\t\t\t\t\t\n\t\t\t\t\t\t<span class=\"elementor-button-text\" id=uael-post-9711>READ MORE \u00bb<\/span>\n\t\t\t\t\t<\/span>\n\t\t\t\t<\/a>\n\t\t\t\t\t\t<\/div>\n\t\t\t\n\t\t<\/div>\n\t\t\n\t<\/div>\n\n<\/div>\n\n<div class=\"uael-post-wrapper szechenyi-plusz-osi-en  sz\u00e9chenyi-plusz-osi \">\n\t<div class=\"uael-post__bg-wrap uael-bg-wrap-disabled \">\n\n\t\t\t\t\n\t\t<div class=\"uael-post__inner-wrap uael-inner-wrap-disabled\">\n\n\t\t\t\t<div class=\"uael-post__thumbnail\">\n\t\t\t\n\t\t\t<a href=\"https:\/\/egyuttfejlodunk.hu\/?p=9645&amp;lang=en\" target=\"_self\" title=\"Annual Pillar Roundup\"><img loading=\"lazy\" decoding=\"async\" width=\"1920\" height=\"917\" src=\"https:\/\/egyuttfejlodunk.hu\/wp-content\/uploads\/2026\/01\/trees-9554107_1920.jpg\" class=\"attachment-full size-full wp-image-9640\" alt=\"\" srcset=\"https:\/\/egyuttfejlodunk.hu\/wp-content\/uploads\/2026\/01\/trees-9554107_1920.jpg 1920w, https:\/\/egyuttfejlodunk.hu\/wp-content\/uploads\/2026\/01\/trees-9554107_1920-640x306.jpg 640w, https:\/\/egyuttfejlodunk.hu\/wp-content\/uploads\/2026\/01\/trees-9554107_1920-1280x611.jpg 1280w, https:\/\/egyuttfejlodunk.hu\/wp-content\/uploads\/2026\/01\/trees-9554107_1920-768x367.jpg 768w, https:\/\/egyuttfejlodunk.hu\/wp-content\/uploads\/2026\/01\/trees-9554107_1920-1536x734.jpg 1536w, https:\/\/egyuttfejlodunk.hu\/wp-content\/uploads\/2026\/01\/trees-9554107_1920-320x153.jpg 320w\" sizes=\"(max-width: 1920px) 100vw, 1920px\" \/><\/a>\n\t\t\t<span class=\"uael-post__terms\"><span class=\"uael-listing__terms-link\">Sz\u00e9chenyi plusz osi<\/span><\/span>\t\t<\/div>\n\t\t\n\t\t\t\n\t\t\t<div class=\"uael-post__content-wrap uael-content-wrap-disabled\">\n\t\t\t\t\t<h3 class=\"uael-post__title\">\n\n\t\t\n\t\t\t\t\t\t<a href=\"https:\/\/egyuttfejlodunk.hu\/?p=9645&amp;lang=en\" target=\"_self\">\n\t\t\t\tAnnual Pillar Roundup\t\t\t<\/a>\n\n\t\t\t\t<\/h3>\n\t\t\t\t\t<div class=\"uael-post__meta-data\">\n\t\t\t\t\t<span class=\"uael-post__date\">\n\t\t\t\t\t\t\t\t\t\t\t\t\t\t\t\t\t\t\t\t\t\t\n\t\t\t22.01.2026\t\t<\/span>\n\t\t\t\t<\/div>\n\t\t\n\t\t<div class=\"uael-post__excerpt\">\n\t\t\tFrom time to time, it features EU co-funded projects that support the Pillars of the Territorial and Settlement Development Programme Plus (TSDOP Plus) and make ...\t\t<\/div>\n\n\t\t\t\t\t<a class=\"uael-post__read-more elementor-button\" href=\"https:\/\/egyuttfejlodunk.hu\/?p=9645&amp;lang=en\" target=\"_self\" aria-labelledby=\"uael-post-9645\">\n\t\t\t\t\t<span class=\"elementor-button-content-wrapper\">\n\t\t\t\t\t\t\t\t\t\t\t\t\t\t<span class=\"elementor-button-icon elementor-align-icon-left\">\n\n\t\t\t\t\t\t\t\t\t\n\t\t\t\t\t\t\t\t<\/span>\n\t\t\t\t\t\t\t\t\t\t\t\t\t\n\t\t\t\t\t\t<span class=\"elementor-button-text\" id=uael-post-9645>READ MORE \u00bb<\/span>\n\t\t\t\t\t<\/span>\n\t\t\t\t<\/a>\n\t\t\t\t\t\t<\/div>\n\t\t\t\n\t\t<\/div>\n\t\t\n\t<\/div>\n\n<\/div>\n\n<div class=\"uael-post-wrapper szechenyi-plusz-osi-en  sz\u00e9chenyi-plusz-osi \">\n\t<div class=\"uael-post__bg-wrap uael-bg-wrap-disabled \">\n\n\t\t\t\t\n\t\t<div class=\"uael-post__inner-wrap uael-inner-wrap-disabled\">\n\n\t\t\t\t<div class=\"uael-post__thumbnail\">\n\t\t\t\n\t\t\t<a href=\"https:\/\/egyuttfejlodunk.hu\/?p=9643&amp;lang=en\" target=\"_self\" title=\"A key step toward digital inclusion: DROP Plus pillar project launched\"><img loading=\"lazy\" decoding=\"async\" width=\"1920\" height=\"1280\" src=\"https:\/\/egyuttfejlodunk.hu\/wp-content\/uploads\/2026\/01\/69451ad73c02ec31831a033d.jpeg\" class=\"attachment-full size-full wp-image-9635\" alt=\"\" srcset=\"https:\/\/egyuttfejlodunk.hu\/wp-content\/uploads\/2026\/01\/69451ad73c02ec31831a033d.jpeg 1920w, https:\/\/egyuttfejlodunk.hu\/wp-content\/uploads\/2026\/01\/69451ad73c02ec31831a033d-640x427.jpeg 640w, https:\/\/egyuttfejlodunk.hu\/wp-content\/uploads\/2026\/01\/69451ad73c02ec31831a033d-1280x853.jpeg 1280w, https:\/\/egyuttfejlodunk.hu\/wp-content\/uploads\/2026\/01\/69451ad73c02ec31831a033d-768x512.jpeg 768w, https:\/\/egyuttfejlodunk.hu\/wp-content\/uploads\/2026\/01\/69451ad73c02ec31831a033d-1536x1024.jpeg 1536w, https:\/\/egyuttfejlodunk.hu\/wp-content\/uploads\/2026\/01\/69451ad73c02ec31831a033d-320x213.jpeg 320w, https:\/\/egyuttfejlodunk.hu\/wp-content\/uploads\/2026\/01\/69451ad73c02ec31831a033d-1200x800.jpeg 1200w, https:\/\/egyuttfejlodunk.hu\/wp-content\/uploads\/2026\/01\/69451ad73c02ec31831a033d-660x440.jpeg 660w, https:\/\/egyuttfejlodunk.hu\/wp-content\/uploads\/2026\/01\/69451ad73c02ec31831a033d-330x220.jpeg 330w\" sizes=\"(max-width: 1920px) 100vw, 1920px\" \/><\/a>\n\t\t\t<span class=\"uael-post__terms\"><span class=\"uael-listing__terms-link\">Sz\u00e9chenyi plusz osi<\/span><\/span>\t\t<\/div>\n\t\t\n\t\t\t\n\t\t\t<div class=\"uael-post__content-wrap uael-content-wrap-disabled\">\n\t\t\t\t\t<h3 class=\"uael-post__title\">\n\n\t\t\n\t\t\t\t\t\t<a href=\"https:\/\/egyuttfejlodunk.hu\/?p=9643&amp;lang=en\" target=\"_self\">\n\t\t\t\tA key step toward digital inclusion: DROP Plus pillar project launched\t\t\t<\/a>\n\n\t\t\t\t<\/h3>\n\t\t\t\t\t<div class=\"uael-post__meta-data\">\n\t\t\t\t\t<span class=\"uael-post__date\">\n\t\t\t\t\t\t\t\t\t\t\t\t\t\t\t\t\t\t\t\t\t\t\n\t\t\t20.01.2026\t\t<\/span>\n\t\t\t\t<\/div>\n\t\t\n\t\t<div class=\"uael-post__excerpt\">\n\t\t\tOn December 17, 2025, the&nbsp;Digital Government Development and Project Management Ltd. (hereafter: DKF) officially presented its Digital Renewal Operational Programme Plus (DROP Plus) project at ...\t\t<\/div>\n\n\t\t\t\t\t<a class=\"uael-post__read-more elementor-button\" href=\"https:\/\/egyuttfejlodunk.hu\/?p=9643&amp;lang=en\" target=\"_self\" aria-labelledby=\"uael-post-9643\">\n\t\t\t\t\t<span class=\"elementor-button-content-wrapper\">\n\t\t\t\t\t\t\t\t\t\t\t\t\t\t<span class=\"elementor-button-icon elementor-align-icon-left\">\n\n\t\t\t\t\t\t\t\t\t\n\t\t\t\t\t\t\t\t<\/span>\n\t\t\t\t\t\t\t\t\t\t\t\t\t\n\t\t\t\t\t\t<span class=\"elementor-button-text\" id=uael-post-9643>READ MORE \u00bb<\/span>\n\t\t\t\t\t<\/span>\n\t\t\t\t<\/a>\n\t\t\t\t\t\t<\/div>\n\t\t\t\n\t\t<\/div>\n\t\t\n\t<\/div>\n\n<\/div>\n\n<div class=\"uael-post-wrapper szechenyi-plusz-news-en  sz\u00e9chenyi-plusz-news \">\n\t<div class=\"uael-post__bg-wrap uael-bg-wrap-disabled \">\n\n\t\t\t\t\n\t\t<div class=\"uael-post__inner-wrap uael-inner-wrap-disabled\">\n\n\t\t\t\t<div class=\"uael-post__thumbnail\">\n\t\t\t\n\t\t\t<a href=\"https:\/\/egyuttfejlodunk.hu\/?p=9601&amp;lang=en\" target=\"_self\" title=\"We were there too: EU-funded developments at the Educatio Exhibition\"><img loading=\"lazy\" decoding=\"async\" width=\"1920\" height=\"1077\" src=\"https:\/\/egyuttfejlodunk.hu\/wp-content\/uploads\/2026\/01\/CR6_3168.jpg\" class=\"attachment-full size-full wp-image-9576\" alt=\"\" srcset=\"https:\/\/egyuttfejlodunk.hu\/wp-content\/uploads\/2026\/01\/CR6_3168.jpg 1920w, https:\/\/egyuttfejlodunk.hu\/wp-content\/uploads\/2026\/01\/CR6_3168-640x360.jpg 640w, https:\/\/egyuttfejlodunk.hu\/wp-content\/uploads\/2026\/01\/CR6_3168-1280x718.jpg 1280w, https:\/\/egyuttfejlodunk.hu\/wp-content\/uploads\/2026\/01\/CR6_3168-768x431.jpg 768w, https:\/\/egyuttfejlodunk.hu\/wp-content\/uploads\/2026\/01\/CR6_3168-1536x862.jpg 1536w, https:\/\/egyuttfejlodunk.hu\/wp-content\/uploads\/2026\/01\/CR6_3168-320x180.jpg 320w\" sizes=\"(max-width: 1920px) 100vw, 1920px\" \/><\/a>\n\t\t\t<span class=\"uael-post__terms\"><span class=\"uael-listing__terms-link\">sz\u00e9chenyi plusz news<\/span><\/span>\t\t<\/div>\n\t\t\n\t\t\t\n\t\t\t<div class=\"uael-post__content-wrap uael-content-wrap-disabled\">\n\t\t\t\t\t<h3 class=\"uael-post__title\">\n\n\t\t\n\t\t\t\t\t\t<a href=\"https:\/\/egyuttfejlodunk.hu\/?p=9601&amp;lang=en\" target=\"_self\">\n\t\t\t\tWe were there too: EU-funded developments at the Educatio Exhibition\t\t\t<\/a>\n\n\t\t\t\t<\/h3>\n\t\t\t\t\t<div class=\"uael-post__meta-data\">\n\t\t\t\t\t<span class=\"uael-post__date\">\n\t\t\t\t\t\t\t\t\t\t\t\t\t\t\t\t\t\t\t\t\t\t\n\t\t\t13.01.2026\t\t<\/span>\n\t\t\t\t<\/div>\n\t\t\n\t\t<div class=\"uael-post__excerpt\">\n\t\t\tAt the beginning of 2026, between January 8\u201310, the 26th Educatio Exhibition was held \u2014 Hungary\u2019s largest higher education fair. Each year, the event provides ...\t\t<\/div>\n\n\t\t\t\t\t<a class=\"uael-post__read-more elementor-button\" href=\"https:\/\/egyuttfejlodunk.hu\/?p=9601&amp;lang=en\" target=\"_self\" aria-labelledby=\"uael-post-9601\">\n\t\t\t\t\t<span class=\"elementor-button-content-wrapper\">\n\t\t\t\t\t\t\t\t\t\t\t\t\t\t<span class=\"elementor-button-icon elementor-align-icon-left\">\n\n\t\t\t\t\t\t\t\t\t\n\t\t\t\t\t\t\t\t<\/span>\n\t\t\t\t\t\t\t\t\t\t\t\t\t\n\t\t\t\t\t\t<span class=\"elementor-button-text\" id=uael-post-9601>READ MORE \u00bb<\/span>\n\t\t\t\t\t<\/span>\n\t\t\t\t<\/a>\n\t\t\t\t\t\t<\/div>\n\t\t\t\n\t\t<\/div>\n\t\t\n\t<\/div>\n\n<\/div>\n\t\t\t\t<\/div>\n\t\t\t\t\t\t\n\t\t<\/div>\n\n\t\t\t\t\t\t<\/div>\n\t\t<div class=\"uael-post__footer\">\n\t\t\t\t\t\t<nav class=\"uael-grid-pagination\"  role=\"navigation\" aria-label=\"Pagination\" data-total=\"5\" data-next-page=\"2\">\n\t\t\t\t<span class=\"page-numbers current\">1<\/span>\n<a class=\"page-numbers\" href=\"https:\/\/egyuttfejlodunk.hu\/index.php\/?paged=2\">2<\/a>\n<a class=\"page-numbers\" href=\"https:\/\/egyuttfejlodunk.hu\/index.php\/?paged=3\">3<\/a>\n<span class=\"page-numbers dots\">&hellip;<\/span>\n<a class=\"page-numbers\" href=\"https:\/\/egyuttfejlodunk.hu\/index.php\/?paged=5\">5<\/a>\n<a class=\"next page-numbers\" href=\"https:\/\/egyuttfejlodunk.hu\/index.php\/?paged=2\">Next &raquo;<\/a>\t\t\t<\/nav>\n\t\t\t\t\t<\/div>\n\t\t\t\t\t\t<\/div>\n\t\t\t\t<\/div>\n\t\t\t\t\t<\/div>\n\t\t\t\t<\/div>\n\t\t\t\t<\/div>\n\t\t","protected":false},"excerpt":{"rendered":"<p>All sz\u00e9chenyi plusz news Sz\u00e9chenyi plusz osi Sz\u00e9chenyi plusz osi The latest pillar overview: strengthening communities, institutions, and the urban environment 05.03.2026 For the second time this year, our website provides an overview of European Union co-funded projects that significantly contribute to achieving regional and local development &#8230; READ MORE \u00bb sz\u00e9chenyi plusz news New Videos Support the Effective Implementation of EU-Funded Projects 19.02.2026 New content from the National Development Centre (NFK) video series is&#8230;<\/p>\n","protected":false},"author":30,"featured_media":0,"parent":0,"menu_order":0,"comment_status":"closed","ping_status":"closed","template":"elementor_header_footer","meta":{"_acf_changed":false,"ngg_post_thumbnail":0,"footnotes":""},"class_list":["post-10274","page","type-page","status-publish","hentry"],"acf":[],"yoast_head":"<!-- This site is optimized with the Yoast SEO Premium plugin v28.4 (Yoast SEO v28.4) - https:\/\/yoast.com\/product\/yoast-seo-premium-wordpress\/ -->\n<title>NEWS - Egy\u00fctt fejl\u0151d\u00fcnk<\/title>\n<meta name=\"robots\" content=\"noindex, follow, max-snippet:-1, max-image-preview:large, max-video-preview:-1\" \/>\n<meta property=\"og:locale\" content=\"hu_HU\" \/>\n<meta property=\"og:type\" content=\"article\" \/>\n<meta property=\"og:title\" content=\"NEWS\" \/>\n<meta property=\"og:description\" content=\"All sz\u00e9chenyi plusz news Sz\u00e9chenyi plusz osi Sz\u00e9chenyi plusz osi The latest pillar overview: strengthening communities, institutions, and the urban environment 05.03.2026 For the second time this year, our website provides an overview of European Union co-funded projects that significantly contribute to achieving regional and local development &#8230; READ MORE \u00bb sz\u00e9chenyi plusz news New Videos Support the Effective Implementation of EU-Funded Projects 19.02.2026 New content from the National Development Centre (NFK) video series is...\" \/>\n<meta property=\"og:url\" content=\"https:\/\/egyuttfejlodunk.hu\/?page_id=10274&amp;lang=en\" \/>\n<meta property=\"og:site_name\" content=\"Egy\u00fctt fejl\u0151d\u00fcnk\" \/>\n<meta property=\"article:modified_time\" content=\"2026-06-12T10:43:37+00:00\" \/>\n<meta property=\"og:image\" content=\"https:\/\/egyuttfejlodunk.hu\/wp-content\/uploads\/2026\/03\/shutterstock_2576451385.jpg\" \/>\n<meta name=\"twitter:card\" content=\"summary_large_image\" \/>\n<meta name=\"twitter:label1\" content=\"Becs\u00fclt olvas\u00e1si id\u0151\" \/>\n\t<meta name=\"twitter:data1\" content=\"9 perc\" \/>\n<script type=\"application\/ld+json\" class=\"yoast-schema-graph\">{\"@context\":\"https:\\\/\\\/schema.org\",\"@graph\":[{\"@type\":\"WebPage\",\"@id\":\"https:\\\/\\\/egyuttfejlodunk.hu\\\/?page_id=10274&lang=en\",\"url\":\"https:\\\/\\\/egyuttfejlodunk.hu\\\/?page_id=10274&lang=en\",\"name\":\"NEWS - Egy\u00fctt fejl\u0151d\u00fcnk\",\"isPartOf\":{\"@id\":\"https:\\\/\\\/egyuttfejlodunk.hu\\\/#website\"},\"primaryImageOfPage\":{\"@id\":\"https:\\\/\\\/egyuttfejlodunk.hu\\\/?page_id=10274&lang=en#primaryimage\"},\"image\":{\"@id\":\"https:\\\/\\\/egyuttfejlodunk.hu\\\/?page_id=10274&lang=en#primaryimage\"},\"thumbnailUrl\":\"https:\\\/\\\/egyuttfejlodunk.hu\\\/wp-content\\\/uploads\\\/2026\\\/03\\\/shutterstock_2576451385.jpg\",\"datePublished\":\"2026-04-15T13:46:49+00:00\",\"dateModified\":\"2026-06-12T10:43:37+00:00\",\"breadcrumb\":{\"@id\":\"https:\\\/\\\/egyuttfejlodunk.hu\\\/?page_id=10274&lang=en#breadcrumb\"},\"inLanguage\":\"hu\",\"potentialAction\":[{\"@type\":\"ReadAction\",\"target\":[\"https:\\\/\\\/egyuttfejlodunk.hu\\\/?page_id=10274&lang=en\"]}]},{\"@type\":\"ImageObject\",\"inLanguage\":\"hu\",\"@id\":\"https:\\\/\\\/egyuttfejlodunk.hu\\\/?page_id=10274&lang=en#primaryimage\",\"url\":\"https:\\\/\\\/egyuttfejlodunk.hu\\\/wp-content\\\/uploads\\\/2026\\\/03\\\/shutterstock_2576451385.jpg\",\"contentUrl\":\"https:\\\/\\\/egyuttfejlodunk.hu\\\/wp-content\\\/uploads\\\/2026\\\/03\\\/shutterstock_2576451385.jpg\",\"width\":1920,\"height\":1280},{\"@type\":\"BreadcrumbList\",\"@id\":\"https:\\\/\\\/egyuttfejlodunk.hu\\\/?page_id=10274&lang=en#breadcrumb\",\"itemListElement\":[{\"@type\":\"ListItem\",\"position\":1,\"name\":\"Home\",\"item\":\"https:\\\/\\\/egyuttfejlodunk.hu\\\/\"},{\"@type\":\"ListItem\",\"position\":2,\"name\":\"NEWS\"}]},{\"@type\":\"WebSite\",\"@id\":\"https:\\\/\\\/egyuttfejlodunk.hu\\\/#website\",\"url\":\"https:\\\/\\\/egyuttfejlodunk.hu\\\/\",\"name\":\"Egy\u00fctt fejl\u0151d\u00fcnk\",\"description\":\"\",\"publisher\":{\"@id\":\"https:\\\/\\\/egyuttfejlodunk.hu\\\/#organization\"},\"potentialAction\":[{\"@type\":\"SearchAction\",\"target\":{\"@type\":\"EntryPoint\",\"urlTemplate\":\"https:\\\/\\\/egyuttfejlodunk.hu\\\/?s={search_term_string}\"},\"query-input\":{\"@type\":\"PropertyValueSpecification\",\"valueRequired\":true,\"valueName\":\"search_term_string\"}}],\"inLanguage\":\"hu\"},{\"@type\":\"Organization\",\"@id\":\"https:\\\/\\\/egyuttfejlodunk.hu\\\/#organization\",\"name\":\"Egy\u00fctt fejl\u0151d\u00fcnk\",\"url\":\"https:\\\/\\\/egyuttfejlodunk.hu\\\/\",\"logo\":{\"@type\":\"ImageObject\",\"inLanguage\":\"hu\",\"@id\":\"https:\\\/\\\/egyuttfejlodunk.hu\\\/#\\\/schema\\\/logo\\\/image\\\/\",\"url\":\"https:\\\/\\\/egyuttfejlodunk.hu\\\/wp-content\\\/uploads\\\/2026\\\/04\\\/ujlogo.jpg\",\"contentUrl\":\"https:\\\/\\\/egyuttfejlodunk.hu\\\/wp-content\\\/uploads\\\/2026\\\/04\\\/ujlogo.jpg\",\"width\":350,\"height\":110,\"caption\":\"Egy\u00fctt fejl\u0151d\u00fcnk\"},\"image\":{\"@id\":\"https:\\\/\\\/egyuttfejlodunk.hu\\\/#\\\/schema\\\/logo\\\/image\\\/\"}}]}<\/script>\n<!-- \/ Yoast SEO Premium plugin. -->","yoast_head_json":{"title":"NEWS - Egy\u00fctt fejl\u0151d\u00fcnk","robots":{"index":"noindex","follow":"follow","max-snippet":"max-snippet:-1","max-image-preview":"max-image-preview:large","max-video-preview":"max-video-preview:-1"},"og_locale":"hu_HU","og_type":"article","og_title":"NEWS","og_description":"All sz\u00e9chenyi plusz news Sz\u00e9chenyi plusz osi Sz\u00e9chenyi plusz osi The latest pillar overview: strengthening communities, institutions, and the urban environment 05.03.2026 For the second time this year, our website provides an overview of European Union co-funded projects that significantly contribute to achieving regional and local development &#8230; READ MORE \u00bb sz\u00e9chenyi plusz news New Videos Support the Effective Implementation of EU-Funded Projects 19.02.2026 New content from the National Development Centre (NFK) video series is...","og_url":"https:\/\/egyuttfejlodunk.hu\/?page_id=10274&lang=en","og_site_name":"Egy\u00fctt fejl\u0151d\u00fcnk","article_modified_time":"2026-06-12T10:43:37+00:00","og_image":[{"url":"https:\/\/egyuttfejlodunk.hu\/wp-content\/uploads\/2026\/03\/shutterstock_2576451385.jpg","type":"","width":"","height":""}],"twitter_card":"summary_large_image","twitter_misc":{"Becs\u00fclt olvas\u00e1si id\u0151":"9 perc"},"schema":{"@context":"https:\/\/schema.org","@graph":[{"@type":"WebPage","@id":"https:\/\/egyuttfejlodunk.hu\/?page_id=10274&lang=en","url":"https:\/\/egyuttfejlodunk.hu\/?page_id=10274&lang=en","name":"NEWS - Egy\u00fctt fejl\u0151d\u00fcnk","isPartOf":{"@id":"https:\/\/egyuttfejlodunk.hu\/#website"},"primaryImageOfPage":{"@id":"https:\/\/egyuttfejlodunk.hu\/?page_id=10274&lang=en#primaryimage"},"image":{"@id":"https:\/\/egyuttfejlodunk.hu\/?page_id=10274&lang=en#primaryimage"},"thumbnailUrl":"https:\/\/egyuttfejlodunk.hu\/wp-content\/uploads\/2026\/03\/shutterstock_2576451385.jpg","datePublished":"2026-04-15T13:46:49+00:00","dateModified":"2026-06-12T10:43:37+00:00","breadcrumb":{"@id":"https:\/\/egyuttfejlodunk.hu\/?page_id=10274&lang=en#breadcrumb"},"inLanguage":"hu","potentialAction":[{"@type":"ReadAction","target":["https:\/\/egyuttfejlodunk.hu\/?page_id=10274&lang=en"]}]},{"@type":"ImageObject","inLanguage":"hu","@id":"https:\/\/egyuttfejlodunk.hu\/?page_id=10274&lang=en#primaryimage","url":"https:\/\/egyuttfejlodunk.hu\/wp-content\/uploads\/2026\/03\/shutterstock_2576451385.jpg","contentUrl":"https:\/\/egyuttfejlodunk.hu\/wp-content\/uploads\/2026\/03\/shutterstock_2576451385.jpg","width":1920,"height":1280},{"@type":"BreadcrumbList","@id":"https:\/\/egyuttfejlodunk.hu\/?page_id=10274&lang=en#breadcrumb","itemListElement":[{"@type":"ListItem","position":1,"name":"Home","item":"https:\/\/egyuttfejlodunk.hu\/"},{"@type":"ListItem","position":2,"name":"NEWS"}]},{"@type":"WebSite","@id":"https:\/\/egyuttfejlodunk.hu\/#website","url":"https:\/\/egyuttfejlodunk.hu\/","name":"Egy\u00fctt fejl\u0151d\u00fcnk","description":"","publisher":{"@id":"https:\/\/egyuttfejlodunk.hu\/#organization"},"potentialAction":[{"@type":"SearchAction","target":{"@type":"EntryPoint","urlTemplate":"https:\/\/egyuttfejlodunk.hu\/?s={search_term_string}"},"query-input":{"@type":"PropertyValueSpecification","valueRequired":true,"valueName":"search_term_string"}}],"inLanguage":"hu"},{"@type":"Organization","@id":"https:\/\/egyuttfejlodunk.hu\/#organization","name":"Egy\u00fctt fejl\u0151d\u00fcnk","url":"https:\/\/egyuttfejlodunk.hu\/","logo":{"@type":"ImageObject","inLanguage":"hu","@id":"https:\/\/egyuttfejlodunk.hu\/#\/schema\/logo\/image\/","url":"https:\/\/egyuttfejlodunk.hu\/wp-content\/uploads\/2026\/04\/ujlogo.jpg","contentUrl":"https:\/\/egyuttfejlodunk.hu\/wp-content\/uploads\/2026\/04\/ujlogo.jpg","width":350,"height":110,"caption":"Egy\u00fctt fejl\u0151d\u00fcnk"},"image":{"@id":"https:\/\/egyuttfejlodunk.hu\/#\/schema\/logo\/image\/"}}]}},"_links":{"self":[{"href":"https:\/\/egyuttfejlodunk.hu\/index.php?rest_route=\/wp\/v2\/pages\/10274","targetHints":{"allow":["GET"]}}],"collection":[{"href":"https:\/\/egyuttfejlodunk.hu\/index.php?rest_route=\/wp\/v2\/pages"}],"about":[{"href":"https:\/\/egyuttfejlodunk.hu\/index.php?rest_route=\/wp\/v2\/types\/page"}],"author":[{"embeddable":true,"href":"https:\/\/egyuttfejlodunk.hu\/index.php?rest_route=\/wp\/v2\/users\/30"}],"replies":[{"embeddable":true,"href":"https:\/\/egyuttfejlodunk.hu\/index.php?rest_route=%2Fwp%2Fv2%2Fcomments&post=10274"}],"version-history":[{"count":26,"href":"https:\/\/egyuttfejlodunk.hu\/index.php?rest_route=\/wp\/v2\/pages\/10274\/revisions"}],"predecessor-version":[{"id":11359,"href":"https:\/\/egyuttfejlodunk.hu\/index.php?rest_route=\/wp\/v2\/pages\/10274\/revisions\/11359"}],"wp:attachment":[{"href":"https:\/\/egyuttfejlodunk.hu\/index.php?rest_route=%2Fwp%2Fv2%2Fmedia&parent=10274"}],"curies":[{"name":"wp","href":"https:\/\/api.w.org\/{rel}","templated":true}]}}