{"id":10295,"date":"2026-04-15T15:54:11","date_gmt":"2026-04-15T13:54:11","guid":{"rendered":"https:\/\/teszt.s152.mediacenter.hu\/egyuttfejlodunk\/?page_id=10295"},"modified":"2026-05-11T10:50:19","modified_gmt":"2026-05-11T08:50:19","slug":"vekop-en","status":"publish","type":"page","link":"https:\/\/egyuttfejlodunk.hu\/?page_id=10295&lang=en","title":{"rendered":"VEKOP"},"content":{"rendered":"\t\t<div data-elementor-type=\"wp-page\" data-elementor-id=\"10295\" class=\"elementor elementor-10295\" data-elementor-post-type=\"page\">\n\t\t\t\t<div class=\"elementor-element elementor-element-8e439e4 e-flex e-con-boxed e-con e-parent\" data-id=\"8e439e4\" data-element_type=\"container\" data-e-type=\"container\" data-settings=\"{&quot;background_background&quot;:&quot;gradient&quot;}\">\n\t\t\t\t\t<div class=\"e-con-inner\">\n\t\t\t\t<div class=\"elementor-element elementor-element-e862c84 elementor-widget elementor-widget-heading\" data-id=\"e862c84\" data-element_type=\"widget\" data-e-type=\"widget\" data-widget_type=\"heading.default\">\n\t\t\t\t\t<h2 class=\"elementor-heading-title elementor-size-default\">VEKOP<\/h2>\t\t\t\t<\/div>\n\t\t\t\t\t<\/div>\n\t\t\t\t<\/div>\n\t\t<div class=\"elementor-element elementor-element-121d6463 e-flex e-con-boxed e-con e-parent\" data-id=\"121d6463\" data-element_type=\"container\" data-e-type=\"container\">\n\t\t\t\t\t<div class=\"e-con-inner\">\n\t\t\t\t<div class=\"elementor-element elementor-element-343ff07d elementor-grid-3 elementor-grid-tablet-2 elementor-grid-mobile-1 elementor-posts--thumbnail-top elementor-card-shadow-yes elementor-posts__hover-gradient elementor-widget elementor-widget-posts\" data-id=\"343ff07d\" data-element_type=\"widget\" data-e-type=\"widget\" data-settings=\"{&quot;pagination_type&quot;:&quot;numbers&quot;,&quot;cards_columns&quot;:&quot;3&quot;,&quot;cards_columns_tablet&quot;:&quot;2&quot;,&quot;cards_columns_mobile&quot;:&quot;1&quot;,&quot;cards_row_gap&quot;:{&quot;unit&quot;:&quot;px&quot;,&quot;size&quot;:35,&quot;sizes&quot;:[]},&quot;cards_row_gap_tablet&quot;:{&quot;unit&quot;:&quot;px&quot;,&quot;size&quot;:&quot;&quot;,&quot;sizes&quot;:[]},&quot;cards_row_gap_mobile&quot;:{&quot;unit&quot;:&quot;px&quot;,&quot;size&quot;:&quot;&quot;,&quot;sizes&quot;:[]}}\" data-widget_type=\"posts.cards\">\n\t\t\t\t<div class=\"elementor-widget-container\">\n\t\t\t\t\t\t\t<div class=\"elementor-posts-container elementor-posts elementor-posts--skin-cards elementor-grid\" role=\"list\">\n\t\t\t\t<article class=\"elementor-post elementor-grid-item post-11708 post type-post status-publish format-standard has-post-thumbnail hentry category-vekop-hu tag-gondoskodo-tarsadalom tag-szocialisellatas-hu tag-telepulesfejlesztes megye-pest-varmegye\" role=\"listitem\">\n\t\t\t<div class=\"elementor-post__card\">\n\t\t\t\t<a class=\"elementor-post__thumbnail__link\" href=\"https:\/\/egyuttfejlodunk.hu\/?p=11708\" tabindex=\"-1\" ><div class=\"elementor-post__thumbnail\"><img fetchpriority=\"high\" decoding=\"async\" width=\"640\" height=\"351\" src=\"https:\/\/egyuttfejlodunk.hu\/wp-content\/uploads\/2026\/06\/VEKOP-6.1.1-15-PT1-2016-00049Vecses-Varos-bolcsode-epitese-es-eszkozbeszerzes-1-640x351.jpg\" class=\"attachment-medium size-medium wp-image-11709\" alt=\"\" srcset=\"https:\/\/egyuttfejlodunk.hu\/wp-content\/uploads\/2026\/06\/VEKOP-6.1.1-15-PT1-2016-00049Vecses-Varos-bolcsode-epitese-es-eszkozbeszerzes-1-640x351.jpg 640w, https:\/\/egyuttfejlodunk.hu\/wp-content\/uploads\/2026\/06\/VEKOP-6.1.1-15-PT1-2016-00049Vecses-Varos-bolcsode-epitese-es-eszkozbeszerzes-1-1280x702.jpg 1280w, https:\/\/egyuttfejlodunk.hu\/wp-content\/uploads\/2026\/06\/VEKOP-6.1.1-15-PT1-2016-00049Vecses-Varos-bolcsode-epitese-es-eszkozbeszerzes-1-768x421.jpg 768w, https:\/\/egyuttfejlodunk.hu\/wp-content\/uploads\/2026\/06\/VEKOP-6.1.1-15-PT1-2016-00049Vecses-Varos-bolcsode-epitese-es-eszkozbeszerzes-1-1536x843.jpg 1536w, https:\/\/egyuttfejlodunk.hu\/wp-content\/uploads\/2026\/06\/VEKOP-6.1.1-15-PT1-2016-00049Vecses-Varos-bolcsode-epitese-es-eszkozbeszerzes-1-320x176.jpg 320w, https:\/\/egyuttfejlodunk.hu\/wp-content\/uploads\/2026\/06\/VEKOP-6.1.1-15-PT1-2016-00049Vecses-Varos-bolcsode-epitese-es-eszkozbeszerzes-1.jpg 1600w\" sizes=\"(max-width: 640px) 100vw, 640px\" \/><\/div><\/a>\n\t\t\t\t<div class=\"elementor-post__badge\">Vekop<\/div>\n\t\t\t\t<div class=\"elementor-post__text\">\n\t\t\t\t<h3 class=\"elementor-post__title\">\n\t\t\t<a href=\"https:\/\/egyuttfejlodunk.hu\/?p=11708\" >\n\t\t\t\tUni\u00f3s forr\u00e1sb\u00f3l l\u00e9trej\u00f6tt b\u00f6lcs\u0151de seg\u00edti a vecs\u00e9si csal\u00e1dokat\t\t\t<\/a>\n\t\t<\/h3>\n\t\t\t\t<div class=\"elementor-post__excerpt\">\n\t\t\t<p>\u00d6r\u00f6mh\u00edr volt a vecs\u00e9si kisgyermekes csal\u00e1dok sz\u00e1m\u00e1ra, hogy a Sz\u00e9chenyi 2020 program keret\u00e9ben \u00faj b\u00f6lcs\u0151d\u00e9vel gazdagodott a telep\u00fcl\u00e9s, \u00e9rdemi megold\u00e1st k\u00edn\u00e1lva a t\u00e9rs\u00e9gben megn\u00f6vekedett ig\u00e9nyekre. A budapesti agglomer\u00e1ci\u00f3 d\u00e9lkeleti r\u00e9sz\u00e9n fekv\u0151 telep\u00fcl\u00e9s az elm\u00falt \u00e9vtizedekben jelent\u0151s n\u00e9pess\u00e9gn\u00f6veked\u00e9st mutatott, \u00e9s a kertv\u00e1rosias k\u00f6rnyezetbe k\u00f6lt\u00f6z\u0151 fiatal csal\u00e1dok kedvelt c\u00e9lpontj\u00e1v\u00e1 v\u00e1lt. A lak\u00f3parkok b\u0151v\u00fcl\u00e9s\u00e9vel a megl\u00e9v\u0151 infrastrukt\u00fara \u2013 k\u00fcl\u00f6n\u00f6sen a b\u00f6lcs\u0151dei f\u00e9r\u0151helyek sz\u00e1ma \u2013 m\u00e1r nem tudta kiel\u00e9g\u00edteni a megn\u00f6vekedett ig\u00e9nyeket, ez\u00e9rt \u00faj int\u00e9zm\u00e9nyre volt sz\u00fcks\u00e9g. A b\u00f6lcs\u0151dei<\/p>\n\t\t<\/div>\n\t\t\n\t\t<a class=\"elementor-post__read-more\" href=\"https:\/\/egyuttfejlodunk.hu\/?p=11708\" aria-label=\"Read more about Uni\u00f3s forr\u00e1sb\u00f3l l\u00e9trej\u00f6tt b\u00f6lcs\u0151de seg\u00edti a vecs\u00e9si csal\u00e1dokat\" tabindex=\"-1\" >\n\t\t\tRead more \u00bb\t\t<\/a>\n\n\t\t\t\t<\/div>\n\t\t\t\t<div class=\"elementor-post__meta-data\">\n\t\t\t\t\t<span class=\"elementor-post-date\">\n\t\t\t12.06.2026\t\t<\/span>\n\t\t\t\t<\/div>\n\t\t\t\t\t<\/div>\n\t\t<\/article>\n\t\t\t\t<article class=\"elementor-post elementor-grid-item post-9765 post type-post status-publish format-gallery has-post-thumbnail hentry category-vekop-hu tag-gondoskodo-tarsadalom tag-intezmenyfejlesztes tag-szocialisellatas-hu post_format-post-format-gallery megye-pest-varmegye\" role=\"listitem\">\n\t\t\t<div class=\"elementor-post__card\">\n\t\t\t\t<a class=\"elementor-post__thumbnail__link\" href=\"https:\/\/egyuttfejlodunk.hu\/?p=9765\" tabindex=\"-1\" ><div class=\"elementor-post__thumbnail\"><img decoding=\"async\" width=\"640\" height=\"316\" src=\"https:\/\/egyuttfejlodunk.hu\/wp-content\/uploads\/2026\/02\/0902_19-640x316.jpg\" class=\"attachment-medium size-medium wp-image-9768\" alt=\"\" srcset=\"https:\/\/egyuttfejlodunk.hu\/wp-content\/uploads\/2026\/02\/0902_19-640x316.jpg 640w, https:\/\/egyuttfejlodunk.hu\/wp-content\/uploads\/2026\/02\/0902_19-1280x633.jpg 1280w, https:\/\/egyuttfejlodunk.hu\/wp-content\/uploads\/2026\/02\/0902_19-768x380.jpg 768w, https:\/\/egyuttfejlodunk.hu\/wp-content\/uploads\/2026\/02\/0902_19-1536x759.jpg 1536w, https:\/\/egyuttfejlodunk.hu\/wp-content\/uploads\/2026\/02\/0902_19-320x158.jpg 320w, https:\/\/egyuttfejlodunk.hu\/wp-content\/uploads\/2026\/02\/0902_19.jpg 1920w\" sizes=\"(max-width: 640px) 100vw, 640px\" \/><\/div><\/a>\n\t\t\t\t<div class=\"elementor-post__badge\">Vekop<\/div>\n\t\t\t\t<div class=\"elementor-post__text\">\n\t\t\t\t<h3 class=\"elementor-post__title\">\n\t\t\t<a href=\"https:\/\/egyuttfejlodunk.hu\/?p=9765\" >\n\t\t\t\tAhol a legszebb t\u00f6rt\u00e9netek sz\u00fcletnek\t\t\t<\/a>\n\t\t<\/h3>\n\t\t\t\t<div class=\"elementor-post__excerpt\">\n\t\t\t<p>Dunakeszi V\u00e1ros \u00d6nkorm\u00e1nyzata \u00faj b\u00f6lcs\u0151d\u00e9t \u00e9p\u00edtett a v\u00e1rosnak azon a r\u00e9sz\u00e9n, ahol eddig nem volt ilyen int\u00e9zm\u00e9ny, viszont a lakoss\u00e1gi ig\u00e9ny nagyon is megvolt r\u00e1. Egy korszer\u0171, n\u00e9gycsoportszob\u00e1s b\u00f6lcs\u0151d\u00e9t alak\u00edtottak ki egy \u00fcres telken, mellette pedig egy \u00faj \u00f3vod\u00e1t is \u00e9p\u00edtettek. Lili 2 \u00e9ves, \u00e9s a j\u00e1tsz\u00f3t\u00e9ren sok kis bar\u00e1tj\u00e1t\u00f3l hallotta, hogy b\u00f6lcs\u00f6d\u00e9be j\u00e1rnak. V\u00e9gre itt a k\u00f6zelben is megnyitottak egyet, \u00edgy \u0151 is mehet m\u00e1r, nagyon v\u00e1rta. Dunakeszi n\u00e9pess\u00e9ge dinamikusan n\u00f6vekedett az elm\u00falt \u00e9vekben,<\/p>\n\t\t<\/div>\n\t\t\n\t\t<a class=\"elementor-post__read-more\" href=\"https:\/\/egyuttfejlodunk.hu\/?p=9765\" aria-label=\"Read more about Ahol a legszebb t\u00f6rt\u00e9netek sz\u00fcletnek\" tabindex=\"-1\" >\n\t\t\tRead more \u00bb\t\t<\/a>\n\n\t\t\t\t<\/div>\n\t\t\t\t<div class=\"elementor-post__meta-data\">\n\t\t\t\t\t<span class=\"elementor-post-date\">\n\t\t\t13.02.2026\t\t<\/span>\n\t\t\t\t<\/div>\n\t\t\t\t\t<\/div>\n\t\t<\/article>\n\t\t\t\t<article class=\"elementor-post elementor-grid-item post-9468 post type-post status-publish format-gallery has-post-thumbnail hentry category-vekop-hu tag-innovacio tag-kutatasfejlesztes-hu post_format-post-format-gallery megye-budapest\" role=\"listitem\">\n\t\t\t<div class=\"elementor-post__card\">\n\t\t\t\t<a class=\"elementor-post__thumbnail__link\" href=\"https:\/\/egyuttfejlodunk.hu\/?p=9468\" tabindex=\"-1\" ><div class=\"elementor-post__thumbnail\"><img decoding=\"async\" width=\"640\" height=\"260\" src=\"https:\/\/egyuttfejlodunk.hu\/wp-content\/uploads\/2025\/12\/IMG_D171899a-1-640x260.jpg\" class=\"attachment-medium size-medium wp-image-9471\" alt=\"\" srcset=\"https:\/\/egyuttfejlodunk.hu\/wp-content\/uploads\/2025\/12\/IMG_D171899a-1-640x260.jpg 640w, https:\/\/egyuttfejlodunk.hu\/wp-content\/uploads\/2025\/12\/IMG_D171899a-1-1280x519.jpg 1280w, https:\/\/egyuttfejlodunk.hu\/wp-content\/uploads\/2025\/12\/IMG_D171899a-1-768x312.jpg 768w, https:\/\/egyuttfejlodunk.hu\/wp-content\/uploads\/2025\/12\/IMG_D171899a-1-1536x623.jpg 1536w, https:\/\/egyuttfejlodunk.hu\/wp-content\/uploads\/2025\/12\/IMG_D171899a-1-320x130.jpg 320w, https:\/\/egyuttfejlodunk.hu\/wp-content\/uploads\/2025\/12\/IMG_D171899a-1.jpg 1920w\" sizes=\"(max-width: 640px) 100vw, 640px\" \/><\/div><\/a>\n\t\t\t\t<div class=\"elementor-post__badge\">Vekop<\/div>\n\t\t\t\t<div class=\"elementor-post__text\">\n\t\t\t\t<h3 class=\"elementor-post__title\">\n\t\t\t<a href=\"https:\/\/egyuttfejlodunk.hu\/?p=9468\" >\n\t\t\t\tInnovat\u00edv v\u00e1lasz a dr\u00f3nok kih\u00edv\u00e1s\u00e1ra\t\t\t<\/a>\n\t\t<\/h3>\n\t\t\t\t<div class=\"elementor-post__excerpt\">\n\t\t\t<p>Azt nem tudjuk, hogy a ty\u00fak vagy a toj\u00e1s volt el\u0151bb, az aut\u00f3 viszont biztosan megel\u0151zte a trafipaxot, \u00e9s a s\u00e1rk\u00e1nyf\u0171 receptj\u00e9t S\u00fcs\u00fc ihlette. Hasonl\u00f3an, a kism\u00e9ret\u0171 dr\u00f3nok felder\u00edt\u00e9s\u00e9re alkalmas radarok megalkot\u00e1sa is csak a dr\u00f3nok elterjed\u00e9se ut\u00e1n k\u00f6vetkezett. \u00c1m ez a feladat nem is olyan egyszer\u0171, mint ahogy gondoln\u00e1nk. A Pro Patria Electronics Kft. \u00e9s konzorciumi partnere, a Dat-Golf Kft. v\u00e1llalkoztak arra a kutat\u00e1s-fejleszt\u00e9si feladatra, amely modern korunk egyik biztons\u00e1gi kih\u00edv\u00e1s\u00e1ra v\u00e1laszol, miszerint hogyan<\/p>\n\t\t<\/div>\n\t\t\n\t\t<a class=\"elementor-post__read-more\" href=\"https:\/\/egyuttfejlodunk.hu\/?p=9468\" aria-label=\"Read more about Innovat\u00edv v\u00e1lasz a dr\u00f3nok kih\u00edv\u00e1s\u00e1ra\" tabindex=\"-1\" >\n\t\t\tRead more \u00bb\t\t<\/a>\n\n\t\t\t\t<\/div>\n\t\t\t\t<div class=\"elementor-post__meta-data\">\n\t\t\t\t\t<span class=\"elementor-post-date\">\n\t\t\t15.12.2025\t\t<\/span>\n\t\t\t\t<\/div>\n\t\t\t\t\t<\/div>\n\t\t<\/article>\n\t\t\t\t<article class=\"elementor-post elementor-grid-item post-9199 post type-post status-publish format-image has-post-thumbnail hentry category-vekop-hu tag-eszkozfejlesztes tag-gazdasagfejlesztes-hu post_format-post-format-image megye-pest-varmegye\" role=\"listitem\">\n\t\t\t<div class=\"elementor-post__card\">\n\t\t\t\t<a class=\"elementor-post__thumbnail__link\" href=\"https:\/\/egyuttfejlodunk.hu\/?p=9199\" tabindex=\"-1\" ><div class=\"elementor-post__thumbnail\"><img loading=\"lazy\" decoding=\"async\" width=\"640\" height=\"427\" src=\"https:\/\/egyuttfejlodunk.hu\/wp-content\/uploads\/2025\/11\/Belso1-1024x683-1-640x427.jpg\" class=\"attachment-medium size-medium wp-image-9202\" alt=\"\" srcset=\"https:\/\/egyuttfejlodunk.hu\/wp-content\/uploads\/2025\/11\/Belso1-1024x683-1-640x427.jpg 640w, https:\/\/egyuttfejlodunk.hu\/wp-content\/uploads\/2025\/11\/Belso1-1024x683-1-768x512.jpg 768w, https:\/\/egyuttfejlodunk.hu\/wp-content\/uploads\/2025\/11\/Belso1-1024x683-1-320x213.jpg 320w, https:\/\/egyuttfejlodunk.hu\/wp-content\/uploads\/2025\/11\/Belso1-1024x683-1-660x440.jpg 660w, https:\/\/egyuttfejlodunk.hu\/wp-content\/uploads\/2025\/11\/Belso1-1024x683-1-330x220.jpg 330w, https:\/\/egyuttfejlodunk.hu\/wp-content\/uploads\/2025\/11\/Belso1-1024x683-1.jpg 1024w\" sizes=\"(max-width: 640px) 100vw, 640px\" \/><\/div><\/a>\n\t\t\t\t<div class=\"elementor-post__badge\">Vekop<\/div>\n\t\t\t\t<div class=\"elementor-post__text\">\n\t\t\t\t<h3 class=\"elementor-post__title\">\n\t\t\t<a href=\"https:\/\/egyuttfejlodunk.hu\/?p=9199\" >\n\t\t\t\tA hagyom\u00e1ny \u00edze, a technol\u00f3gia ereje \u2013 meg\u00fajult a So\u00f3s T\u00e9szta\t\t\t<\/a>\n\t\t<\/h3>\n\t\t\t\t<div class=\"elementor-post__excerpt\">\n\t\t\t<p>A t\u00e9szta, ez a sokoldal\u00fa alap\u00e9lelmiszer, szinte mindenki kedvence \u2013 ak\u00e1r szaftos sz\u00f3sszal le\u00f6ntve, a s\u00fct\u0151ben elk\u00e9sz\u00edtve, vagy egyszer\u0171en csak \u00f6nmag\u00e1ban frissen f\u0151zve. Haz\u00e1nk egyik legnagyobb t\u00e9szta el\u0151\u00e1ll\u00edt\u00f3jak\u00e9nt a So\u00f3s T\u00e9szta Kft. eur\u00f3pai uni\u00f3s t\u00e1mogat\u00e1snak k\u00f6sz\u00f6nhet\u0151en m\u00e9g v\u00e1ltozatosabb kiv\u00e1l\u00f3 min\u0151s\u00e9g\u0171 term\u00e9kekkel k\u00e9pes ell\u00e1tni a magyar v\u00e1s\u00e1rl\u00f3kat. A c\u00e9g egy olyan felh\u00edv\u00e1sra p\u00e1ly\u00e1zatott sikerrel, amelynek c\u00e9lja a hazai kis- \u00e9s k\u00f6z\u00e9pv\u00e1llalkoz\u00e1sok termel\u00e9si kapacit\u00e1sainak b\u0151v\u00edt\u00e9se volt Pest v\u00e1rmegy\u00e9ben. A t\u00e1mogat\u00e1snak k\u00f6sz\u00f6nhet\u0151en a v\u00e1llalkoz\u00e1soknak lehet\u0151s\u00e9ge ny\u00edlt modern eszk\u00f6z-<\/p>\n\t\t<\/div>\n\t\t\n\t\t<a class=\"elementor-post__read-more\" href=\"https:\/\/egyuttfejlodunk.hu\/?p=9199\" aria-label=\"Read more about A hagyom\u00e1ny \u00edze, a technol\u00f3gia ereje \u2013 meg\u00fajult a So\u00f3s T\u00e9szta\" tabindex=\"-1\" >\n\t\t\tRead more \u00bb\t\t<\/a>\n\n\t\t\t\t<\/div>\n\t\t\t\t<div class=\"elementor-post__meta-data\">\n\t\t\t\t\t<span class=\"elementor-post-date\">\n\t\t\t07.11.2025\t\t<\/span>\n\t\t\t\t<\/div>\n\t\t\t\t\t<\/div>\n\t\t<\/article>\n\t\t\t\t<article class=\"elementor-post elementor-grid-item post-9115 post type-post status-publish format-standard has-post-thumbnail hentry category-vekop-hu tag-egeszsegugy-hu tag-gondoskodo-tarsadalom tag-prevencio megye-budapest\" role=\"listitem\">\n\t\t\t<div class=\"elementor-post__card\">\n\t\t\t\t<a class=\"elementor-post__thumbnail__link\" href=\"https:\/\/egyuttfejlodunk.hu\/?p=9115\" tabindex=\"-1\" ><div class=\"elementor-post__thumbnail\"><img loading=\"lazy\" decoding=\"async\" width=\"640\" height=\"365\" src=\"https:\/\/egyuttfejlodunk.hu\/wp-content\/uploads\/2025\/10\/pexels-gustavo-fring-6050126-1-640x365.jpg\" class=\"attachment-medium size-medium wp-image-9118\" alt=\"\" srcset=\"https:\/\/egyuttfejlodunk.hu\/wp-content\/uploads\/2025\/10\/pexels-gustavo-fring-6050126-1-640x365.jpg 640w, https:\/\/egyuttfejlodunk.hu\/wp-content\/uploads\/2025\/10\/pexels-gustavo-fring-6050126-1-1280x729.jpg 1280w, https:\/\/egyuttfejlodunk.hu\/wp-content\/uploads\/2025\/10\/pexels-gustavo-fring-6050126-1-768x438.jpg 768w, https:\/\/egyuttfejlodunk.hu\/wp-content\/uploads\/2025\/10\/pexels-gustavo-fring-6050126-1-1536x875.jpg 1536w, https:\/\/egyuttfejlodunk.hu\/wp-content\/uploads\/2025\/10\/pexels-gustavo-fring-6050126-1-320x182.jpg 320w, https:\/\/egyuttfejlodunk.hu\/wp-content\/uploads\/2025\/10\/pexels-gustavo-fring-6050126-1.jpg 1920w\" sizes=\"(max-width: 640px) 100vw, 640px\" \/><\/div><\/a>\n\t\t\t\t<div class=\"elementor-post__badge\">Vekop<\/div>\n\t\t\t\t<div class=\"elementor-post__text\">\n\t\t\t\t<h3 class=\"elementor-post__title\">\n\t\t\t<a href=\"https:\/\/egyuttfejlodunk.hu\/?p=9115\" >\n\t\t\t\tK\u00f6z\u00e9ppontban a betegbiztons\u00e1g \u2013 fejleszt\u00e9sek a P\u00e9terfy S\u00e1ndor Utcai K\u00f3rh\u00e1zban\t\t\t<\/a>\n\t\t<\/h3>\n\t\t\t\t<div class=\"elementor-post__excerpt\">\n\t\t\t<p>A modern eg\u00e9szs\u00e9g\u00fcgy egyik legnagyobb kih\u00edv\u00e1sa a k\u00f3rh\u00e1zi fert\u0151z\u00e9sek megel\u0151z\u00e9se \u00e9s az antibiotikum-rezisztencia visszaszor\u00edt\u00e1sa. Ezen a ter\u00fcleten a P\u00e9terfy S\u00e1ndor Utcai K\u00f3rh\u00e1z-Rendel\u0151int\u00e9zet \u00e9s Baleseti K\u00f6zpont eur\u00f3pai uni\u00f3s t\u00e1mogat\u00e1ssal nagyszab\u00e1s\u00fa fejleszt\u00e9st hajtott v\u00e9gre, amelynek f\u0151 c\u00e9lja a higi\u00e9n\u00e9s k\u00f6r\u00fclm\u00e9nyek korszer\u0171s\u00edt\u00e9se \u00e9s a betegell\u00e1t\u00e1s min\u0151s\u00e9g\u00e9nek jav\u00edt\u00e1sa volt. A P\u00e9terfy S\u00e1ndor Utcai K\u00f3rh\u00e1z Budapest egyik legfontosabb eg\u00e9szs\u00e9g\u00fcgyi int\u00e9zm\u00e9nye, amely nap mint nap t\u00f6bbezer f\u0151 ell\u00e1t\u00e1s\u00e1t biztos\u00edtja. A k\u00f3rh\u00e1z nemcsak a f\u0151v\u00e1ros k\u00f6zponti ker\u00fcleteinek lakosait kezeli, hanem bizonyos szakter\u00fcleteken<\/p>\n\t\t<\/div>\n\t\t\n\t\t<a class=\"elementor-post__read-more\" href=\"https:\/\/egyuttfejlodunk.hu\/?p=9115\" aria-label=\"Read more about K\u00f6z\u00e9ppontban a betegbiztons\u00e1g \u2013 fejleszt\u00e9sek a P\u00e9terfy S\u00e1ndor Utcai K\u00f3rh\u00e1zban\" tabindex=\"-1\" >\n\t\t\tRead more \u00bb\t\t<\/a>\n\n\t\t\t\t<\/div>\n\t\t\t\t<div class=\"elementor-post__meta-data\">\n\t\t\t\t\t<span class=\"elementor-post-date\">\n\t\t\t24.10.2025\t\t<\/span>\n\t\t\t\t<\/div>\n\t\t\t\t\t<\/div>\n\t\t<\/article>\n\t\t\t\t<article class=\"elementor-post elementor-grid-item post-9065 post type-post status-publish format-standard has-post-thumbnail hentry category-vekop-hu tag-eselyteremtes tag-gondoskodo-tarsadalom tag-szocialisellatas-hu megye-budapest\" role=\"listitem\">\n\t\t\t<div class=\"elementor-post__card\">\n\t\t\t\t<a class=\"elementor-post__thumbnail__link\" href=\"https:\/\/egyuttfejlodunk.hu\/?p=9065\" tabindex=\"-1\" ><div class=\"elementor-post__thumbnail\"><img loading=\"lazy\" decoding=\"async\" width=\"640\" height=\"372\" src=\"https:\/\/egyuttfejlodunk.hu\/wp-content\/uploads\/2025\/09\/pexels-mcray-12643552-640x372.jpg\" class=\"attachment-medium size-medium wp-image-9066\" alt=\"\" srcset=\"https:\/\/egyuttfejlodunk.hu\/wp-content\/uploads\/2025\/09\/pexels-mcray-12643552-640x372.jpg 640w, https:\/\/egyuttfejlodunk.hu\/wp-content\/uploads\/2025\/09\/pexels-mcray-12643552-1280x743.jpg 1280w, https:\/\/egyuttfejlodunk.hu\/wp-content\/uploads\/2025\/09\/pexels-mcray-12643552-768x446.jpg 768w, https:\/\/egyuttfejlodunk.hu\/wp-content\/uploads\/2025\/09\/pexels-mcray-12643552-1536x892.jpg 1536w, https:\/\/egyuttfejlodunk.hu\/wp-content\/uploads\/2025\/09\/pexels-mcray-12643552-320x186.jpg 320w, https:\/\/egyuttfejlodunk.hu\/wp-content\/uploads\/2025\/09\/pexels-mcray-12643552.jpg 1920w\" sizes=\"(max-width: 640px) 100vw, 640px\" \/><\/div><\/a>\n\t\t\t\t<div class=\"elementor-post__badge\">Vekop<\/div>\n\t\t\t\t<div class=\"elementor-post__text\">\n\t\t\t\t<h3 class=\"elementor-post__title\">\n\t\t\t<a href=\"https:\/\/egyuttfejlodunk.hu\/?p=9065\" >\n\t\t\t\tOtthonnal \u00e9s tud\u00e1ssal az \u00fajrakezd\u00e9s\u00e9rt\t\t\t<\/a>\n\t\t<\/h3>\n\t\t\t\t<div class=\"elementor-post__excerpt\">\n\t\t\t<p>Stabil otthon \u00e9s a biztos munkahely hi\u00e1ny\u00e1ban a t\u00e1rsadalomba val\u00f3 visszailleszked\u00e9s k\u00fcl\u00f6n\u00f6sen neh\u00e9z a hajl\u00e9ktalan emberek sz\u00e1m\u00e1ra. A v\u00e1ltoz\u00e1s els\u0151 l\u00e9p\u00e9seihez elengedhetetlenek azok a lehet\u0151s\u00e9gek, amelyek val\u00f3di alternat\u00edv\u00e1t k\u00edn\u00e1lnak. A Myrai Vall\u00e1si K\u00f6zhaszn\u00fa Egyes\u00fclet uni\u00f3s t\u00e1rsfinansz\u00edroz\u00e1s\u00fa projektje olyan t\u00f6bb pill\u00e9ren nyugv\u00f3 t\u00e1mogat\u00e1st k\u00edn\u00e1lt sz\u00e1mukra, amely j\u00f3 alapot adott az \u00fajrakezd\u00e9shez. Az utc\u00e1n \u00e9l\u0151k t\u00e1rsadalmi reintegr\u00e1ci\u00f3j\u00e1nak kezdeti l\u00e9p\u00e9sek\u00e9nt az egyes\u00fclet \u00f6t, b\u00fatorokkal \u00e9s alapvet\u0151 haszn\u00e1lati t\u00e1rgyakkal felszerelt lak\u00e1st b\u00e9relt \u00e9s biztos\u00edtott a r\u00e1szorul\u00f3k r\u00e9sz\u00e9re Budapesten. A<\/p>\n\t\t<\/div>\n\t\t\n\t\t<a class=\"elementor-post__read-more\" href=\"https:\/\/egyuttfejlodunk.hu\/?p=9065\" aria-label=\"Read more about Otthonnal \u00e9s tud\u00e1ssal az \u00fajrakezd\u00e9s\u00e9rt\" tabindex=\"-1\" >\n\t\t\tRead more \u00bb\t\t<\/a>\n\n\t\t\t\t<\/div>\n\t\t\t\t<div class=\"elementor-post__meta-data\">\n\t\t\t\t\t<span class=\"elementor-post-date\">\n\t\t\t13.10.2025\t\t<\/span>\n\t\t\t\t<\/div>\n\t\t\t\t\t<\/div>\n\t\t<\/article>\n\t\t\t\t<article class=\"elementor-post elementor-grid-item post-9021 post type-post status-publish format-gallery has-post-thumbnail hentry category-vekop-hu tag-elohelyfejlesztes tag-okologia tag-vizgazdalkodas post_format-post-format-gallery megye-pest-varmegye\" role=\"listitem\">\n\t\t\t<div class=\"elementor-post__card\">\n\t\t\t\t<a class=\"elementor-post__thumbnail__link\" href=\"https:\/\/egyuttfejlodunk.hu\/?p=9021\" tabindex=\"-1\" ><div class=\"elementor-post__thumbnail\"><img loading=\"lazy\" decoding=\"async\" width=\"640\" height=\"281\" src=\"https:\/\/egyuttfejlodunk.hu\/wp-content\/uploads\/2025\/09\/VEKOP-4.2.1-15-2016-00007Csatornak-rizskalitkak-tajsebek-tanyahelyek-felszamolasa5-640x281.jpg\" class=\"attachment-medium size-medium wp-image-9022\" alt=\"\" srcset=\"https:\/\/egyuttfejlodunk.hu\/wp-content\/uploads\/2025\/09\/VEKOP-4.2.1-15-2016-00007Csatornak-rizskalitkak-tajsebek-tanyahelyek-felszamolasa5-640x281.jpg 640w, https:\/\/egyuttfejlodunk.hu\/wp-content\/uploads\/2025\/09\/VEKOP-4.2.1-15-2016-00007Csatornak-rizskalitkak-tajsebek-tanyahelyek-felszamolasa5-768x337.jpg 768w, https:\/\/egyuttfejlodunk.hu\/wp-content\/uploads\/2025\/09\/VEKOP-4.2.1-15-2016-00007Csatornak-rizskalitkak-tajsebek-tanyahelyek-felszamolasa5-320x140.jpg 320w, https:\/\/egyuttfejlodunk.hu\/wp-content\/uploads\/2025\/09\/VEKOP-4.2.1-15-2016-00007Csatornak-rizskalitkak-tajsebek-tanyahelyek-felszamolasa5.jpg 1280w\" sizes=\"(max-width: 640px) 100vw, 640px\" \/><\/div><\/a>\n\t\t\t\t<div class=\"elementor-post__badge\">Vekop<\/div>\n\t\t\t\t<div class=\"elementor-post__text\">\n\t\t\t\t<h3 class=\"elementor-post__title\">\n\t\t\t<a href=\"https:\/\/egyuttfejlodunk.hu\/?p=9021\" >\n\t\t\t\tA szikes puszta \u00fajj\u00e1sz\u00fclet\u00e9se a Kiskuns\u00e1g perem\u00e9n\t\t\t<\/a>\n\t\t<\/h3>\n\t\t\t\t<div class=\"elementor-post__excerpt\">\n\t\t\t<p>A Kiskuns\u00e1gi Nemzeti Park Igazgat\u00f3s\u00e1g nagyszab\u00e1s\u00fa projektet vez\u00e9nyelt a Pest v\u00e1rmegyei Apaj k\u00f6rny\u00e9k\u00e9n, a Fels\u0151-kiskuns\u00e1gi puszt\u00e1n, hogy a term\u00e9szetellenes v\u00edzrendez\u00e9s nyomait elt\u00fcntess\u00e9k \u00e9s a leromlott \u00f6kosziszt\u00e9ma lehet\u0151s\u00e9get kapjon a meg\u00fajul\u00e1sra. Az ilyen ter\u00fcletek helyre\u00e1ll\u00edt\u00e1s\u00e1val lehet ugyanis jav\u00edtani a v\u00e9dett \u00e9s k\u00f6z\u00f6ss\u00e9gi jelent\u0151s\u00e9g\u0171 fajok, illetve \u00e9l\u0151helyek helyzet\u00e9t, hozz\u00e1j\u00e1rulni a biol\u00f3giai sokf\u00e9les\u00e9g meg\u0151rz\u00e9s\u00e9hez. A beavatkoz\u00e1si ter\u00fclet a Hortob\u00e1gy ut\u00e1n haz\u00e1nk m\u00e1sodik legnagyobb \u00f6sszef\u00fcgg\u0151 szikes puszt\u00e1j\u00e1nak \u00e9s vizes \u00e9l\u0151hely-l\u00e1ncolat\u00e1nak r\u00e9sze, amelynek teljes kiterjed\u00e9se t\u00f6bb mint 11 ezer hekt\u00e1r.<\/p>\n\t\t<\/div>\n\t\t\n\t\t<a class=\"elementor-post__read-more\" href=\"https:\/\/egyuttfejlodunk.hu\/?p=9021\" aria-label=\"Read more about A szikes puszta \u00fajj\u00e1sz\u00fclet\u00e9se a Kiskuns\u00e1g perem\u00e9n\" tabindex=\"-1\" >\n\t\t\tRead more \u00bb\t\t<\/a>\n\n\t\t\t\t<\/div>\n\t\t\t\t<div class=\"elementor-post__meta-data\">\n\t\t\t\t\t<span class=\"elementor-post-date\">\n\t\t\t01.10.2025\t\t<\/span>\n\t\t\t\t<\/div>\n\t\t\t\t\t<\/div>\n\t\t<\/article>\n\t\t\t\t<article class=\"elementor-post elementor-grid-item post-8936 post type-post status-publish format-gallery has-post-thumbnail hentry category-vekop-hu tag-kozlekedesfejlesztes tag-varosfejlesztes post_format-post-format-gallery megye-budapest\" role=\"listitem\">\n\t\t\t<div class=\"elementor-post__card\">\n\t\t\t\t<a class=\"elementor-post__thumbnail__link\" href=\"https:\/\/egyuttfejlodunk.hu\/?p=8936\" tabindex=\"-1\" ><div class=\"elementor-post__thumbnail\"><img loading=\"lazy\" decoding=\"async\" width=\"640\" height=\"311\" src=\"https:\/\/egyuttfejlodunk.hu\/wp-content\/uploads\/2025\/09\/VEKOP-5.3.1.-15-2020-00017Kerekparosbarat-infrastrukturalis-fejlesztesek14-1-1-640x311.jpg\" class=\"attachment-medium size-medium wp-image-8949\" alt=\"\" srcset=\"https:\/\/egyuttfejlodunk.hu\/wp-content\/uploads\/2025\/09\/VEKOP-5.3.1.-15-2020-00017Kerekparosbarat-infrastrukturalis-fejlesztesek14-1-1-640x311.jpg 640w, https:\/\/egyuttfejlodunk.hu\/wp-content\/uploads\/2025\/09\/VEKOP-5.3.1.-15-2020-00017Kerekparosbarat-infrastrukturalis-fejlesztesek14-1-1-1280x622.jpg 1280w, https:\/\/egyuttfejlodunk.hu\/wp-content\/uploads\/2025\/09\/VEKOP-5.3.1.-15-2020-00017Kerekparosbarat-infrastrukturalis-fejlesztesek14-1-1-768x373.jpg 768w, https:\/\/egyuttfejlodunk.hu\/wp-content\/uploads\/2025\/09\/VEKOP-5.3.1.-15-2020-00017Kerekparosbarat-infrastrukturalis-fejlesztesek14-1-1-1536x747.jpg 1536w, https:\/\/egyuttfejlodunk.hu\/wp-content\/uploads\/2025\/09\/VEKOP-5.3.1.-15-2020-00017Kerekparosbarat-infrastrukturalis-fejlesztesek14-1-1-320x156.jpg 320w, https:\/\/egyuttfejlodunk.hu\/wp-content\/uploads\/2025\/09\/VEKOP-5.3.1.-15-2020-00017Kerekparosbarat-infrastrukturalis-fejlesztesek14-1-1.jpg 1783w\" sizes=\"(max-width: 640px) 100vw, 640px\" \/><\/div><\/a>\n\t\t\t\t<div class=\"elementor-post__badge\">Vekop<\/div>\n\t\t\t\t<div class=\"elementor-post__text\">\n\t\t\t\t<h3 class=\"elementor-post__title\">\n\t\t\t<a href=\"https:\/\/egyuttfejlodunk.hu\/?p=8936\" >\n\t\t\t\tK\u00f6z\u00f6s utakon: Budapest ker\u00e9kp\u00e1ros fejleszt\u00e9sei a fenntarthat\u00f3 v\u00e1ros\u00e9rt\t\t\t<\/a>\n\t\t<\/h3>\n\t\t\t\t<div class=\"elementor-post__excerpt\">\n\t\t\t<p>A budapesti k\u00f6zleked\u00e9s j\u00f6v\u0151j\u00e9t egyre ink\u00e1bb a fenntarthat\u00f3s\u00e1g hat\u00e1rozza meg. A f\u0151v\u00e1ros vezet\u00e9se \u00e9s a Budapesti K\u00f6zleked\u00e9si K\u00f6zpont egy uni\u00f3s t\u00e1mogat\u00e1s\u00fa projekt keret\u00e9ben k\u00f6z\u00f6sen dolgozott azon, hogy a lakoss\u00e1g mindennapi utaz\u00e1saiban egyre t\u00f6bben v\u00e1lassz\u00e1k a gyalogos, ker\u00e9kp\u00e1ros \u00e9s k\u00f6z\u00f6ss\u00e9gi k\u00f6zleked\u00e9si form\u00e1kat. A fejleszt\u00e9sek nem egy sz\u0171k csoportnak sz\u00f3ltak: nem a \u201eker\u00e9kp\u00e1rosoknak\u201d vagy a \u201egyalogosoknak\u201d, hanem minden budapestinek, hiszen a v\u00e1roslak\u00f3 egyszer aut\u00f3s, m\u00e1skor ker\u00e9kp\u00e1ros, vagy \u00e9ppen gyalogos. A k\u00f6z\u00f6s c\u00e9l az, hogy mindenki sz\u00e1m\u00e1ra biztons\u00e1gos,<\/p>\n\t\t<\/div>\n\t\t\n\t\t<a class=\"elementor-post__read-more\" href=\"https:\/\/egyuttfejlodunk.hu\/?p=8936\" aria-label=\"Read more about K\u00f6z\u00f6s utakon: Budapest ker\u00e9kp\u00e1ros fejleszt\u00e9sei a fenntarthat\u00f3 v\u00e1ros\u00e9rt\" tabindex=\"-1\" >\n\t\t\tRead more \u00bb\t\t<\/a>\n\n\t\t\t\t<\/div>\n\t\t\t\t<div class=\"elementor-post__meta-data\">\n\t\t\t\t\t<span class=\"elementor-post-date\">\n\t\t\t15.09.2025\t\t<\/span>\n\t\t\t\t<\/div>\n\t\t\t\t\t<\/div>\n\t\t<\/article>\n\t\t\t\t<article class=\"elementor-post elementor-grid-item post-8755 post type-post status-publish format-standard has-post-thumbnail hentry category-vekop-hu tag-egeszsegugy-hu tag-foglalkoztatas tag-intezmenyfejlesztes megye-budapest\" role=\"listitem\">\n\t\t\t<div class=\"elementor-post__card\">\n\t\t\t\t<a class=\"elementor-post__thumbnail__link\" href=\"https:\/\/egyuttfejlodunk.hu\/?p=8755\" tabindex=\"-1\" ><div class=\"elementor-post__thumbnail\"><img loading=\"lazy\" decoding=\"async\" width=\"640\" height=\"296\" src=\"https:\/\/egyuttfejlodunk.hu\/wp-content\/uploads\/2025\/08\/getdata-3-640x296.jpg\" class=\"attachment-medium size-medium wp-image-8757\" alt=\"\" srcset=\"https:\/\/egyuttfejlodunk.hu\/wp-content\/uploads\/2025\/08\/getdata-3-640x296.jpg 640w, https:\/\/egyuttfejlodunk.hu\/wp-content\/uploads\/2025\/08\/getdata-3-768x355.jpg 768w, https:\/\/egyuttfejlodunk.hu\/wp-content\/uploads\/2025\/08\/getdata-3-320x148.jpg 320w, https:\/\/egyuttfejlodunk.hu\/wp-content\/uploads\/2025\/08\/getdata-3.jpg 1000w\" sizes=\"(max-width: 640px) 100vw, 640px\" \/><\/div><\/a>\n\t\t\t\t<div class=\"elementor-post__badge\">Vekop<\/div>\n\t\t\t\t<div class=\"elementor-post__text\">\n\t\t\t\t<h3 class=\"elementor-post__title\">\n\t\t\t<a href=\"https:\/\/egyuttfejlodunk.hu\/?p=8755\" >\n\t\t\t\tHum\u00e1ner\u0151forr\u00e1s-fejleszt\u00e9s a betegek szolg\u00e1lat\u00e1ban\t\t\t<\/a>\n\t\t<\/h3>\n\t\t\t\t<div class=\"elementor-post__excerpt\">\n\t\t\t<p>A Budapesti Szent Ferenc K\u00f3rh\u00e1z a Versenyk\u00e9pes K\u00f6z\u00e9p-Magyarorsz\u00e1g Operat\u00edv Program keret\u00e9ben, uni\u00f3s t\u00e1mogat\u00e1ssal val\u00f3s\u00edtotta meg hum\u00e1ner\u0151forr\u00e1s-fejleszt\u00e9si programj\u00e1t. A k\u00f3rh\u00e1z szakember\u00e1llom\u00e1ny\u00e1nak b\u0151v\u00edt\u00e9se a zavartalan betegell\u00e1t\u00e1st \u00e9s a szolg\u00e1ltat\u00e1sok folyamatos el\u00e9rhet\u0151s\u00e9g\u00e9t seg\u00edti el\u0151. Az eg\u00e9szs\u00e9g\u00fcgyi szaktort \u00e9rint\u0151 kih\u00edv\u00e1sok ok\u00e1n \u2013 \u00fagymint korai p\u00e1lyaelhagy\u00e1s, az eg\u00e9szs\u00e9g\u00fcgyi dolgoz\u00f3k el\u00f6reged\u00e9se, valamint a k\u00fclf\u00f6ld\u00f6n t\u00f6rt\u00e9n\u0151 munkav\u00e1llal\u00e1s elterjed\u00e9se \u2013 sokszor neh\u00e9zs\u00e9get okoz egyes szakter\u00fcleteken a megfelel\u0151 min\u0151s\u00e9g\u0171 \u00e9s mennyis\u00e9g\u0171 szakember biztos\u00edt\u00e1sa. A Szent Ferenc K\u00f3rh\u00e1z programja ez\u00e9rt k\u00fcl\u00f6n\u00f6sen fontos, \u00e9s komoly el\u0151rel\u00e9p\u00e9st<\/p>\n\t\t<\/div>\n\t\t\n\t\t<a class=\"elementor-post__read-more\" href=\"https:\/\/egyuttfejlodunk.hu\/?p=8755\" aria-label=\"Read more about Hum\u00e1ner\u0151forr\u00e1s-fejleszt\u00e9s a betegek szolg\u00e1lat\u00e1ban\" tabindex=\"-1\" >\n\t\t\tRead more \u00bb\t\t<\/a>\n\n\t\t\t\t<\/div>\n\t\t\t\t<div class=\"elementor-post__meta-data\">\n\t\t\t\t\t<span class=\"elementor-post-date\">\n\t\t\t29.08.2025\t\t<\/span>\n\t\t\t\t<\/div>\n\t\t\t\t\t<\/div>\n\t\t<\/article>\n\t\t\t\t<article class=\"elementor-post elementor-grid-item post-8658 post type-post status-publish format-standard has-post-thumbnail hentry category-vekop-hu tag-eszkozfejlesztes tag-kutatasfejlesztes-hu tag-oktatas-hu megye-budapest\" role=\"listitem\">\n\t\t\t<div class=\"elementor-post__card\">\n\t\t\t\t<a class=\"elementor-post__thumbnail__link\" href=\"https:\/\/egyuttfejlodunk.hu\/?p=8658\" tabindex=\"-1\" ><div class=\"elementor-post__thumbnail\"><img loading=\"lazy\" decoding=\"async\" width=\"640\" height=\"324\" src=\"https:\/\/egyuttfejlodunk.hu\/wp-content\/uploads\/2025\/08\/pexels-googledeepmind-25626509-640x324.jpg\" class=\"attachment-medium size-medium wp-image-8659\" alt=\"\" srcset=\"https:\/\/egyuttfejlodunk.hu\/wp-content\/uploads\/2025\/08\/pexels-googledeepmind-25626509-640x324.jpg 640w, https:\/\/egyuttfejlodunk.hu\/wp-content\/uploads\/2025\/08\/pexels-googledeepmind-25626509-1280x649.jpg 1280w, https:\/\/egyuttfejlodunk.hu\/wp-content\/uploads\/2025\/08\/pexels-googledeepmind-25626509-768x389.jpg 768w, https:\/\/egyuttfejlodunk.hu\/wp-content\/uploads\/2025\/08\/pexels-googledeepmind-25626509-1536x778.jpg 1536w, https:\/\/egyuttfejlodunk.hu\/wp-content\/uploads\/2025\/08\/pexels-googledeepmind-25626509-320x162.jpg 320w, https:\/\/egyuttfejlodunk.hu\/wp-content\/uploads\/2025\/08\/pexels-googledeepmind-25626509.jpg 1920w\" sizes=\"(max-width: 640px) 100vw, 640px\" \/><\/div><\/a>\n\t\t\t\t<div class=\"elementor-post__badge\">Vekop<\/div>\n\t\t\t\t<div class=\"elementor-post__text\">\n\t\t\t\t<h3 class=\"elementor-post__title\">\n\t\t\t<a href=\"https:\/\/egyuttfejlodunk.hu\/?p=8658\" >\n\t\t\t\tMolekul\u00e1k nyom\u00e1ban az ELTE kutat\u00f3i\t\t\t<\/a>\n\t\t<\/h3>\n\t\t\t\t<div class=\"elementor-post__excerpt\">\n\t\t\t<p>B\u00e1r a legt\u00f6bb\u00fcnk sz\u00e1m\u00e1ra l\u00e1thatatlan vil\u00e1g, a molekul\u00e1k \u00e9s azok k\u00f6lcs\u00f6nhat\u00e1sainak pontos meg\u00e9rt\u00e9se alapjaiban hat\u00e1rozza meg, hogy milyen gy\u00f3gyszerek \u00e1llnak majd rendelkez\u00e9s\u00fcnkre, hogyan \u00e9rtj\u00fck meg a betegs\u00e9geket, vagy milyen \u00faj anyagokat hozhatunk l\u00e9tre. Az E\u00f6tv\u00f6s Lor\u00e1nd Tudom\u00e1nyegyetem eur\u00f3pai uni\u00f3s projektje \u00e9ppen azt a c\u00e9lt szolg\u00e1lta, hogy egy cs\u00facstechnol\u00f3gi\u00e1s r\u00f6ntgendiffrakci\u00f3s m\u0171szer beszerz\u00e9s\u00e9vel a kutat\u00f3k sz\u00e1m\u00e1ra \u00faj lehet\u0151s\u00e9gek ny\u00edljanak meg a feh\u00e9rj\u00e9k \u00e9s m\u00e1s bioakt\u00edv molekul\u00e1k vizsg\u00e1lat\u00e1ban. A Sz\u00e9chenyi 2020 program r\u00e9szek\u00e9nt megval\u00f3sult fejleszt\u00e9s k\u00f6zvetlen\u00fcl a K\u00f6z\u00e9p-Magyarorsz\u00e1gi<\/p>\n\t\t<\/div>\n\t\t\n\t\t<a class=\"elementor-post__read-more\" href=\"https:\/\/egyuttfejlodunk.hu\/?p=8658\" aria-label=\"Read more about Molekul\u00e1k nyom\u00e1ban az ELTE kutat\u00f3i\" tabindex=\"-1\" >\n\t\t\tRead more \u00bb\t\t<\/a>\n\n\t\t\t\t<\/div>\n\t\t\t\t<div class=\"elementor-post__meta-data\">\n\t\t\t\t\t<span class=\"elementor-post-date\">\n\t\t\t13.08.2025\t\t<\/span>\n\t\t\t\t<\/div>\n\t\t\t\t\t<\/div>\n\t\t<\/article>\n\t\t\t\t<article class=\"elementor-post elementor-grid-item post-8560 post type-post status-publish format-gallery has-post-thumbnail hentry category-vekop-hu tag-gondoskodo-tarsadalom tag-intezmenyfejlesztes post_format-post-format-gallery megye-budapest\" role=\"listitem\">\n\t\t\t<div class=\"elementor-post__card\">\n\t\t\t\t<a class=\"elementor-post__thumbnail__link\" href=\"https:\/\/egyuttfejlodunk.hu\/?p=8560\" tabindex=\"-1\" ><div class=\"elementor-post__thumbnail\"><img loading=\"lazy\" decoding=\"async\" width=\"640\" height=\"387\" src=\"https:\/\/egyuttfejlodunk.hu\/wp-content\/uploads\/2025\/07\/pexels-davegarcia-33218816-1-640x387.jpg\" class=\"attachment-medium size-medium wp-image-8563\" alt=\"\" srcset=\"https:\/\/egyuttfejlodunk.hu\/wp-content\/uploads\/2025\/07\/pexels-davegarcia-33218816-1-640x387.jpg 640w, https:\/\/egyuttfejlodunk.hu\/wp-content\/uploads\/2025\/07\/pexels-davegarcia-33218816-1-1280x775.jpg 1280w, https:\/\/egyuttfejlodunk.hu\/wp-content\/uploads\/2025\/07\/pexels-davegarcia-33218816-1-768x465.jpg 768w, https:\/\/egyuttfejlodunk.hu\/wp-content\/uploads\/2025\/07\/pexels-davegarcia-33218816-1-1536x930.jpg 1536w, https:\/\/egyuttfejlodunk.hu\/wp-content\/uploads\/2025\/07\/pexels-davegarcia-33218816-1-320x194.jpg 320w, https:\/\/egyuttfejlodunk.hu\/wp-content\/uploads\/2025\/07\/pexels-davegarcia-33218816-1.jpg 1920w\" sizes=\"(max-width: 640px) 100vw, 640px\" \/><\/div><\/a>\n\t\t\t\t<div class=\"elementor-post__badge\">Vekop<\/div>\n\t\t\t\t<div class=\"elementor-post__text\">\n\t\t\t\t<h3 class=\"elementor-post__title\">\n\t\t\t<a href=\"https:\/\/egyuttfejlodunk.hu\/?p=8560\" >\n\t\t\t\t\u00daj otthon, \u00faj es\u00e9ly \u2013 gyermekbar\u00e1t korszer\u0171s\u00edt\u00e9s a Kmety utcai gyermekotthonban\t\t\t<\/a>\n\t\t<\/h3>\n\t\t\t\t<div class=\"elementor-post__excerpt\">\n\t\t\t<p>Budapesten, a Kmety utca 31. sz\u00e1m alatt \u00e9vtizedek \u00f3ta \u00e1ll egy \u00e9p\u00fclet, amely t\u00f6bb egyszer\u0171 int\u00e9zm\u00e9nyn\u00e9l. Ez az a hely, ahol csal\u00e1djukb\u00f3l kiemelt kisgyermekek \u00faj \u00e9letet kezdhetnek, ahol biztons\u00e1got, t\u00f6r\u0151d\u00e9st \u00e9s figyelmet kapnak. Az id\u0151 azonban nem m\u00falt el nyomtalanul: az \u00e9p\u00fclet meg\u00e9rett a meg\u00fajul\u00e1sra, mind fizikailag, mind szakmailag. A f\u0151v\u00e1rosi Sztehlo G\u00e1bor Gyermekotthon \u00e9s Fogyat\u00e9kosokat Befogad\u00f3 Otthonok Kmety utcai telephely\u00e9n m\u0171k\u00f6d\u0151, 40 f\u00e9r\u0151helyes gyermekotthon teljes k\u00f6r\u0171 fel\u00faj\u00edt\u00e1son esett \u00e1t. Az \u00e1talak\u00edt\u00e1s sor\u00e1n k\u00e9t modern,<\/p>\n\t\t<\/div>\n\t\t\n\t\t<a class=\"elementor-post__read-more\" href=\"https:\/\/egyuttfejlodunk.hu\/?p=8560\" aria-label=\"Read more about \u00daj otthon, \u00faj es\u00e9ly \u2013 gyermekbar\u00e1t korszer\u0171s\u00edt\u00e9s a Kmety utcai gyermekotthonban\" tabindex=\"-1\" >\n\t\t\tRead more \u00bb\t\t<\/a>\n\n\t\t\t\t<\/div>\n\t\t\t\t<div class=\"elementor-post__meta-data\">\n\t\t\t\t\t<span class=\"elementor-post-date\">\n\t\t\t30.07.2025\t\t<\/span>\n\t\t\t\t<\/div>\n\t\t\t\t\t<\/div>\n\t\t<\/article>\n\t\t\t\t<article class=\"elementor-post elementor-grid-item post-8400 post type-post status-publish format-gallery has-post-thumbnail hentry category-vekop-hu tag-elohelyfejlesztes tag-okologia tag-termeszetvedelem post_format-post-format-gallery megye-budapest megye-pest-varmegye\" role=\"listitem\">\n\t\t\t<div class=\"elementor-post__card\">\n\t\t\t\t<a class=\"elementor-post__thumbnail__link\" href=\"https:\/\/egyuttfejlodunk.hu\/?p=8400\" tabindex=\"-1\" ><div class=\"elementor-post__thumbnail\"><img loading=\"lazy\" decoding=\"async\" width=\"640\" height=\"395\" src=\"https:\/\/egyuttfejlodunk.hu\/wp-content\/uploads\/2025\/07\/VEKOP-4.2.1-15-2016-00002A-Pilisi-Bioszfera-Rezervatum-es-a-vilagoroksegre-jelolt-Budai-termalkarszt-barlangj2-640x395.jpg\" class=\"attachment-medium size-medium wp-image-8408\" alt=\"\" srcset=\"https:\/\/egyuttfejlodunk.hu\/wp-content\/uploads\/2025\/07\/VEKOP-4.2.1-15-2016-00002A-Pilisi-Bioszfera-Rezervatum-es-a-vilagoroksegre-jelolt-Budai-termalkarszt-barlangj2-640x395.jpg 640w, https:\/\/egyuttfejlodunk.hu\/wp-content\/uploads\/2025\/07\/VEKOP-4.2.1-15-2016-00002A-Pilisi-Bioszfera-Rezervatum-es-a-vilagoroksegre-jelolt-Budai-termalkarszt-barlangj2-1280x791.jpg 1280w, https:\/\/egyuttfejlodunk.hu\/wp-content\/uploads\/2025\/07\/VEKOP-4.2.1-15-2016-00002A-Pilisi-Bioszfera-Rezervatum-es-a-vilagoroksegre-jelolt-Budai-termalkarszt-barlangj2-768x474.jpg 768w, https:\/\/egyuttfejlodunk.hu\/wp-content\/uploads\/2025\/07\/VEKOP-4.2.1-15-2016-00002A-Pilisi-Bioszfera-Rezervatum-es-a-vilagoroksegre-jelolt-Budai-termalkarszt-barlangj2-1536x949.jpg 1536w, https:\/\/egyuttfejlodunk.hu\/wp-content\/uploads\/2025\/07\/VEKOP-4.2.1-15-2016-00002A-Pilisi-Bioszfera-Rezervatum-es-a-vilagoroksegre-jelolt-Budai-termalkarszt-barlangj2-320x198.jpg 320w, https:\/\/egyuttfejlodunk.hu\/wp-content\/uploads\/2025\/07\/VEKOP-4.2.1-15-2016-00002A-Pilisi-Bioszfera-Rezervatum-es-a-vilagoroksegre-jelolt-Budai-termalkarszt-barlangj2.jpg 1920w\" sizes=\"(max-width: 640px) 100vw, 640px\" \/><\/div><\/a>\n\t\t\t\t<div class=\"elementor-post__badge\">Vekop<\/div>\n\t\t\t\t<div class=\"elementor-post__text\">\n\t\t\t\t<h3 class=\"elementor-post__title\">\n\t\t\t<a href=\"https:\/\/egyuttfejlodunk.hu\/?p=8400\" >\n\t\t\t\tA Budai-hegys\u00e9g \u00e9s a Pilis barlangjainak komplex fejleszt\u00e9se\t\t\t<\/a>\n\t\t<\/h3>\n\t\t\t\t<div class=\"elementor-post__excerpt\">\n\t\t\t<p>A Duna-Ipoly Nemzeti Park Igazgat\u00f3s\u00e1ga nagyszab\u00e1s\u00fa term\u00e9szetv\u00e9delmi \u00e9s turisztikai fejleszt\u00e9st val\u00f3s\u00edtott meg a Pilisi Bioszf\u00e9ra Rezerv\u00e1tumban \u00e9s a vil\u00e1g\u00f6r\u00f6ks\u00e9gi v\u00e1rom\u00e1nyos Budai-term\u00e1lkarszt barlangrendszereiben. A projekt f\u0151 c\u00e9lja a ter\u00fcleten tal\u00e1lhat\u00f3 kiemelked\u0151 geol\u00f3giai \u00e9s zool\u00f3giai \u00e9rt\u00e9kek \u2013 els\u0151sorban a barlangi denev\u00e9rfajok \u2013 v\u00e9delme, valamint a barlangok turisztikai \u00e9s ismeretterjeszt\u0151 szerep\u00e9nek er\u0151s\u00edt\u00e9se volt. A fejleszt\u00e9s egyik k\u00f6zponti elem\u00e9t a Budai-hegys\u00e9g k\u00e9t idegenforgalmi barlangj\u00e1ban, a P\u00e1l-v\u00f6lgyi- \u00e9s a Szeml\u0151-hegyi-barlangban tal\u00e1lhat\u00f3 vil\u00e1g\u00edt\u00e1si rendszerek korszer\u0171s\u00edt\u00e9se jelentette. A r\u00e9gi vil\u00e1g\u00edt\u00f3berendez\u00e9sek hely\u00e9t modern,<\/p>\n\t\t<\/div>\n\t\t\n\t\t<a class=\"elementor-post__read-more\" href=\"https:\/\/egyuttfejlodunk.hu\/?p=8400\" aria-label=\"Read more about A Budai-hegys\u00e9g \u00e9s a Pilis barlangjainak komplex fejleszt\u00e9se\" tabindex=\"-1\" >\n\t\t\tRead more \u00bb\t\t<\/a>\n\n\t\t\t\t<\/div>\n\t\t\t\t<div class=\"elementor-post__meta-data\">\n\t\t\t\t\t<span class=\"elementor-post-date\">\n\t\t\t11.07.2025\t\t<\/span>\n\t\t\t\t<\/div>\n\t\t\t\t\t<\/div>\n\t\t<\/article>\n\t\t\t\t<\/div>\n\t\t\n\t\t\t\t<div class=\"e-load-more-anchor\" data-page=\"1\" data-max-page=\"4\" data-next-page=\"https:\/\/egyuttfejlodunk.hu\/index.php?rest_route=%2Fwp%2Fv2%2Fpages%2F10295&#038;paged=2\"><\/div>\n\t\t\t\t<nav class=\"elementor-pagination\" aria-label=\"Pagination\">\n\t\t\t<span aria-current=\"page\" class=\"page-numbers current\"><span class=\"elementor-screen-only\">Page<\/span>1<\/span>\n<a class=\"page-numbers\" href=\"https:\/\/egyuttfejlodunk.hu\/index.php\/?paged=2\"><span class=\"elementor-screen-only\">Page<\/span>2<\/a>\n<a class=\"page-numbers\" href=\"https:\/\/egyuttfejlodunk.hu\/index.php\/?paged=3\"><span class=\"elementor-screen-only\">Page<\/span>3<\/a>\n<a class=\"page-numbers\" href=\"https:\/\/egyuttfejlodunk.hu\/index.php\/?paged=4\"><span class=\"elementor-screen-only\">Page<\/span>4<\/a>\t\t<\/nav>\n\t\t\t\t\t\t<\/div>\n\t\t\t\t<\/div>\n\t\t\t\t\t<\/div>\n\t\t\t\t<\/div>\n\t\t\t\t<\/div>\n\t\t","protected":false},"excerpt":{"rendered":"","protected":false},"author":30,"featured_media":0,"parent":0,"menu_order":0,"comment_status":"closed","ping_status":"closed","template":"elementor_header_footer","meta":{"_acf_changed":false,"ngg_post_thumbnail":0,"footnotes":""},"class_list":["post-10295","page","type-page","status-publish","hentry"],"acf":[],"yoast_head":"<!-- This site is optimized with the Yoast SEO Premium plugin v28.4 (Yoast SEO v28.4) - https:\/\/yoast.com\/product\/yoast-seo-premium-wordpress\/ -->\n<title>VEKOP - Egy\u00fctt fejl\u0151d\u00fcnk<\/title>\n<meta name=\"robots\" content=\"noindex, follow, max-snippet:-1, max-image-preview:large, max-video-preview:-1\" \/>\n<meta property=\"og:locale\" content=\"hu_HU\" \/>\n<meta property=\"og:type\" content=\"article\" \/>\n<meta property=\"og:title\" content=\"VEKOP\" \/>\n<meta property=\"og:url\" content=\"https:\/\/egyuttfejlodunk.hu\/?page_id=10295&amp;lang=en\" \/>\n<meta property=\"og:site_name\" content=\"Egy\u00fctt fejl\u0151d\u00fcnk\" \/>\n<meta property=\"article:modified_time\" content=\"2026-05-11T08:50:19+00:00\" \/>\n<meta name=\"twitter:card\" content=\"summary_large_image\" \/>\n<meta name=\"twitter:label1\" content=\"Becs\u00fclt olvas\u00e1si id\u0151\" \/>\n\t<meta name=\"twitter:data1\" content=\"10 perc\" \/>\n<script type=\"application\/ld+json\" class=\"yoast-schema-graph\">{\"@context\":\"https:\\\/\\\/schema.org\",\"@graph\":[{\"@type\":\"WebPage\",\"@id\":\"https:\\\/\\\/egyuttfejlodunk.hu\\\/?page_id=10295&lang=en\",\"url\":\"https:\\\/\\\/egyuttfejlodunk.hu\\\/?page_id=10295&lang=en\",\"name\":\"VEKOP - Egy\u00fctt fejl\u0151d\u00fcnk\",\"isPartOf\":{\"@id\":\"https:\\\/\\\/egyuttfejlodunk.hu\\\/#website\"},\"datePublished\":\"2026-04-15T13:54:11+00:00\",\"dateModified\":\"2026-05-11T08:50:19+00:00\",\"breadcrumb\":{\"@id\":\"https:\\\/\\\/egyuttfejlodunk.hu\\\/?page_id=10295&lang=en#breadcrumb\"},\"inLanguage\":\"hu\",\"potentialAction\":[{\"@type\":\"ReadAction\",\"target\":[\"https:\\\/\\\/egyuttfejlodunk.hu\\\/?page_id=10295&lang=en\"]}]},{\"@type\":\"BreadcrumbList\",\"@id\":\"https:\\\/\\\/egyuttfejlodunk.hu\\\/?page_id=10295&lang=en#breadcrumb\",\"itemListElement\":[{\"@type\":\"ListItem\",\"position\":1,\"name\":\"Home\",\"item\":\"https:\\\/\\\/egyuttfejlodunk.hu\\\/\"},{\"@type\":\"ListItem\",\"position\":2,\"name\":\"VEKOP\"}]},{\"@type\":\"WebSite\",\"@id\":\"https:\\\/\\\/egyuttfejlodunk.hu\\\/#website\",\"url\":\"https:\\\/\\\/egyuttfejlodunk.hu\\\/\",\"name\":\"Egy\u00fctt fejl\u0151d\u00fcnk\",\"description\":\"\",\"publisher\":{\"@id\":\"https:\\\/\\\/egyuttfejlodunk.hu\\\/#organization\"},\"potentialAction\":[{\"@type\":\"SearchAction\",\"target\":{\"@type\":\"EntryPoint\",\"urlTemplate\":\"https:\\\/\\\/egyuttfejlodunk.hu\\\/?s={search_term_string}\"},\"query-input\":{\"@type\":\"PropertyValueSpecification\",\"valueRequired\":true,\"valueName\":\"search_term_string\"}}],\"inLanguage\":\"hu\"},{\"@type\":\"Organization\",\"@id\":\"https:\\\/\\\/egyuttfejlodunk.hu\\\/#organization\",\"name\":\"Egy\u00fctt fejl\u0151d\u00fcnk\",\"url\":\"https:\\\/\\\/egyuttfejlodunk.hu\\\/\",\"logo\":{\"@type\":\"ImageObject\",\"inLanguage\":\"hu\",\"@id\":\"https:\\\/\\\/egyuttfejlodunk.hu\\\/#\\\/schema\\\/logo\\\/image\\\/\",\"url\":\"https:\\\/\\\/egyuttfejlodunk.hu\\\/wp-content\\\/uploads\\\/2026\\\/04\\\/ujlogo.jpg\",\"contentUrl\":\"https:\\\/\\\/egyuttfejlodunk.hu\\\/wp-content\\\/uploads\\\/2026\\\/04\\\/ujlogo.jpg\",\"width\":350,\"height\":110,\"caption\":\"Egy\u00fctt fejl\u0151d\u00fcnk\"},\"image\":{\"@id\":\"https:\\\/\\\/egyuttfejlodunk.hu\\\/#\\\/schema\\\/logo\\\/image\\\/\"}}]}<\/script>\n<!-- \/ Yoast SEO Premium plugin. -->","yoast_head_json":{"title":"VEKOP - Egy\u00fctt fejl\u0151d\u00fcnk","robots":{"index":"noindex","follow":"follow","max-snippet":"max-snippet:-1","max-image-preview":"max-image-preview:large","max-video-preview":"max-video-preview:-1"},"og_locale":"hu_HU","og_type":"article","og_title":"VEKOP","og_url":"https:\/\/egyuttfejlodunk.hu\/?page_id=10295&lang=en","og_site_name":"Egy\u00fctt fejl\u0151d\u00fcnk","article_modified_time":"2026-05-11T08:50:19+00:00","twitter_card":"summary_large_image","twitter_misc":{"Becs\u00fclt olvas\u00e1si id\u0151":"10 perc"},"schema":{"@context":"https:\/\/schema.org","@graph":[{"@type":"WebPage","@id":"https:\/\/egyuttfejlodunk.hu\/?page_id=10295&lang=en","url":"https:\/\/egyuttfejlodunk.hu\/?page_id=10295&lang=en","name":"VEKOP - Egy\u00fctt fejl\u0151d\u00fcnk","isPartOf":{"@id":"https:\/\/egyuttfejlodunk.hu\/#website"},"datePublished":"2026-04-15T13:54:11+00:00","dateModified":"2026-05-11T08:50:19+00:00","breadcrumb":{"@id":"https:\/\/egyuttfejlodunk.hu\/?page_id=10295&lang=en#breadcrumb"},"inLanguage":"hu","potentialAction":[{"@type":"ReadAction","target":["https:\/\/egyuttfejlodunk.hu\/?page_id=10295&lang=en"]}]},{"@type":"BreadcrumbList","@id":"https:\/\/egyuttfejlodunk.hu\/?page_id=10295&lang=en#breadcrumb","itemListElement":[{"@type":"ListItem","position":1,"name":"Home","item":"https:\/\/egyuttfejlodunk.hu\/"},{"@type":"ListItem","position":2,"name":"VEKOP"}]},{"@type":"WebSite","@id":"https:\/\/egyuttfejlodunk.hu\/#website","url":"https:\/\/egyuttfejlodunk.hu\/","name":"Egy\u00fctt fejl\u0151d\u00fcnk","description":"","publisher":{"@id":"https:\/\/egyuttfejlodunk.hu\/#organization"},"potentialAction":[{"@type":"SearchAction","target":{"@type":"EntryPoint","urlTemplate":"https:\/\/egyuttfejlodunk.hu\/?s={search_term_string}"},"query-input":{"@type":"PropertyValueSpecification","valueRequired":true,"valueName":"search_term_string"}}],"inLanguage":"hu"},{"@type":"Organization","@id":"https:\/\/egyuttfejlodunk.hu\/#organization","name":"Egy\u00fctt fejl\u0151d\u00fcnk","url":"https:\/\/egyuttfejlodunk.hu\/","logo":{"@type":"ImageObject","inLanguage":"hu","@id":"https:\/\/egyuttfejlodunk.hu\/#\/schema\/logo\/image\/","url":"https:\/\/egyuttfejlodunk.hu\/wp-content\/uploads\/2026\/04\/ujlogo.jpg","contentUrl":"https:\/\/egyuttfejlodunk.hu\/wp-content\/uploads\/2026\/04\/ujlogo.jpg","width":350,"height":110,"caption":"Egy\u00fctt fejl\u0151d\u00fcnk"},"image":{"@id":"https:\/\/egyuttfejlodunk.hu\/#\/schema\/logo\/image\/"}}]}},"_links":{"self":[{"href":"https:\/\/egyuttfejlodunk.hu\/index.php?rest_route=\/wp\/v2\/pages\/10295","targetHints":{"allow":["GET"]}}],"collection":[{"href":"https:\/\/egyuttfejlodunk.hu\/index.php?rest_route=\/wp\/v2\/pages"}],"about":[{"href":"https:\/\/egyuttfejlodunk.hu\/index.php?rest_route=\/wp\/v2\/types\/page"}],"author":[{"embeddable":true,"href":"https:\/\/egyuttfejlodunk.hu\/index.php?rest_route=\/wp\/v2\/users\/30"}],"replies":[{"embeddable":true,"href":"https:\/\/egyuttfejlodunk.hu\/index.php?rest_route=%2Fwp%2Fv2%2Fcomments&post=10295"}],"version-history":[{"count":10,"href":"https:\/\/egyuttfejlodunk.hu\/index.php?rest_route=\/wp\/v2\/pages\/10295\/revisions"}],"predecessor-version":[{"id":10896,"href":"https:\/\/egyuttfejlodunk.hu\/index.php?rest_route=\/wp\/v2\/pages\/10295\/revisions\/10896"}],"wp:attachment":[{"href":"https:\/\/egyuttfejlodunk.hu\/index.php?rest_route=%2Fwp%2Fv2%2Fmedia&parent=10295"}],"curies":[{"name":"wp","href":"https:\/\/api.w.org\/{rel}","templated":true}]}}